{"id":6224,"date":"2024-06-24T21:39:10","date_gmt":"2024-06-25T01:39:10","guid":{"rendered":"https:\/\/muniovalle.cl\/sitio\/?page_id=6224"},"modified":"2024-06-24T22:19:16","modified_gmt":"2024-06-25T02:19:16","slug":"departamento-de-ornato","status":"publish","type":"page","link":"https:\/\/muniovalle.cl\/sitio\/dimao\/departamento-de-ornato\/","title":{"rendered":"Departamento de Ornato"},"content":{"rendered":"\t\t<div data-elementor-type=\"wp-page\" data-elementor-id=\"6224\" class=\"elementor elementor-6224\">\n\t\t\t\t<div class=\"elementor-element elementor-element-621b14c e-flex e-con-boxed wpr-particle-no wpr-jarallax-no wpr-parallax-no wpr-sticky-section-no e-con e-parent\" data-id=\"621b14c\" data-element_type=\"container\">\n\t\t\t\t\t<div class=\"e-con-inner\">\n\t\t<div class=\"elementor-element elementor-element-d77f0bf e-con-full e-flex wpr-particle-no wpr-jarallax-no wpr-parallax-no wpr-sticky-section-no e-con e-child\" data-id=\"d77f0bf\" data-element_type=\"container\">\n\t\t\t\t<div class=\"elementor-element elementor-element-df138c2 elementor-widget elementor-widget-text-editor\" data-id=\"df138c2\" data-element_type=\"widget\" data-widget_type=\"text-editor.default\">\n\t\t\t\t<div class=\"elementor-widget-container\">\n\t\t\t\t\t\t\t\t\t<div class=\"blog-sidebar\">\n<div class=\"contact-widget\">\n<div class=\"widget-title\">\n<h3>Funciones<\/h3>\n<\/div>\n<div class=\"widget-content\"><\/div>\n<\/div>\n<\/div>\t\t\t\t\t\t\t\t<\/div>\n\t\t\t\t<\/div>\n\t\t\t\t<\/div>\n\t\t\t\t\t<\/div>\n\t\t\t\t<\/div>\n\t\t<div class=\"elementor-element elementor-element-2ad0564 e-grid e-con-boxed wpr-particle-no wpr-jarallax-no wpr-parallax-no wpr-sticky-section-no e-con e-parent\" data-id=\"2ad0564\" data-element_type=\"container\">\n\t\t\t\t\t<div class=\"e-con-inner\">\n\t\t\t\t<div class=\"elementor-element elementor-element-c01814d elementor-widget elementor-widget-text-editor\" data-id=\"c01814d\" data-element_type=\"widget\" data-widget_type=\"text-editor.default\">\n\t\t\t\t<div class=\"elementor-widget-container\">\n\t\t\t\t\t\t\t\t\t<p><span style=\"font-size: 14pt;\">1. Convenir la construcci\u00f3n, conservaci\u00f3n y administraci\u00f3n de las \u00e1reas verdes y el arbolado urbano.<\/span><\/p><p><span style=\"font-size: 14pt;\">2. Mantener las \u00e1reas verdes (parques, plazas, plazuelas, bandejones y rotondas) y su equipamiento (mobiliario urbano, sistemas de riego, monumentos, etc.), velando por su limpieza y funcionalidad, aplicando una gesti\u00f3n sustentable y criterios de adaptabilidad al cambio clim\u00e1tico.<\/span><\/p><p style=\"text-align: justify;\"><span style=\"font-size: 14pt;\">\u00a0<\/span><\/p>\t\t\t\t\t\t\t\t<\/div>\n\t\t\t\t<\/div>\n\t\t\t\t\t<\/div>\n\t\t\t\t<\/div>\n\t\t<div class=\"elementor-element elementor-element-a1865b8 e-flex e-con-boxed wpr-particle-no wpr-jarallax-no wpr-parallax-no wpr-sticky-section-no e-con e-parent\" data-id=\"a1865b8\" data-element_type=\"container\">\n\t\t\t\t\t<div class=\"e-con-inner\">\n\t\t<div class=\"elementor-element elementor-element-1fa4a58 e-con-full e-flex wpr-particle-no wpr-jarallax-no wpr-parallax-no wpr-sticky-section-no e-con e-child\" data-id=\"1fa4a58\" data-element_type=\"container\">\n\t\t\t\t<div class=\"elementor-element elementor-element-bef814e elementor-widget elementor-widget-text-editor\" data-id=\"bef814e\" data-element_type=\"widget\" data-widget_type=\"text-editor.default\">\n\t\t\t\t<div class=\"elementor-widget-container\">\n\t\t\t\t\t\t\t\t\t<div class=\"blog-sidebar\">\n<div class=\"contact-widget\">\n<div class=\"widget-title\">\n<h3>Descripci\u00f3n de los Principales Servicios<\/h3>\n<\/div>\n<div class=\"widget-content\"><\/div>\n<\/div>\n<\/div>\t\t\t\t\t\t\t\t<\/div>\n\t\t\t\t<\/div>\n\t\t\t\t<\/div>\n\t\t\t\t\t<\/div>\n\t\t\t\t<\/div>\n\t\t<div class=\"elementor-element elementor-element-5f5a706 e-flex e-con-boxed wpr-particle-no wpr-jarallax-no wpr-parallax-no wpr-sticky-section-no e-con e-parent\" data-id=\"5f5a706\" data-element_type=\"container\" data-settings=\"{&quot;shape_divider_bottom&quot;:&quot;wave-brush&quot;}\">\n\t\t\t\t\t<div class=\"e-con-inner\">\n\t\t\t\t<div class=\"elementor-shape elementor-shape-bottom\" aria-hidden=\"true\" data-negative=\"false\">\n\t\t\t<svg xmlns=\"http:\/\/www.w3.org\/2000\/svg\" viewBox=\"0 0 283.5 27.8\" preserveAspectRatio=\"none\">\n\t<path class=\"elementor-shape-fill\" d=\"M283.5,9.7c0,0-7.3,4.3-14,4.6c-6.8,0.3-12.6,0-20.9-1.5c-11.3-2-33.1-10.1-44.7-5.7\ts-12.1,4.6-18,7.4c-6.6,3.2-20,9.6-36.6,9.3C131.6,23.5,99.5,7.2,86.3,8c-1.4,0.1-6.6,0.8-10.5,2c-3.8,1.2-9.4,3.8-17,4.7\tc-3.2,0.4-8.3,1.1-14.2,0.9c-1.5-0.1-6.3-0.4-12-1.6c-5.7-1.2-11-3.1-15.8-3.7C6.5,9.2,0,10.8,0,10.8V0h283.5V9.7z M260.8,11.3\tc-0.7-1-2-0.4-4.3-0.4c-2.3,0-6.1-1.2-5.8-1.1c0.3,0.1,3.1,1.5,6,1.9C259.7,12.2,261.4,12.3,260.8,11.3z M242.4,8.6\tc0,0-2.4-0.2-5.6-0.9c-3.2-0.8-10.3-2.8-15.1-3.5c-8.2-1.1-15.8,0-15.1,0.1c0.8,0.1,9.6-0.6,17.6,1.1c3.3,0.7,9.3,2.2,12.4,2.7\tC239.9,8.7,242.4,8.6,242.4,8.6z M185.2,8.5c1.7-0.7-13.3,4.7-18.5,6.1c-2.1,0.6-6.2,1.6-10,2c-3.9,0.4-8.9,0.4-8.8,0.5\tc0,0.2,5.8,0.8,11.2,0c5.4-0.8,5.2-1.1,7.6-1.6C170.5,14.7,183.5,9.2,185.2,8.5z M199.1,6.9c0.2,0-0.8-0.4-4.8,1.1\tc-4,1.5-6.7,3.5-6.9,3.7c-0.2,0.1,3.5-1.8,6.6-3C197,7.5,199,6.9,199.1,6.9z M283,6c-0.1,0.1-1.9,1.1-4.8,2.5s-6.9,2.8-6.7,2.7\tc0.2,0,3.5-0.6,7.4-2.5C282.8,6.8,283.1,5.9,283,6z M31.3,11.6c0.1-0.2-1.9-0.2-4.5-1.2s-5.4-1.6-7.8-2C15,7.6,7.3,8.5,7.7,8.6\tC8,8.7,15.9,8.3,20.2,9.3c2.2,0.5,2.4,0.5,5.7,1.6S31.2,11.9,31.3,11.6z M73,9.2c0.4-0.1,3.5-1.6,8.4-2.6c4.9-1.1,8.9-0.5,8.9-0.8\tc0-0.3-1-0.9-6.2-0.3S72.6,9.3,73,9.2z M71.6,6.7C71.8,6.8,75,5.4,77.3,5c2.3-0.3,1.9-0.5,1.9-0.6c0-0.1-1.1-0.2-2.7,0.2\tC74.8,5.1,71.4,6.6,71.6,6.7z M93.6,4.4c0.1,0.2,3.5,0.8,5.6,1.8c2.1,1,1.8,0.6,1.9,0.5c0.1-0.1-0.8-0.8-2.4-1.3\tC97.1,4.8,93.5,4.2,93.6,4.4z M65.4,11.1c-0.1,0.3,0.3,0.5,1.9-0.2s2.6-1.3,2.2-1.2s-0.9,0.4-2.5,0.8C65.3,10.9,65.5,10.8,65.4,11.1\tz M34.5,12.4c-0.2,0,2.1,0.8,3.3,0.9c1.2,0.1,2,0.1,2-0.2c0-0.3-0.1-0.5-1.6-0.4C36.6,12.8,34.7,12.4,34.5,12.4z M152.2,21.1\tc-0.1,0.1-2.4-0.3-7.5-0.3c-5,0-13.6-2.4-17.2-3.5c-3.6-1.1,10,3.9,16.5,4.1C150.5,21.6,152.3,21,152.2,21.1z\"\/>\n\t<path class=\"elementor-shape-fill\" d=\"M269.6,18c-0.1-0.1-4.6,0.3-7.2,0c-7.3-0.7-17-3.2-16.6-2.9c0.4,0.3,13.7,3.1,17,3.3\tC267.7,18.8,269.7,18,269.6,18z\"\/>\n\t<path class=\"elementor-shape-fill\" d=\"M227.4,9.8c-0.2-0.1-4.5-1-9.5-1.2c-5-0.2-12.7,0.6-12.3,0.5c0.3-0.1,5.9-1.8,13.3-1.2\tS227.6,9.9,227.4,9.8z\"\/>\n\t<path class=\"elementor-shape-fill\" d=\"M204.5,13.4c-0.1-0.1,2-1,3.2-1.1c1.2-0.1,2,0,2,0.3c0,0.3-0.1,0.5-1.6,0.4\tC206.4,12.9,204.6,13.5,204.5,13.4z\"\/>\n\t<path class=\"elementor-shape-fill\" d=\"M201,10.6c0-0.1-4.4,1.2-6.3,2.2c-1.9,0.9-6.2,3.1-6.1,3.1c0.1,0.1,4.2-1.6,6.3-2.6\tS201,10.7,201,10.6z\"\/>\n\t<path class=\"elementor-shape-fill\" d=\"M154.5,26.7c-0.1-0.1-4.6,0.3-7.2,0c-7.3-0.7-17-3.2-16.6-2.9c0.4,0.3,13.7,3.1,17,3.3\tC152.6,27.5,154.6,26.8,154.5,26.7z\"\/>\n\t<path class=\"elementor-shape-fill\" d=\"M41.9,19.3c0,0,1.2-0.3,2.9-0.1c1.7,0.2,5.8,0.9,8.2,0.7c4.2-0.4,7.4-2.7,7-2.6\tc-0.4,0-4.3,2.2-8.6,1.9c-1.8-0.1-5.1-0.5-6.7-0.4S41.9,19.3,41.9,19.3z\"\/>\n\t<path class=\"elementor-shape-fill\" d=\"M75.5,12.6c0.2,0.1,2-0.8,4.3-1.1c2.3-0.2,2.1-0.3,2.1-0.5c0-0.1-1.8-0.4-3.4,0\tC76.9,11.5,75.3,12.5,75.5,12.6z\"\/>\n\t<path class=\"elementor-shape-fill\" d=\"M15.6,13.2c0-0.1,4.3,0,6.7,0.5c2.4,0.5,5,1.9,5,2c0,0.1-2.7-0.8-5.1-1.4\tC19.9,13.7,15.7,13.3,15.6,13.2z\"\/>\n<\/svg>\t\t<\/div>\n\t\t<div class=\"elementor-element elementor-element-f989dde e-con-full e-flex wpr-particle-no wpr-jarallax-no wpr-parallax-no wpr-sticky-section-no e-con e-child\" data-id=\"f989dde\" data-element_type=\"container\">\n\t\t\t\t<div class=\"elementor-element elementor-element-d577fa9 elementor-widget elementor-widget-text-editor\" data-id=\"d577fa9\" data-element_type=\"widget\" data-widget_type=\"text-editor.default\">\n\t\t\t\t<div class=\"elementor-widget-container\">\n\t\t\t\t\t\t\t\t\t<h4 class=\"elementor-icon-box-title\"><strong>Mantenci\u00f3n de \u00c1reas Verdes<\/strong><\/h4><p style=\"text-align: justify;\"><span style=\"font-size: 14pt;\">actualmente la municipalidad tiene 743.438 m2 de superficie de mantenci\u00f3n de \u00e1reas verdes urbanas y rurales, que corresponden a un total de 288 \u00e1reas verdes, entre parques, plazas, plazuelas, bandejones y rotondas. El 67% de la superficie con mantenci\u00f3n lo realiza la Empresa N\u00facleo Paisajismo y el restante 33% se realiza con personal municipal. <\/span><\/p>\t\t\t\t\t\t\t\t<\/div>\n\t\t\t\t<\/div>\n\t\t\t\t<\/div>\n\t\t<div class=\"elementor-element elementor-element-a02f111 e-con-full e-flex wpr-particle-no wpr-jarallax-no wpr-parallax-no wpr-sticky-section-no e-con e-child\" data-id=\"a02f111\" data-element_type=\"container\">\n\t\t\t\t<div class=\"elementor-element elementor-element-55d88d5 elementor-widget elementor-widget-image\" data-id=\"55d88d5\" data-element_type=\"widget\" data-widget_type=\"image.default\">\n\t\t\t\t<div class=\"elementor-widget-container\">\n\t\t\t\t\t\t\t\t\t\t\t\t\t\t\t<img fetchpriority=\"high\" decoding=\"async\" width=\"603\" height=\"452\" src=\"https:\/\/muniovalle.cl\/sitio\/wp-content\/uploads\/2024\/06\/Imagen1.jpg\" class=\"attachment-full size-full wp-image-6248\" alt=\"\" srcset=\"https:\/\/muniovalle.cl\/sitio\/wp-content\/uploads\/2024\/06\/Imagen1.jpg 603w, https:\/\/muniovalle.cl\/sitio\/wp-content\/uploads\/2024\/06\/Imagen1-300x225.jpg 300w\" sizes=\"(max-width: 603px) 100vw, 603px\" \/>\t\t\t\t\t\t\t\t\t\t\t\t\t\t\t<\/div>\n\t\t\t\t<\/div>\n\t\t\t\t<\/div>\n\t\t\t\t\t<\/div>\n\t\t\t\t<\/div>\n\t\t<div class=\"elementor-element elementor-element-05fa2dc e-flex e-con-boxed wpr-particle-no wpr-jarallax-no wpr-parallax-no wpr-sticky-section-no e-con e-parent\" data-id=\"05fa2dc\" data-element_type=\"container\" data-settings=\"{&quot;shape_divider_bottom&quot;:&quot;wave-brush&quot;}\">\n\t\t\t\t\t<div class=\"e-con-inner\">\n\t\t\t\t<div class=\"elementor-shape elementor-shape-bottom\" aria-hidden=\"true\" data-negative=\"false\">\n\t\t\t<svg xmlns=\"http:\/\/www.w3.org\/2000\/svg\" viewBox=\"0 0 283.5 27.8\" preserveAspectRatio=\"none\">\n\t<path class=\"elementor-shape-fill\" d=\"M283.5,9.7c0,0-7.3,4.3-14,4.6c-6.8,0.3-12.6,0-20.9-1.5c-11.3-2-33.1-10.1-44.7-5.7\ts-12.1,4.6-18,7.4c-6.6,3.2-20,9.6-36.6,9.3C131.6,23.5,99.5,7.2,86.3,8c-1.4,0.1-6.6,0.8-10.5,2c-3.8,1.2-9.4,3.8-17,4.7\tc-3.2,0.4-8.3,1.1-14.2,0.9c-1.5-0.1-6.3-0.4-12-1.6c-5.7-1.2-11-3.1-15.8-3.7C6.5,9.2,0,10.8,0,10.8V0h283.5V9.7z M260.8,11.3\tc-0.7-1-2-0.4-4.3-0.4c-2.3,0-6.1-1.2-5.8-1.1c0.3,0.1,3.1,1.5,6,1.9C259.7,12.2,261.4,12.3,260.8,11.3z M242.4,8.6\tc0,0-2.4-0.2-5.6-0.9c-3.2-0.8-10.3-2.8-15.1-3.5c-8.2-1.1-15.8,0-15.1,0.1c0.8,0.1,9.6-0.6,17.6,1.1c3.3,0.7,9.3,2.2,12.4,2.7\tC239.9,8.7,242.4,8.6,242.4,8.6z M185.2,8.5c1.7-0.7-13.3,4.7-18.5,6.1c-2.1,0.6-6.2,1.6-10,2c-3.9,0.4-8.9,0.4-8.8,0.5\tc0,0.2,5.8,0.8,11.2,0c5.4-0.8,5.2-1.1,7.6-1.6C170.5,14.7,183.5,9.2,185.2,8.5z M199.1,6.9c0.2,0-0.8-0.4-4.8,1.1\tc-4,1.5-6.7,3.5-6.9,3.7c-0.2,0.1,3.5-1.8,6.6-3C197,7.5,199,6.9,199.1,6.9z M283,6c-0.1,0.1-1.9,1.1-4.8,2.5s-6.9,2.8-6.7,2.7\tc0.2,0,3.5-0.6,7.4-2.5C282.8,6.8,283.1,5.9,283,6z M31.3,11.6c0.1-0.2-1.9-0.2-4.5-1.2s-5.4-1.6-7.8-2C15,7.6,7.3,8.5,7.7,8.6\tC8,8.7,15.9,8.3,20.2,9.3c2.2,0.5,2.4,0.5,5.7,1.6S31.2,11.9,31.3,11.6z M73,9.2c0.4-0.1,3.5-1.6,8.4-2.6c4.9-1.1,8.9-0.5,8.9-0.8\tc0-0.3-1-0.9-6.2-0.3S72.6,9.3,73,9.2z M71.6,6.7C71.8,6.8,75,5.4,77.3,5c2.3-0.3,1.9-0.5,1.9-0.6c0-0.1-1.1-0.2-2.7,0.2\tC74.8,5.1,71.4,6.6,71.6,6.7z M93.6,4.4c0.1,0.2,3.5,0.8,5.6,1.8c2.1,1,1.8,0.6,1.9,0.5c0.1-0.1-0.8-0.8-2.4-1.3\tC97.1,4.8,93.5,4.2,93.6,4.4z M65.4,11.1c-0.1,0.3,0.3,0.5,1.9-0.2s2.6-1.3,2.2-1.2s-0.9,0.4-2.5,0.8C65.3,10.9,65.5,10.8,65.4,11.1\tz M34.5,12.4c-0.2,0,2.1,0.8,3.3,0.9c1.2,0.1,2,0.1,2-0.2c0-0.3-0.1-0.5-1.6-0.4C36.6,12.8,34.7,12.4,34.5,12.4z M152.2,21.1\tc-0.1,0.1-2.4-0.3-7.5-0.3c-5,0-13.6-2.4-17.2-3.5c-3.6-1.1,10,3.9,16.5,4.1C150.5,21.6,152.3,21,152.2,21.1z\"\/>\n\t<path class=\"elementor-shape-fill\" d=\"M269.6,18c-0.1-0.1-4.6,0.3-7.2,0c-7.3-0.7-17-3.2-16.6-2.9c0.4,0.3,13.7,3.1,17,3.3\tC267.7,18.8,269.7,18,269.6,18z\"\/>\n\t<path class=\"elementor-shape-fill\" d=\"M227.4,9.8c-0.2-0.1-4.5-1-9.5-1.2c-5-0.2-12.7,0.6-12.3,0.5c0.3-0.1,5.9-1.8,13.3-1.2\tS227.6,9.9,227.4,9.8z\"\/>\n\t<path class=\"elementor-shape-fill\" d=\"M204.5,13.4c-0.1-0.1,2-1,3.2-1.1c1.2-0.1,2,0,2,0.3c0,0.3-0.1,0.5-1.6,0.4\tC206.4,12.9,204.6,13.5,204.5,13.4z\"\/>\n\t<path class=\"elementor-shape-fill\" d=\"M201,10.6c0-0.1-4.4,1.2-6.3,2.2c-1.9,0.9-6.2,3.1-6.1,3.1c0.1,0.1,4.2-1.6,6.3-2.6\tS201,10.7,201,10.6z\"\/>\n\t<path class=\"elementor-shape-fill\" d=\"M154.5,26.7c-0.1-0.1-4.6,0.3-7.2,0c-7.3-0.7-17-3.2-16.6-2.9c0.4,0.3,13.7,3.1,17,3.3\tC152.6,27.5,154.6,26.8,154.5,26.7z\"\/>\n\t<path class=\"elementor-shape-fill\" d=\"M41.9,19.3c0,0,1.2-0.3,2.9-0.1c1.7,0.2,5.8,0.9,8.2,0.7c4.2-0.4,7.4-2.7,7-2.6\tc-0.4,0-4.3,2.2-8.6,1.9c-1.8-0.1-5.1-0.5-6.7-0.4S41.9,19.3,41.9,19.3z\"\/>\n\t<path class=\"elementor-shape-fill\" d=\"M75.5,12.6c0.2,0.1,2-0.8,4.3-1.1c2.3-0.2,2.1-0.3,2.1-0.5c0-0.1-1.8-0.4-3.4,0\tC76.9,11.5,75.3,12.5,75.5,12.6z\"\/>\n\t<path class=\"elementor-shape-fill\" d=\"M15.6,13.2c0-0.1,4.3,0,6.7,0.5c2.4,0.5,5,1.9,5,2c0,0.1-2.7-0.8-5.1-1.4\tC19.9,13.7,15.7,13.3,15.6,13.2z\"\/>\n<\/svg>\t\t<\/div>\n\t\t<div class=\"elementor-element elementor-element-ef8f79a e-con-full e-flex wpr-particle-no wpr-jarallax-no wpr-parallax-no wpr-sticky-section-no e-con e-child\" data-id=\"ef8f79a\" data-element_type=\"container\">\n\t\t\t\t<div class=\"elementor-element elementor-element-35c5f0b elementor-widget elementor-widget-text-editor\" data-id=\"35c5f0b\" data-element_type=\"widget\" data-widget_type=\"text-editor.default\">\n\t\t\t\t<div class=\"elementor-widget-container\">\n\t\t\t\t\t\t\t\t\t<h4 class=\"elementor-icon-box-title\"><strong>Mantenci\u00f3n de Arbolado Urbano<\/strong><\/h4><p style=\"text-align: justify;\"><span style=\"font-size: 14pt;\">la mantenci\u00f3n del arbolado urbano de la comuna es realizado por equipos de personal municipal (a excepci\u00f3n del arbolado de las \u00e1reas verdes, que es realizado por la empresa N\u00facleo Paisajismo), la mantenci\u00f3n involucra los siguientes servicios; riego de arbolado juvenil, tratamientos fitosanitarios, arborizaci\u00f3n, labores de poda y tala. <\/span><\/p>\t\t\t\t\t\t\t\t<\/div>\n\t\t\t\t<\/div>\n\t\t\t\t<\/div>\n\t\t<div class=\"elementor-element elementor-element-a958d9d e-con-full e-flex wpr-particle-no wpr-jarallax-no wpr-parallax-no wpr-sticky-section-no e-con e-child\" data-id=\"a958d9d\" data-element_type=\"container\">\n\t\t\t\t<div class=\"elementor-element elementor-element-485ee84 elementor-widget elementor-widget-image\" data-id=\"485ee84\" data-element_type=\"widget\" data-widget_type=\"image.default\">\n\t\t\t\t<div class=\"elementor-widget-container\">\n\t\t\t\t\t\t\t\t\t\t\t\t\t\t\t<img decoding=\"async\" width=\"1022\" height=\"766\" src=\"https:\/\/muniovalle.cl\/sitio\/wp-content\/uploads\/2024\/06\/Imagen3.jpg\" class=\"attachment-full size-full wp-image-6250\" alt=\"\" srcset=\"https:\/\/muniovalle.cl\/sitio\/wp-content\/uploads\/2024\/06\/Imagen3.jpg 1022w, https:\/\/muniovalle.cl\/sitio\/wp-content\/uploads\/2024\/06\/Imagen3-300x225.jpg 300w, https:\/\/muniovalle.cl\/sitio\/wp-content\/uploads\/2024\/06\/Imagen3-768x576.jpg 768w\" sizes=\"(max-width: 1022px) 100vw, 1022px\" \/>\t\t\t\t\t\t\t\t\t\t\t\t\t\t\t<\/div>\n\t\t\t\t<\/div>\n\t\t\t\t<\/div>\n\t\t\t\t\t<\/div>\n\t\t\t\t<\/div>\n\t\t<div class=\"elementor-element elementor-element-a1f4fde e-grid e-con-full wpr-particle-no wpr-jarallax-no wpr-parallax-no wpr-sticky-section-no e-con e-parent\" data-id=\"a1f4fde\" data-element_type=\"container\">\n\t\t\t\t<div class=\"elementor-element elementor-element-e5afb61 elementor-widget elementor-widget-whitehall_faqs\" data-id=\"e5afb61\" data-element_type=\"widget\" data-widget_type=\"whitehall_faqs.default\">\n\t\t\t\t<div class=\"elementor-widget-container\">\n\t\t\t\t\t\n\t\t<!-- faq-section -->\n        <section class=\"faq-section sec-pad\">\n            <div class=\"auto-container\">\n                <div class=\"row clearfix\">\n                    <div class=\"col-lg-4 col-md-12 col-sm-12 content-column\">\n                        <div class=\"content_block_8\">\n                            <div class=\"content-box\">\n                                <div class=\"sec-title\">\n\t\t\t\t\t\t\t\t\t\n\t\t\t\t\t\t\t\t\t\t\t\t\t\t\t\t\t\t<h2>Preguntas Frecuentes<\/h2>\n\t\t\t\t\t\t\t\t\t<div class=\"title-shape\"><\/div>\n\t\t\t\t\t\t\t\t\t                                <\/div>\n                                <div class=\"text\">\n                                    <p><\/p>\n\t\t\t\t\t\t\t\t\t\n\t\t\t\t\t\t\t\t\t                                <\/div>\n                            <\/div>\n                        <\/div>\n                    <\/div>\n                    <div class=\"col-lg-8 col-md-12 col-sm-12 faq-column\">\n                        <ul class=\"accordion-box\">\n                                                        <li class=\"accordion block\">\n                                <div class=\"acc-btn\">\n                                    <div class=\"icon-outer\"><\/div>\n                                    <h5><span>01. <\/span>\u00bfPuedo podar el \u00e1rbol del frontis de mi vivienda?<\/h5>\n                                <\/div>\n                                <div class=\"acc-content\">\n                                    <div class=\"text\">\n                                        <p>No, este servicio lo realiza personal Municipal, aunque de acuerdo a la ordenanza de Aseo y Ornato de la Comuna, la municipalidad podr\u00eda autorizar a particulares a realizar podas de \u00e1rboles de calles, pero bajo la supervisi\u00f3n y lineamientos de funcionarios municipales. Quienes realicen o hayan realizado podas a los \u00e1rboles urbanos de calles sin autorizaci\u00f3n, pueden ser denunciados al Juzgado de Polic\u00eda Local, arriesgando multas.<\/p>\n                                    <\/div>\n                                <\/div>\n                            <\/li>\n\t\t\t\t\t\t\t                            <li class=\"accordion block\">\n                                <div class=\"acc-btn\">\n                                    <div class=\"icon-outer\"><\/div>\n                                    <h5><span>02. <\/span>\u00bfCu\u00e1l es la mejor \u00e9poca para realizar podas a los arboles?<\/h5>\n                                <\/div>\n                                <div class=\"acc-content\">\n                                    <div class=\"text\">\n                                        <p>En los meses de reposo vegetativo (generalmente en los meses de oto\u00f1o e invierno), desde el mes de Mayo hasta el mes de Agosto. No obstante, el servicio de poda se realiza durante todo el a\u00f1o, aunque t\u00e9cnicamente no es recomendable, pero por tratarse de \u00e1rboles ubicados en zonas urbanas se realizan podas de; levantamiento de follaje, sanitarias, despeje de luminarias, se\u00f1ales de tr\u00e1nsito y desganches en general.<\/p>\n                                    <\/div>\n                                <\/div>\n                            <\/li>\n\t\t\t\t\t\t\t                            <li class=\"accordion block\">\n                                <div class=\"acc-btn\">\n                                    <div class=\"icon-outer\"><\/div>\n                                    <h5><span>03. <\/span>\u00bfPor qu\u00e9 la Municipalidad no poda todos los \u00e1rboles de la comuna en el periodo correspondiente?<\/h5>\n                                <\/div>\n                                <div class=\"acc-content\">\n                                    <div class=\"text\">\n                                        <p>Los \u00e1rboles en su estado natural no necesitan podas, pero al encontrarse ubicados fuera de su h\u00e1bitat natural, es decir en calles, plazas y avenidas, el municipio eval\u00faa las podas caso a caso en funci\u00f3n a; la especie, su estado de desarrollo, calidad estructural, arquitectura de copa, etc., esto con el fin de compatibilizar su crecimiento con el dise\u00f1o urbano para evitar conflictos con la infraestructura comunal y privada.<\/p>\n                                    <\/div>\n                                <\/div>\n                            <\/li>\n\t\t\t\t\t\t\t                            <li class=\"accordion block\">\n                                <div class=\"acc-btn\">\n                                    <div class=\"icon-outer\"><\/div>\n                                    <h5><span>04. <\/span>A quien debo acudir cuando tengo un \u00e1rbol en el frontis de mi domicilio que est\u00e1 en contacto con cables energizados.<\/h5>\n                                <\/div>\n                                <div class=\"acc-content\">\n                                    <div class=\"text\">\n                                        <p>Los responsables de mantener sus l\u00edneas el\u00e9ctricas despejadas son las compa\u00f1\u00edas el\u00e9ctricas, quienes tienen la responsabilidad legal y las competencias t\u00e9cnicas para realizar labores de poda en estos casos, por lo que debe dirigirse directamente a la compa\u00f1\u00eda el\u00e9ctrica, que en nuestro caso es CGE, quienes deben tomar las medida pertinentes para subsanar situaci\u00f3n si es que correspondiera.<\/p>\n                                    <\/div>\n                                <\/div>\n                            <\/li>\n\t\t\t\t\t\t\t                            <li class=\"accordion block\">\n                                <div class=\"acc-btn\">\n                                    <div class=\"icon-outer\"><\/div>\n                                    <h5><span>05. <\/span>\u00bfPuedo plantar un \u00e1rbol en la calle, en el frontis de mi vivienda?<\/h5>\n                                <\/div>\n                                <div class=\"acc-content\">\n                                    <div class=\"text\">\n                                        <p>Primero, para plantar un \u00e1rbol en la v\u00eda p\u00fablica, debes solicitar autorizaci\u00f3n a la Municipalidad, para que personal t\u00e9cnico indique y sugiera la especie adecuada para el espacio disponible, considerando varios factores, como la presencia de cableado energizado, espacio o ancho de platabanda ( espacio libre de pavimento en la acera), presencia de redes de agua, etc. Una vez que se haya plantado un \u00e1rbol en la v\u00eda publica, estos tendr\u00e1n car\u00e1cter de propiedad y administraci\u00f3n municipal, por lo que es el municipio el encargado de realizar las mantenciones si es que correspondieran, incluido las podas.<\/p>\n                                    <\/div>\n                                <\/div>\n                            <\/li>\n\t\t\t\t\t\t\t                            <li class=\"accordion block\">\n                                <div class=\"acc-btn\">\n                                    <div class=\"icon-outer\"><\/div>\n                                    <h5><span>06. <\/span>Si yo tengo un \u00e1rbol en el frontis o entorno de mi vivienda, \u00bfes mi responsabilidad regarlo?<\/h5>\n                                <\/div>\n                                <div class=\"acc-content\">\n                                    <div class=\"text\">\n                                        <p>No es su responsabilidad, pero le pedimos que tenga la conciencia y disponibilidad para que lo pueda regar al menos 2 veces a la semana, para un crecimiento optimo y le sugerimos el uso de sus aguas grises (de lavadoras por ejemplo), para el riego y podamos tener una ciudad cada d\u00eda m\u00e1s verde y amigable con el medio ambiente y poder disfrutar as\u00ed de los beneficios del arbolado urbano para nuestra ciudad y calidad de vida.<\/p>\n                                    <\/div>\n                                <\/div>\n                            <\/li>\n\t\t\t\t\t\t\t                        <\/ul>\n                    <\/div>\n                <\/div>\n            <\/div>\n        <\/section>\n        <!-- faq-section end -->\n\n        \t\t\t\t<\/div>\n\t\t\t\t<\/div>\n\t\t\t\t<\/div>\n\t\t\t\t<\/div>\n\t\t","protected":false},"excerpt":{"rendered":"<p>Funciones 1. Convenir la construcci\u00f3n, conservaci\u00f3n y administraci\u00f3n de las \u00e1reas verdes y el arbolado urbano. 2. Mantener las \u00e1reas verdes (parques, plazas, plazuelas, bandejones y rotondas) y su equipamiento (mobiliario urbano, sistemas de riego, monumentos, etc.), velando por su limpieza y funcionalidad, aplicando una gesti\u00f3n sustentable y criterios de adaptabilidad al cambio clim\u00e1tico. \u00a0 Descripci\u00f3n de los Principales Servicios Mantenci\u00f3n de \u00c1reas Verdes actualmente la municipalidad tiene 743.438 m2 de superficie de mantenci\u00f3n de \u00e1reas verdes urbanas y rurales, que corresponden a un total de 288 \u00e1reas verdes, entre parques, plazas, plazuelas, bandejones y rotondas. El 67% de la superficie con mantenci\u00f3n lo realiza la Empresa N\u00facleo Paisajismo y el restante 33% se realiza con personal municipal. Mantenci\u00f3n de Arbolado Urbano la mantenci\u00f3n del arbolado urbano de la comuna es realizado por equipos de personal municipal (a excepci\u00f3n del arbolado de las \u00e1reas verdes, que es realizado por la empresa N\u00facleo Paisajismo), la mantenci\u00f3n involucra los siguientes servicios; riego de arbolado juvenil, tratamientos fitosanitarios, arborizaci\u00f3n, labores de poda y tala. Preguntas Frecuentes 01. \u00bfPuedo podar el \u00e1rbol del frontis de mi vivienda? No, este servicio lo realiza personal Municipal, aunque de acuerdo a la ordenanza de Aseo y Ornato de la Comuna, la municipalidad podr\u00eda autorizar a particulares a realizar podas de \u00e1rboles de calles, pero bajo la supervisi\u00f3n y lineamientos de funcionarios municipales. Quienes realicen o hayan realizado podas a los \u00e1rboles urbanos de calles sin autorizaci\u00f3n, pueden ser denunciados al Juzgado de Polic\u00eda Local, arriesgando multas. 02. \u00bfCu\u00e1l es la mejor \u00e9poca para realizar podas a los arboles? En los meses de reposo vegetativo (generalmente en los meses de oto\u00f1o e invierno), desde el mes de Mayo hasta el mes de Agosto. No obstante, el servicio de poda se realiza durante todo el a\u00f1o, aunque t\u00e9cnicamente no es recomendable, pero por tratarse de \u00e1rboles ubicados en zonas urbanas se realizan podas de; levantamiento de follaje, sanitarias, despeje de luminarias, se\u00f1ales de tr\u00e1nsito y desganches en general. 03. \u00bfPor qu\u00e9 la Municipalidad no poda todos los \u00e1rboles de la comuna en el periodo correspondiente? Los \u00e1rboles en su estado natural no necesitan podas, pero al encontrarse ubicados fuera de su h\u00e1bitat natural, es decir en calles, plazas y avenidas, el municipio eval\u00faa las podas caso a caso en funci\u00f3n a; la especie, su estado de desarrollo, calidad estructural, arquitectura de copa, etc., esto con el fin de compatibilizar su crecimiento con el dise\u00f1o urbano para evitar conflictos con la infraestructura comunal y privada. 04. A quien debo acudir cuando tengo un \u00e1rbol en el frontis de mi domicilio que est\u00e1 en contacto con cables energizados. Los responsables de mantener sus l\u00edneas el\u00e9ctricas despejadas son las compa\u00f1\u00edas el\u00e9ctricas, quienes tienen la responsabilidad legal y las competencias t\u00e9cnicas para realizar labores de poda en estos casos, por lo que debe dirigirse directamente a la compa\u00f1\u00eda el\u00e9ctrica, que en nuestro caso es CGE, quienes deben tomar las medida pertinentes para subsanar situaci\u00f3n si es que correspondiera. 05. \u00bfPuedo plantar un \u00e1rbol en la calle, en el frontis de mi vivienda? Primero, para plantar un \u00e1rbol en la v\u00eda p\u00fablica, debes solicitar autorizaci\u00f3n a la Municipalidad, para que personal t\u00e9cnico indique y sugiera la especie adecuada para el espacio disponible, considerando varios factores, como la presencia de cableado energizado, espacio o ancho de platabanda ( espacio libre de pavimento en la acera), presencia de redes de agua, etc. Una vez que se haya plantado un \u00e1rbol en la v\u00eda publica, estos tendr\u00e1n car\u00e1cter de propiedad y administraci\u00f3n municipal, por lo que es el municipio el encargado de realizar las mantenciones si es que correspondieran, incluido las podas. 06. Si yo tengo un \u00e1rbol en el frontis o entorno de mi vivienda, \u00bfes mi responsabilidad regarlo? No es su responsabilidad, pero le pedimos que tenga la conciencia y disponibilidad para que lo pueda regar al menos 2 veces a la semana, para un crecimiento optimo y le sugerimos el uso de sus aguas grises (de lavadoras por ejemplo), para el riego y podamos tener una ciudad cada d\u00eda m\u00e1s verde y amigable con el medio ambiente y poder disfrutar as\u00ed de los beneficios del arbolado urbano para nuestra ciudad y calidad de vida.<\/p>\n","protected":false},"author":1,"featured_media":0,"parent":5849,"menu_order":0,"comment_status":"closed","ping_status":"closed","template":"","meta":{"_vp_format_video_url":"","_vp_image_focal_point":[],"footnotes":""},"class_list":["post-6224","page","type-page","status-publish","hentry"],"_links":{"self":[{"href":"https:\/\/muniovalle.cl\/sitio\/wp-json\/wp\/v2\/pages\/6224","targetHints":{"allow":["GET"]}}],"collection":[{"href":"https:\/\/muniovalle.cl\/sitio\/wp-json\/wp\/v2\/pages"}],"about":[{"href":"https:\/\/muniovalle.cl\/sitio\/wp-json\/wp\/v2\/types\/page"}],"author":[{"embeddable":true,"href":"https:\/\/muniovalle.cl\/sitio\/wp-json\/wp\/v2\/users\/1"}],"replies":[{"embeddable":true,"href":"https:\/\/muniovalle.cl\/sitio\/wp-json\/wp\/v2\/comments?post=6224"}],"version-history":[{"count":30,"href":"https:\/\/muniovalle.cl\/sitio\/wp-json\/wp\/v2\/pages\/6224\/revisions"}],"predecessor-version":[{"id":6267,"href":"https:\/\/muniovalle.cl\/sitio\/wp-json\/wp\/v2\/pages\/6224\/revisions\/6267"}],"up":[{"embeddable":true,"href":"https:\/\/muniovalle.cl\/sitio\/wp-json\/wp\/v2\/pages\/5849"}],"wp:attachment":[{"href":"https:\/\/muniovalle.cl\/sitio\/wp-json\/wp\/v2\/media?parent=6224"}],"curies":[{"name":"wp","href":"https:\/\/api.w.org\/{rel}","templated":true}]}}