{"id":4319,"date":"2024-06-06T08:36:52","date_gmt":"2024-06-06T12:36:52","guid":{"rendered":"https:\/\/muniovalle.cl\/sitio\/?page_id=4319"},"modified":"2025-04-08T16:47:03","modified_gmt":"2025-04-08T20:47:03","slug":"juzgado-de-policia","status":"publish","type":"page","link":"https:\/\/muniovalle.cl\/sitio\/servicios\/juzgado-de-policia\/","title":{"rendered":"Juzgado de Polic\u00eda"},"content":{"rendered":"\t\t<div data-elementor-type=\"wp-page\" data-elementor-id=\"4319\" class=\"elementor elementor-4319\">\n\t\t\t\t<div class=\"elementor-element elementor-element-b4c00b0 e-grid e-con-boxed wpr-particle-no wpr-jarallax-no wpr-parallax-no wpr-sticky-section-no e-con e-parent\" data-id=\"b4c00b0\" data-element_type=\"container\">\n\t\t\t\t\t<div class=\"e-con-inner\">\n\t\t\t\t<div class=\"elementor-element elementor-element-4afd7a7 elementor-widget elementor-widget-html\" data-id=\"4afd7a7\" data-element_type=\"widget\" data-widget_type=\"html.default\">\n\t\t\t\t<div class=\"elementor-widget-container\">\n\t\t\t\t\t<style>\n    .parrafo{\n        color: #54595f;\n    }\n    \n    .titulo-contacto{\n\n    font-weight: 600;\n}\n\n.card-header{\n    \nbackground: #006bb0;    \n    \n}\n.card{\n    border-radius: 15px;\n}\n\n.titulo-contacto{\n    \n    color:#006bb0;\n}\n\n.titulo-h3{\n    \n    color:#006bb0;\n}\n    \n<\/style>\n\n\n\n<div class=\"blog-sidebar\">\n     <h5 class=\"card-header\"><\/h5>\n\t\t<div id=\"whitehall_contact_info-4\" class=\"widget sidebar-widget single-sidebar widget_whitehall_contact_info\">\n        \n\t\t\t<div class=\"contact-widget\">\n\t\t\t    \n\t\t\t\t<div class=\"widget-title\"><h3 class=\"titulo-h3\"><\/i>&nbsp;Juez Titular Sr. Mirko Stambuk Monsalve<\/h3><\/div>\t\t\t<div class=\"widget-content\">\n\t\t\t\t    \n\t\t\t\t\t<ul class=\"info clearfix\">\n\t\t\t\t\t\t\t\t\t\t\t<li>\n\t\t\t\t\t\t\t<h5>Secretaria Abogada<\/h5>\n\t\t\t\t\t\t\t<p>Tanya Pe\u00f1a Arancibia \n\t\t\t\t\t\t<\/li>\n\t\t\t\t\t\t<li>\n\t\t\t\t\t\t\t<h5>Ministro Visitador<\/h5>\n\t\t\t\t\t\t\t<p>Sr. Felipe Pulgar Bravo\n\t\t\t\t\t\t<\/li>\n\t\t\t\t\t\t\t\t\t\t\t<li>\n\t\t\t\t\t\t\t<h6>Tel\u00e9fono<\/h6>\n\t\t\t\t\t\t\t<p><a href=\"tel:532661281\">N\u00famero Telef\u00f3nico:(53) 2 661281<br><\/a><\/p>\n\t\t\t\t\t\t\t\n\t\t\t\t\t\t<\/li>\n\t\t\t\t\t\t\t\t\t\t\t\n\t\t\t\t\t\t\t\t\t\t\t<li>\n\t\t\t\t\t\t\t<h5>Correo Electr\u00f3nico<\/h5>\n\t\t\t\t\t\t\t<p><a href=\"mailto:Jpl@imovalle.cl\">Jpl@imovalle.cl<\/a><\/p>\n\t\t\t\t\t\t\t\n\t\t\t\t\t\t<\/li><li>\n\t\t\t\t\t\t\t<h5>Horario de Atenci\u00f3n a P\u00fablico<\/h5>\n\t\t\t\t\t\t\t<p>lunes a viernes desde las 8:30 hasta las 14:00 horas.\n\t\t\t\t\t\t<\/li>\n\t\t\t\t\t\t\t\n\t\t\t\t\t\t\n\t\t\t\t\t\t\t\n\t\t\t\t\t\t\t\t\t\t<\/ul>\n\t\t\t\t<\/div>\n\t\t\t<\/div>\n\t\t<\/div>\n\n\n\n<\/div>\t\t\t\t<\/div>\n\t\t\t\t<\/div>\n\t\t\t\t<div class=\"elementor-element elementor-element-55f16b1 elementor-widget elementor-widget-html\" data-id=\"55f16b1\" data-element_type=\"widget\" data-widget_type=\"html.default\">\n\t\t\t\t<div class=\"elementor-widget-container\">\n\t\t\t\t\t<style>\n.card-header{\n    background: #006bb0;\n\n}\n\n\n.titulo-h5{\n    \n    color:#006bb0;\n}\n<\/style>\n\n<div class=\"blog-sidebar\">\n    <h5 class=\"card-header\"><\/h5>\n\t\t<div id=\"whitehall_contact_info-4\" class=\"widget sidebar-widget single-sidebar widget_whitehall_contact_info\">\n        \n\t\t\t<div class=\"contact-widget\">\n\t\t\t\t\t\t<div class=\"widget-content\">\n\t\t\t\t\t<ul class=\"info clearfix\">\n\t\t\t\n\t\t\t\t\t\t\t<li>\n\t\t\t\t\t\t\t<h5 class=\"titulo-h5\">Direcci\u00f3n<\/h5>\n\t\t\t\t\t\t\t<p>Calle Gabriela Mistral N\u00b0 50, Ovalle. \n\t\t\t\t\t\t<\/li>\n\t\t\t\t\t\t\t\t\t\t\n\t\t\t\t\t\t\t\n\t\t\t\t\t\t\t\t\t\t<\/ul>\n\t\t\t\t<\/div>\n\t\t\t<\/div>\n\t\t<\/div>\n\n<\/div>\n<iframe src=\"https:\/\/www.google.com\/maps\/embed?pb=!1m18!1m12!1m3!1d3434.2186022261626!2d-71.19997452355791!3d-30.599596757244278!2m3!1f0!2f0!3f0!3m2!1i1024!2i768!4f13.1!3m3!1m2!1s0x968e4aaa17cc96f1%3A0x2186e4890b19b82!2sGabriela%20Mistral%2050%2C%201842092%20Ovalle%2C%20Coquimbo!5e0!3m2!1ses-419!2scl!4v1717685883807!5m2!1ses-419!2scl\" width=\"600\" height=\"430\" style=\"border:0;\" allowfullscreen=\"\" loading=\"lazy\" referrerpolicy=\"no-referrer-when-downgrade\"><\/iframe>\t\t\t\t<\/div>\n\t\t\t\t<\/div>\n\t\t\t\t\t<\/div>\n\t\t\t\t<\/div>\n\t\t<div class=\"elementor-element elementor-element-200a6dd e-grid e-con-boxed wpr-particle-no wpr-jarallax-no wpr-parallax-no wpr-sticky-section-no e-con e-parent\" data-id=\"200a6dd\" data-element_type=\"container\">\n\t\t\t\t\t<div class=\"e-con-inner\">\n\t\t\t\t<div class=\"elementor-element elementor-element-bd0a0d3 elementor-widget elementor-widget-html\" data-id=\"bd0a0d3\" data-element_type=\"widget\" data-widget_type=\"html.default\">\n\t\t\t\t<div class=\"elementor-widget-container\">\n\t\t\t\t\t<div class=\"blog-sidebar2\">\n\t\t<div id=\"whitehall_contact_info-4\" class=\"widget sidebar-widget single-sidebar widget_whitehall_contact_info\">\n        \n\t\t\t<div class=\"contact-widget\">\n\t\t\t\t<div class=\"widget-title\"><h3>M\u00e1s Informaci\u00f3n<\/h3><\/div>\t\t\t<div class=\"widget-content\">\n\t\t\t\t\n\t\t\t\t<\/div>\n\t\t\t<\/div>\n\t\t<\/div>\n\n\n\n<\/div>\t\t\t\t<\/div>\n\t\t\t\t<\/div>\n\t\t\t\t\t<\/div>\n\t\t\t\t<\/div>\n\t\t<div class=\"elementor-element elementor-element-253a8f4 e-grid e-con-boxed wpr-particle-no wpr-jarallax-no wpr-parallax-no wpr-sticky-section-no e-con e-parent\" data-id=\"253a8f4\" data-element_type=\"container\">\n\t\t\t\t\t<div class=\"e-con-inner\">\n\t\t\t\t<div class=\"elementor-element elementor-element-8cd1e7d elementor-widget elementor-widget-html\" data-id=\"8cd1e7d\" data-element_type=\"widget\" data-widget_type=\"html.default\">\n\t\t\t\t<div class=\"elementor-widget-container\">\n\t\t\t\t\t<script src=\"https:\/\/cdn.jsdelivr.net\/npm\/bootstrap@5.3.3\/dist\/js\/bootstrap.bundle.min.js\"><\/script>\n\n<style>\n.imagen{\n    width:80px;\n    height: 80px;\n    text-align: center;\n}\n\n.texto{\n    text-align: left;\n}\n.card{\n    border-radius: 25px;\n}\n\n\n.overlay {\n  \n  top: 0;\n  bottom: 0;\n  left: 0;\n  right: 0;\n  height: 100%;\n  width: 100%;\n  opacity: 1;\n  transition: .3s ease;\n  \n}\n\n.container:hover .overlay {\n  opacity: 1;\n  transform: scale(1.1);\n}\n\n.container{\n    margin-bottom: 10px;\n}\n\n\n\n\n\n<\/style>\n\n<div class=\"container\">\n<div class=\"overlay\">  \n<div class=\"card\">\n  <img decoding=\"async\" class=\"imagen\" src=\"https:\/\/muniovalle.cl\/sitio\/wp-content\/uploads\/2024\/06\/avatar.png\"  class=\"card-img-top\" alt=\"...\">\n  \n  <div class=\"card-body\">\n    <h5 class=\"card-title\">Materias de Competencia<\/h5>\n\n    <br>\n    <button class=\"btn btn-primary\" type=\"button\" data-bs-toggle=\"modal\" data-bs-target=\"#modal-competencias\">M\u00e1s Informaci\u00f3n<\/button>\n  <\/div>\n<\/div>\n<\/div>\n<\/div>\n\n\n<!-- Modal -->\n<div class=\"modal fade\" id=\"modal-competencias\" tabindex=\"-1\" aria-labelledby=\"exampleModalLabel\" aria-hidden=\"true\">\n  <div class=\"modal-dialog\">\n    <div class=\"modal-content\">\n      <div class=\"modal-header\">\n        <h5 class=\"modal-title\" id=\"modal-competenciasLabel\">Principales Competencias<\/h5>\n        <button type=\"button\" class=\"btn-close\" data-bs-dismiss=\"modal\" aria-label=\"Cerrar\"><\/button>\n      <\/div>\n      <div class=\"modal-body\">\n       <p class=\"texto\">\n           \n        Las principales Competencias de los Juzgados de Polic\u00eda Local son las siguientes:\n\n- Infracciones a la Ley del Tr\u00e1nsito Ley N\u00ba 18.290<br><br>\n\n- Infracciones a la Ley General de Urbanismo y Construcciones &nbsp;&nbsp;&nbsp;&nbsp;y su ordenanza (www.minvu.cl)<br><br>\n\n- Infracciones a las Ordenanzas Municipales (Ver aqu\u00ed)<br><br>\n\n- Infracciones a la Ley de Rentas Municipales Decreto N\u00ba &nbsp;&nbsp;&nbsp;&nbsp;3.063<br><br>\n\n- Ley de Alcoholes N\u00ba 19.925, consumo alcohol en la v\u00eda &nbsp;&nbsp;&nbsp;&nbsp;p\u00fablica y manifiesto estado de ebriedad<br><br>\n\n- Infracciones a la Ley de Co-propiedad Ley N\u00ba 19.537<br><br>\n\n- Infracciones a la Ley del Consumidor Ley N\u00ba 19.496 - &nbsp;&nbsp;&nbsp;&nbsp;Infracciones a la Ley de Votaciones y Escrutinios Ley N\u00ba &nbsp;&nbsp;&nbsp;&nbsp;18.700 ( www.servel.cl)<br><br>\n\n- Infracciones a la Ley de Vigilantes Privados Ley N\u00ba 3.607 &nbsp;&nbsp;&nbsp;&nbsp;Decreto Supremo 1773 y 93<br><br>\n\n- Infracciones a la Ley que regula el libre acceso a los ba\u00f1os y &nbsp;&nbsp;&nbsp;&nbsp;atenci\u00f3n preferente a pacientes con enfermedades &nbsp;&nbsp;&nbsp;&nbsp;&nbsp;inflamatorias, N\u00b021.559<br><br>\n\n- Otras especiales   \n           \n           \n       <\/p>        \n      <\/div>\n      <div class=\"modal-footer\">\n        <button type=\"button\" class=\"btn btn-danger\" data-bs-dismiss=\"modal\">Cerrar<\/button>\n       \n      <\/div>\n    <\/div>\n  <\/div>\n<\/div>\n\n\n\t\t\t\t<\/div>\n\t\t\t\t<\/div>\n\t\t\t\t<div class=\"elementor-element elementor-element-064738f elementor-widget elementor-widget-html\" data-id=\"064738f\" data-element_type=\"widget\" data-widget_type=\"html.default\">\n\t\t\t\t<div class=\"elementor-widget-container\">\n\t\t\t\t\t<style>\n.imagen{\n    width:80px;\n    height: 80px;\n    text-align: center;\n}\n\n.btn-primary{\n    border-radius: 20px;\n    padding-top: 10px;\n    padding-bottom: 10px;\n    padding-left: 50px;\n    padding-right: 50px;\n    \n}\n<\/style>\n\n<div class=\"container\">\n<div class=\"overlay\">  \n<div class=\"card\">\n  <img decoding=\"async\" class=\"imagen\" src=\"https:\/\/muniovalle.cl\/sitio\/wp-content\/uploads\/2024\/06\/tribunal.png\"  class=\"card-img-top\" alt=\"...\">\n  \n  <div class=\"card-body\">\n    <h5 class=\"card-title\">Tr\u00e1mites ante el Tribunal<\/h5>\n    <br>\n    <a href=\"https:\/\/muniovalle.cl\/sitio\/juzgado-de-policia\/tramites-tribunal\/\" class=\"btn btn-primary\">M\u00e1s Informaci\u00f3n<\/a>\n  <\/div>\n<\/div>\n<\/div>\n<\/div>\n\t\t\t\t<\/div>\n\t\t\t\t<\/div>\n\t\t\t\t<div class=\"elementor-element elementor-element-143b074 elementor-widget elementor-widget-html\" data-id=\"143b074\" data-element_type=\"widget\" data-widget_type=\"html.default\">\n\t\t\t\t<div class=\"elementor-widget-container\">\n\t\t\t\t\t<script src=\"https:\/\/cdn.jsdelivr.net\/npm\/bootstrap@5.3.3\/dist\/js\/bootstrap.bundle.min.js\"><\/script>\n\n\n<style>\n.imagen{\n    width:80px;\n    height: 80px;\n    text-align: center;\n}\n<\/style>\n\n<div class=\"container\">\n<div class=\"overlay\"> \n<div class=\"card\">\n  <img decoding=\"async\" class=\"imagen\" src=\"https:\/\/muniovalle.cl\/sitio\/wp-content\/uploads\/2024\/06\/urna-electoral.png\"  class=\"card-img-top\" alt=\"...\">\n  \n  <div class=\"card-body\">\n    <h5 class=\"card-title\">Ley Electoral<\/h5>\n   <br>\n    <a href=\"https:\/\/muniovalle.cl\/sitio\/servicios\/juzgado-de-policia\/ley-electoral\/\" class=\"btn btn-primary\">M\u00e1s Informaci\u00f3n<\/a>\n    \n  <\/div>\n<\/div>\n<\/div>\n<\/div>\n\n\n\t\t\t\t<\/div>\n\t\t\t\t<\/div>\n\t\t\t\t<div class=\"elementor-element elementor-element-7f02529 elementor-widget elementor-widget-html\" data-id=\"7f02529\" data-element_type=\"widget\" data-widget_type=\"html.default\">\n\t\t\t\t<div class=\"elementor-widget-container\">\n\t\t\t\t\t<script src=\"https:\/\/cdn.jsdelivr.net\/npm\/bootstrap@5.3.3\/dist\/js\/bootstrap.bundle.min.js\"><\/script>\n\n\n<style>\n.imagen{\n    width:80px;\n    height: 80px;\n    text-align: center;\n}\n<\/style>\n\n<div class=\"container\">\n<div class=\"overlay\"> \n<div class=\"card\">\n  <img decoding=\"async\" class=\"imagen\" src=\"https:\/\/muniovalle.cl\/sitio\/wp-content\/uploads\/2024\/06\/conformidad.png\"  class=\"card-img-top\" alt=\"...\">\n  \n  <div class=\"card-body\">\n    <h5 class=\"card-title\">Protocolos de Acceso de la Justicia <\/h5>\n   <br>\n    <a href=\"https:\/\/muniovalle.cl\/sitio\/servicios\/juzgado-de-policia\/protocolos-justicia\/\" class=\"btn btn-primary\">M\u00e1s Informaci\u00f3n<\/a>\n    \n  <\/div>\n<\/div>\n<\/div>\n<\/div>\n\n\n\t\t\t\t<\/div>\n\t\t\t\t<\/div>\n\t\t\t\t\t<\/div>\n\t\t\t\t<\/div>\n\t\t<div class=\"elementor-element elementor-element-42d72fa e-grid e-con-boxed wpr-particle-no wpr-jarallax-no wpr-parallax-no wpr-sticky-section-no e-con e-parent\" data-id=\"42d72fa\" data-element_type=\"container\">\n\t\t\t\t\t<div class=\"e-con-inner\">\n\t\t\t\t\t<\/div>\n\t\t\t\t<\/div>\n\t\t<div class=\"elementor-element elementor-element-70e8d0e e-grid e-con-boxed wpr-particle-no wpr-jarallax-no wpr-parallax-no wpr-sticky-section-no e-con e-parent\" data-id=\"70e8d0e\" data-element_type=\"container\" data-settings=\"{&quot;background_background&quot;:&quot;classic&quot;}\">\n\t\t\t\t\t<div class=\"e-con-inner\">\n\t\t\t\t<div class=\"elementor-element elementor-element-d102b44 elementor-widget elementor-widget-whitehall_faqs\" data-id=\"d102b44\" data-element_type=\"widget\" data-widget_type=\"whitehall_faqs.default\">\n\t\t\t\t<div class=\"elementor-widget-container\">\n\t\t\t\t\t\n\t\t<!-- faq-section -->\n        <section class=\"faq-section sec-pad\">\n            <div class=\"auto-container\">\n                <div class=\"row clearfix\">\n                    <div class=\"col-lg-4 col-md-12 col-sm-12 content-column\">\n                        <div class=\"content_block_8\">\n                            <div class=\"content-box\">\n                                <div class=\"sec-title\">\n\t\t\t\t\t\t\t\t\t\n\t\t\t\t\t\t\t\t\t\t\t\t\t\t\t\t\t\t<h2>Preguntas Frecuentes<\/h2>\n\t\t\t\t\t\t\t\t\t<div class=\"title-shape\"><\/div>\n\t\t\t\t\t\t\t\t\t                                <\/div>\n                                <div class=\"text\">\n                                    <p><\/p>\n\t\t\t\t\t\t\t\t\t\n\t\t\t\t\t\t\t\t\t                                <\/div>\n                            <\/div>\n                        <\/div>\n                    <\/div>\n                    <div class=\"col-lg-8 col-md-12 col-sm-12 faq-column\">\n                        <ul class=\"accordion-box\">\n                                                        <li class=\"accordion block\">\n                                <div class=\"acc-btn\">\n                                    <div class=\"icon-outer\"><\/div>\n                                    <h5><span>01. <\/span>\u00bfCu\u00e1les son las principales competencias de los Juzgados de Polic\u00eda Local?<\/h5>\n                                <\/div>\n                                <div class=\"acc-content\">\n                                    <div class=\"text\">\n                                        <p>Infracciones a la Ley del Tr\u00e1nsito, Ley de Alcoholes, Ley de Protecci\u00f3n al Consumidor, Infracciones a las Ordenanzas Municipales, Ley de Rentas Municipales, Ley de Urbanismo y Construcci\u00f3n, Ley de Copropiedad Inmobiliaria, entre otras.<\/p>\n                                    <\/div>\n                                <\/div>\n                            <\/li>\n\t\t\t\t\t\t\t                            <li class=\"accordion block\">\n                                <div class=\"acc-btn\">\n                                    <div class=\"icon-outer\"><\/div>\n                                    <h5><span>02. <\/span>\u00bfQu\u00e9 sanciones pueden imponer los Juzgados de Polic\u00eda Local?<\/h5>\n                                <\/div>\n                                <div class=\"acc-content\">\n                                    <div class=\"text\">\n                                        <p>Multa en dinero, suspensi\u00f3n de licencia de conducir, amonestaci\u00f3n, clausuras, comiso y por v\u00eda de sustituci\u00f3n y apremio, reclusi\u00f3n nocturna.<\/p>\n                                    <\/div>\n                                <\/div>\n                            <\/li>\n\t\t\t\t\t\t\t                            <li class=\"accordion block\">\n                                <div class=\"acc-btn\">\n                                    <div class=\"icon-outer\"><\/div>\n                                    <h5><span>03. <\/span>\u00bfDebo traer la boleta de citaci\u00f3n al concurrir al Juzgado de Polic\u00eda Local?<\/h5>\n                                <\/div>\n                                <div class=\"acc-content\">\n                                    <div class=\"text\">\n                                        <p>S\u00ed, se debe presentar con la boleta de citaci\u00f3n.<\/p>\n                                    <\/div>\n                                <\/div>\n                            <\/li>\n\t\t\t\t\t\t\t                            <li class=\"accordion block\">\n                                <div class=\"acc-btn\">\n                                    <div class=\"icon-outer\"><\/div>\n                                    <h5><span>04. <\/span>\u00bfQu\u00e9 puedo hacer en caso de extrav\u00edo de la boleta de citaci\u00f3n?<\/h5>\n                                <\/div>\n                                <div class=\"acc-content\">\n                                    <div class=\"text\">\n                                        <p>Deber\u00e1 presentar una declaraci\u00f3n jurada, en la que conste que su boleta de citaci\u00f3n no se encuentra retenida por Carabineros y\/o Inspectores, ni en ning\u00fan otro tribunal.<\/p>\n                                    <\/div>\n                                <\/div>\n                            <\/li>\n\t\t\t\t\t\t\t                            <li class=\"accordion block\">\n                                <div class=\"acc-btn\">\n                                    <div class=\"icon-outer\"><\/div>\n                                    <h5><span>05. <\/span>\u00bfPuedo comparecer al tribunal por carta, correo electr\u00f3nico o v\u00eda telef\u00f3nica?<\/h5>\n                                <\/div>\n                                <div class=\"acc-content\">\n                                    <div class=\"text\">\n                                        <p>No, la Ley establece la comparecencia personal del denunciado.<\/p>\n                                    <\/div>\n                                <\/div>\n                            <\/li>\n\t\t\t\t\t\t\t                            <li class=\"accordion block\">\n                                <div class=\"acc-btn\">\n                                    <div class=\"icon-outer\"><\/div>\n                                    <h5><span>06. <\/span>\u00bfQu\u00e9 puedo hacer si no me puedo presentar en la fecha de citaci\u00f3n?<\/h5>\n                                <\/div>\n                                <div class=\"acc-content\">\n                                    <div class=\"text\">\n                                        <p>Antes de la fecha de citaci\u00f3n, puede presentar por escrito una solicitud de nuevo d\u00eda y hora.<\/p>\n                                    <\/div>\n                                <\/div>\n                            <\/li>\n\t\t\t\t\t\t\t                            <li class=\"accordion block\">\n                                <div class=\"acc-btn\">\n                                    <div class=\"icon-outer\"><\/div>\n                                    <h5><span>07. <\/span>\u00bfPuede comparecer ante el Juzgado de Polic\u00eda Local otra persona en mi nombre?<\/h5>\n                                <\/div>\n                                <div class=\"acc-content\">\n                                    <div class=\"text\">\n                                        <p>S\u00ed, siempre que sea representado por un abogado o persona habilitada en derecho, en todas las actuaciones salvo aquellas que exijan de la comparecencia personal, como lo es la comparecencia para prestar declaraci\u00f3n indagatoria y la absoluci\u00f3n de posiciones.<\/p>\n                                    <\/div>\n                                <\/div>\n                            <\/li>\n\t\t\t\t\t\t\t                            <li class=\"accordion block\">\n                                <div class=\"acc-btn\">\n                                    <div class=\"icon-outer\"><\/div>\n                                    <h5><span>08. <\/span>\u00bfPuedo presentar escritos por correo electr\u00f3nico?<\/h5>\n                                <\/div>\n                                <div class=\"acc-content\">\n                                    <div class=\"text\">\n                                        <p>S\u00ed, siempre y cuando se env\u00eden al correo electr\u00f3nico dispuesto para ello. En los casos en que se env\u00eden escritos a un correo diferente se tendr\u00e1 por no presentado.<\/p>\n                                    <\/div>\n                                <\/div>\n                            <\/li>\n\t\t\t\t\t\t\t                            <li class=\"accordion block\">\n                                <div class=\"acc-btn\">\n                                    <div class=\"icon-outer\"><\/div>\n                                    <h5><span>09. <\/span>\u00bfPor tener m\u00e1s de una infracci\u00f3n de tr\u00e1nsito se me puede suspender la licencia de conducir?<\/h5>\n                                <\/div>\n                                <div class=\"acc-content\">\n                                    <div class=\"text\">\n                                        <p>S\u00ed, la acumulaci\u00f3n de 2 infracciones graves o grav\u00edsimas dentro de los \u00faltimos 12 meses, se sanciona con suspensi\u00f3n de la licencia de conducir por el tiempo que sea pertinente seg\u00fan la Ley del Tr\u00e1nsito.<\/p>\n                                    <\/div>\n                                <\/div>\n                            <\/li>\n\t\t\t\t\t\t\t                            <li class=\"accordion block\">\n                                <div class=\"acc-btn\">\n                                    <div class=\"icon-outer\"><\/div>\n                                    <h5><span>10. <\/span>\u00bfDesde cuando se cuenta el plazo de la suspensi\u00f3n de licencia de conducir?<\/h5>\n                                <\/div>\n                                <div class=\"acc-content\">\n                                    <div class=\"text\">\n                                        <p>El plazo de suspensi\u00f3n se cuenta desde el d\u00eda siguiente del que la Licencia es entregada en dependencias de tribunal.<\/p>\n                                    <\/div>\n                                <\/div>\n                            <\/li>\n\t\t\t\t\t\t\t                        <\/ul>\n                    <\/div>\n                <\/div>\n            <\/div>\n        <\/section>\n        <!-- faq-section end -->\n\n        \t\t\t\t<\/div>\n\t\t\t\t<\/div>\n\t\t\t\t\t<\/div>\n\t\t\t\t<\/div>\n\t\t\t\t<\/div>\n\t\t","protected":false},"excerpt":{"rendered":"<p>&nbsp;Juez Titular Sr. Mirko Stambuk Monsalve Secretaria Abogada Tanya Pe\u00f1a Arancibia Ministro Visitador Sr. Felipe Pulgar Bravo Tel\u00e9fono N\u00famero Telef\u00f3nico:(53) 2 661281 Correo Electr\u00f3nico Jpl@imovalle.cl Horario de Atenci\u00f3n a P\u00fablico lunes a viernes desde las 8:30 hasta las 14:00 horas. Direcci\u00f3n Calle Gabriela Mistral N\u00b0 50, Ovalle. M\u00e1s Informaci\u00f3n Materias de Competencia M\u00e1s Informaci\u00f3n Principales Competencias Las principales Competencias de los Juzgados de Polic\u00eda Local son las siguientes: &#8211; Infracciones a la Ley del Tr\u00e1nsito Ley N\u00ba 18.290 &#8211; Infracciones a la Ley General de Urbanismo y Construcciones &nbsp;&nbsp;&nbsp;&nbsp;y su ordenanza (www.minvu.cl) &#8211; Infracciones a las Ordenanzas Municipales (Ver aqu\u00ed) &#8211; Infracciones a la Ley de Rentas Municipales Decreto N\u00ba &nbsp;&nbsp;&nbsp;&nbsp;3.063 &#8211; Ley de Alcoholes N\u00ba 19.925, consumo alcohol en la v\u00eda &nbsp;&nbsp;&nbsp;&nbsp;p\u00fablica y manifiesto estado de ebriedad &#8211; Infracciones a la Ley de Co-propiedad Ley N\u00ba 19.537 &#8211; Infracciones a la Ley del Consumidor Ley N\u00ba 19.496 &#8211; &nbsp;&nbsp;&nbsp;&nbsp;Infracciones a la Ley de Votaciones y Escrutinios Ley N\u00ba &nbsp;&nbsp;&nbsp;&nbsp;18.700 ( www.servel.cl) &#8211; Infracciones a la Ley de Vigilantes Privados Ley N\u00ba 3.607 &nbsp;&nbsp;&nbsp;&nbsp;Decreto Supremo 1773 y 93 &#8211; Infracciones a la Ley que regula el libre acceso a los ba\u00f1os y &nbsp;&nbsp;&nbsp;&nbsp;atenci\u00f3n preferente a pacientes con enfermedades &nbsp;&nbsp;&nbsp;&nbsp;&nbsp;inflamatorias, N\u00b021.559 &#8211; Otras especiales Cerrar Tr\u00e1mites ante el Tribunal M\u00e1s Informaci\u00f3n Ley Electoral M\u00e1s Informaci\u00f3n Protocolos de Acceso de la Justicia M\u00e1s Informaci\u00f3n Preguntas Frecuentes 01. \u00bfCu\u00e1les son las principales competencias de los Juzgados de Polic\u00eda Local? Infracciones a la Ley del Tr\u00e1nsito, Ley de Alcoholes, Ley de Protecci\u00f3n al Consumidor, Infracciones a las Ordenanzas Municipales, Ley de Rentas Municipales, Ley de Urbanismo y Construcci\u00f3n, Ley de Copropiedad Inmobiliaria, entre otras. 02. \u00bfQu\u00e9 sanciones pueden imponer los Juzgados de Polic\u00eda Local? Multa en dinero, suspensi\u00f3n de licencia de conducir, amonestaci\u00f3n, clausuras, comiso y por v\u00eda de sustituci\u00f3n y apremio, reclusi\u00f3n nocturna. 03. \u00bfDebo traer la boleta de citaci\u00f3n al concurrir al Juzgado de Polic\u00eda Local? S\u00ed, se debe presentar con la boleta de citaci\u00f3n. 04. \u00bfQu\u00e9 puedo hacer en caso de extrav\u00edo de la boleta de citaci\u00f3n? Deber\u00e1 presentar una declaraci\u00f3n jurada, en la que conste que su boleta de citaci\u00f3n no se encuentra retenida por Carabineros y\/o Inspectores, ni en ning\u00fan otro tribunal. 05. \u00bfPuedo comparecer al tribunal por carta, correo electr\u00f3nico o v\u00eda telef\u00f3nica? No, la Ley establece la comparecencia personal del denunciado. 06. \u00bfQu\u00e9 puedo hacer si no me puedo presentar en la fecha de citaci\u00f3n? Antes de la fecha de citaci\u00f3n, puede presentar por escrito una solicitud de nuevo d\u00eda y hora. 07. \u00bfPuede comparecer ante el Juzgado de Polic\u00eda Local otra persona en mi nombre? S\u00ed, siempre que sea representado por un abogado o persona habilitada en derecho, en todas las actuaciones salvo aquellas que exijan de la comparecencia personal, como lo es la comparecencia para prestar declaraci\u00f3n indagatoria y la absoluci\u00f3n de posiciones. 08. \u00bfPuedo presentar escritos por correo electr\u00f3nico? S\u00ed, siempre y cuando se env\u00eden al correo electr\u00f3nico dispuesto para ello. En los casos en que se env\u00eden escritos a un correo diferente se tendr\u00e1 por no presentado. 09. \u00bfPor tener m\u00e1s de una infracci\u00f3n de tr\u00e1nsito se me puede suspender la licencia de conducir? S\u00ed, la acumulaci\u00f3n de 2 infracciones graves o grav\u00edsimas dentro de los \u00faltimos 12 meses, se sanciona con suspensi\u00f3n de la licencia de conducir por el tiempo que sea pertinente seg\u00fan la Ley del Tr\u00e1nsito. 10. \u00bfDesde cuando se cuenta el plazo de la suspensi\u00f3n de licencia de conducir? El plazo de suspensi\u00f3n se cuenta desde el d\u00eda siguiente del que la Licencia es entregada en dependencias de tribunal.<\/p>\n","protected":false},"author":1,"featured_media":0,"parent":3276,"menu_order":0,"comment_status":"closed","ping_status":"closed","template":"","meta":{"_vp_format_video_url":"","_vp_image_focal_point":[],"footnotes":""},"class_list":["post-4319","page","type-page","status-publish","hentry"],"_links":{"self":[{"href":"https:\/\/muniovalle.cl\/sitio\/wp-json\/wp\/v2\/pages\/4319","targetHints":{"allow":["GET"]}}],"collection":[{"href":"https:\/\/muniovalle.cl\/sitio\/wp-json\/wp\/v2\/pages"}],"about":[{"href":"https:\/\/muniovalle.cl\/sitio\/wp-json\/wp\/v2\/types\/page"}],"author":[{"embeddable":true,"href":"https:\/\/muniovalle.cl\/sitio\/wp-json\/wp\/v2\/users\/1"}],"replies":[{"embeddable":true,"href":"https:\/\/muniovalle.cl\/sitio\/wp-json\/wp\/v2\/comments?post=4319"}],"version-history":[{"count":137,"href":"https:\/\/muniovalle.cl\/sitio\/wp-json\/wp\/v2\/pages\/4319\/revisions"}],"predecessor-version":[{"id":9882,"href":"https:\/\/muniovalle.cl\/sitio\/wp-json\/wp\/v2\/pages\/4319\/revisions\/9882"}],"up":[{"embeddable":true,"href":"https:\/\/muniovalle.cl\/sitio\/wp-json\/wp\/v2\/pages\/3276"}],"wp:attachment":[{"href":"https:\/\/muniovalle.cl\/sitio\/wp-json\/wp\/v2\/media?parent=4319"}],"curies":[{"name":"wp","href":"https:\/\/api.w.org\/{rel}","templated":true}]}}