{"id":1300,"date":"2021-05-19T16:21:11","date_gmt":"2021-05-19T16:21:11","guid":{"rendered":"http:\/\/fastwpdemo.com\/newwp\/whitehall\/?page_id=10"},"modified":"2026-04-29T10:04:29","modified_gmt":"2026-04-29T14:04:29","slug":"home-page-01","status":"publish","type":"page","link":"https:\/\/muniovalle.cl\/sitio\/","title":{"rendered":"Home Page 01"},"content":{"rendered":"\t\t<div data-elementor-type=\"wp-page\" data-elementor-id=\"1300\" class=\"elementor elementor-1300\">\n\t\t\t\t<div class=\"elementor-element elementor-element-64ba32c e-flex e-con-boxed wpr-particle-no wpr-jarallax-no wpr-parallax-no wpr-sticky-section-no e-con e-parent\" data-id=\"64ba32c\" data-element_type=\"container\">\n\t\t\t\t\t<div class=\"e-con-inner\">\n\t\t<div class=\"elementor-element elementor-element-925a871 e-con-full e-flex wpr-particle-no wpr-jarallax-no wpr-parallax-no wpr-sticky-section-no e-con e-child\" data-id=\"925a871\" data-element_type=\"container\">\n\t\t\t\t<div class=\"elementor-element elementor-element-eaeb5d3 elementor-widget elementor-widget-html\" data-id=\"eaeb5d3\" data-element_type=\"widget\" data-widget_type=\"html.default\">\n\t\t\t\t<div class=\"elementor-widget-container\">\n\t\t\t\t\t<style>\n.carousel-control-prev{\n    opacity: 1;\n    background: transparent;\n}\n.carousel-control-next{\n    opacity: 1;\n    background: transparent;\n}\n\n.carousel-control-prev-icon{\n   \n  \n}\n\n.elementor img {\n  height: auto;\n  max-width: 100%;\n  border: none;\n  border-radius: 20px;\n  box-shadow: none;\n}\n\n<\/style>\n\n<div class=\"row-fluid\">\n<div id=\"carouselExampleIndicators\" class=\"carousel slide\" data-bs-ride=\"carousel\">\n  <div class=\"carousel-indicators\">\n    <button type=\"button\" data-bs-target=\"#carouselExampleIndicators\" data-bs-slide-to=\"0\" class=\"active\" aria-current=\"true\" aria-label=\"Slide 1\"><\/button>\n    \n    \n    <button type=\"button\" data-bs-target=\"#carouselExampleIndicators\" data-bs-slide-to=\"1\" aria-label=\"Slide 2\"><\/button>\n    \n     <button type=\"button\" data-bs-target=\"#carouselExampleIndicators\" data-bs-slide-to=\"2\" aria-label=\"Slide 3\"><\/button>\n    \n    <button type=\"button\" data-bs-target=\"#carouselExampleIndicators\" data-bs-slide-to=\"3\" aria-label=\"Slide 4\"><\/button>\n    \n    <button type=\"button\" data-bs-target=\"#carouselExampleIndicators\" data-bs-slide-to=\"4\" aria-label=\"Slide 5\"><\/button>\n    \n    <button type=\"button\" data-bs-target=\"#carouselExampleIndicators\" data-bs-slide-to=\"5\" aria-label=\"Slide 6\"><\/button>\n    \n    <button type=\"button\" data-bs-target=\"#carouselExampleIndicators\" data-bs-slide-to=\"6\" aria-label=\"Slide 7\"><\/button>\n    \n    <button type=\"button\" data-bs-target=\"#carouselExampleIndicators\" data-bs-slide-to=\"7\" aria-label=\"Slide 8\"><\/button>\n    \n    <button type=\"button\" data-bs-target=\"#carouselExampleIndicators\" data-bs-slide-to=\"8\" aria-label=\"Slide 9\"><\/button>\n    \n    <button type=\"button\" data-bs-target=\"#carouselExampleIndicators\" data-bs-slide-to=\"9\" aria-label=\"Slide 10\"><\/button>\n    \n    <button type=\"button\" data-bs-target=\"#carouselExampleIndicators\" data-bs-slide-to=\"10\" aria-label=\"Slide 11\"><\/button>\n    \n    <button type=\"button\" data-bs-target=\"#carouselExampleIndicators\" data-bs-slide-to=\"11\" aria-label=\"Slide 12\"><\/button>\n    \n    <button type=\"button\" data-bs-target=\"#carouselExampleIndicators\" data-bs-slide-to=\"12\" aria-label=\"Slide 13\"><\/button>\n    \n    <button type=\"button\" data-bs-target=\"#carouselExampleIndicators\" data-bs-slide-to=\"13\" aria-label=\"Slide 14\"><\/button>\n    \n    \n  <\/div>\n  \n    <div class=\"carousel-inner\">\n      \n    \n    \n    \n    \n    \n    \n\n    <div class=\"carousel-item active\"><a href=\"https:\/\/muniovalle.cl\/sitio\/cuenta-publica-2025\/\">\n      <img decoding=\"async\"  src=\"https:\/\/muniovalle.cl\/sitio\/wp-content\/uploads\/2026\/04\/cuentaweb.jpg.jpeg\" class=\"d-block w-100\" alt=\"...\"><\/a>\n    <\/div> \n    \n\n     \n     <div class=\"carousel-item\"><a href=\"https:\/\/muniovalle.cl\/sitio\/concurso-desa\/\">\n      <img decoding=\"async\"  src=\"https:\/\/muniovalle.cl\/sitio\/wp-content\/uploads\/2026\/03\/cargo-medico-copia.jpg\" class=\"d-block w-100\" alt=\"...\"><\/a>\n    <\/div> \n    \n    \n         <div class=\"carousel-item \"><a href=\"https:\/\/muniovalle.cl\/sitio\/convocatoria-a-consulta-indigena-del-plan-regulador-comunal-de-ovalle\/\">\n      <img decoding=\"async\"  src=\"https:\/\/muniovalle.cl\/sitio\/wp-content\/uploads\/2026\/03\/indigena-copia.jpg\" class=\"d-block w-100\" alt=\"...\"><\/a>\n    <\/div> \n    \n    \n    \n         <div class=\"carousel-item\"><a href=\"https:\/\/muniovalle.cl\/sitio\/servicios\/beca-concejo-municipal\/\">\n      <img decoding=\"async\"  src=\"https:\/\/muniovalle.cl\/sitio\/wp-content\/uploads\/2026\/03\/Beca-Concejo-Municipal_-copia.jpg\" class=\"d-block w-100\" alt=\"...\"><\/a>\n    <\/div> \n    \n    \n    \n    <div class=\"carousel-item\"><a href=\"https:\/\/muniovalle.cl\/sitio\/procedimientos-en-caso-de-sismos-y-terremotos\/\">\n      <img decoding=\"async\"  src=\"https:\/\/muniovalle.cl\/sitio\/wp-content\/uploads\/2025\/10\/BANNER-TERREMOTO-FERIA-MODELO-scaled.jpg\" class=\"d-block w-100\" alt=\"...\"><\/a>\n    <\/div> \n    \n\n    \n    <div class=\"carousel-item \"><a href=\"\">\n      <img decoding=\"async\"  src=\"https:\/\/muniovalle.cl\/sitio\/wp-content\/uploads\/2025\/10\/carlos-telefonos.jpg\" class=\"d-block w-100\" alt=\"...\"><\/a>\n    <\/div> \n    \n    <div class=\"carousel-item \"><a href=\"https:\/\/muniovalle.cl\/sitio\/wp-content\/uploads\/2025\/10\/3772-29.10.25-Apruebase-Ordenanza-sobre-derechos-municipales-por-permisos-o-concesiones-carias-vigente-desde-01.01.26.pdf\"  target=\"_blank\">\n      <img decoding=\"async\"  src=\"https:\/\/muniovalle.cl\/sitio\/wp-content\/uploads\/2025\/10\/ordenanza-sobre-derechos-municipales-2-1.jpg\" class=\"d-block w-100\" alt=\"...\"><\/a>\n    <\/div> \n    \n    <div class=\"carousel-item  \"><a href=\"https:\/\/muniovalle.cl\/sitio\/llamado-acuerdo-escazu\/\">\n      <img decoding=\"async\"  src=\"https:\/\/muniovalle.cl\/sitio\/wp-content\/uploads\/2025\/09\/Banner-Convocatoria-Escazu.jpg\" class=\"d-block w-100\" alt=\"...\"><\/a>\n    <\/div> \n    \n    \n    \n    <div class=\"carousel-item \"><a href=\"https:\/\/muniovalle.cl\/sitio\/convocatoria\/\">\n      <img decoding=\"async\" src=\"https:\/\/muniovalle.cl\/sitio\/wp-content\/uploads\/2025\/09\/convocatoria-al-cac-copia.jpg\" class=\"d-block w-100\" alt=\"...\"><\/a>\n    <\/div> \n    \n\n      \n    <div class=\"carousel-item \"><a href=\"https:\/\/muniovalle.cl\/sitio\/wp-content\/uploads\/2025\/07\/Guia-examen-clase-c.pdf\" target=\"_blank\">\n      <img decoding=\"async\"  src=\"https:\/\/muniovalle.cl\/sitio\/wp-content\/uploads\/2025\/07\/Banner-Guia-examen-clase-c.jpg\" class=\"d-block w-100\" alt=\"...\"><\/a>\n    <\/div>\n    \n    \n     <div class=\"carousel-item\"><a href=\"muniovalle.cl\/sitio\/servicios\/beca-concejo-reusltado\/\">\n      <img decoding=\"async\"  src=\"https:\/\/muniovalle.cl\/sitio\/wp-content\/uploads\/2025\/06\/banner-beca.jpg\" class=\"d-block w-100\" alt=\"...\"><\/a>\n    <\/div>\n      \n    \n    <div class=\"carousel-item\"><a href=\"https:\/\/muniovalle.cl\/sitio\/wp-content\/uploads\/2025\/04\/Informe-Final-Cuenta-Publica-2024-ok_2024.pdf\" target=\"_blank\">\n      <img decoding=\"async\"  src=\"https:\/\/muniovalle.cl\/sitio\/wp-content\/uploads\/2025\/04\/web-cuenta-publica.jpg\" class=\"d-block w-100\" alt=\"...\"><\/a>\n    <\/div>\n    \n    \n    <div class=\"carousel-item \"><a href=\"https:\/\/muniovalle.cl\/sitio\/wp-content\/uploads\/2025\/04\/Reporte-Ley-21.015-Municipalidades-2024.pdf\" target=\"_blank\">\n      <img decoding=\"async\"  src=\"https:\/\/muniovalle.cl\/sitio\/wp-content\/uploads\/2025\/04\/banner-2.jpg\" class=\"d-block w-100\" alt=\"...\"><\/a>\n    <\/div>\n    \n    \n     <div class=\"carousel-item\"><a href=\"\">\n      <img decoding=\"async\"  src=\"https:\/\/muniovalle.cl\/sitio\/wp-content\/uploads\/2025\/05\/SOLICITUD-2.jpg\" class=\"d-block w-100\" alt=\"...\"><\/a>\n    <\/div>\n      \n\n    \n    <div class=\"carousel-item\"><a href=\"https:\/\/muniovalle.cl\/sitio\/wp-content\/uploads\/2024\/10\/D-EXTO-6711-APRUEBA-ESTRATEGIA-AMBIENTAL-COMUNAL-DE-OVALLE.pdf\" target=\"_blank\">\n      <img decoding=\"async\"  src=\"https:\/\/muniovalle.cl\/sitio\/wp-content\/uploads\/2025\/07\/estrategia-ambiental.jpg\" class=\"d-block w-100\" alt=\"...\"><\/a>\n    <\/div>\n    \n    \n    \n     <div class=\"carousel-item\"><a href=\"https:\/\/registrosocial.gob.cl\/\" target=\"_blank\">\n      <img decoding=\"async\"  src=\"https:\/\/muniovalle.cl\/sitio\/wp-content\/uploads\/2025\/10\/registro-social1.jpg\" class=\"d-block w-100\" alt=\"...\"><\/a>\n    <\/div>\n    \n    \n    \n  <\/div>\n <button class=\"carousel-control-prev\" type=\"button\" data-bs-target=\"#carouselExampleIndicators\" data-bs-slide=\"prev\">\n    <span class=\"carousel-control-prev-icon\"><\/span>\n   \n  <\/button>\n  <button class=\"carousel-control-next\" type=\"button\" data-bs-target=\"#carouselExampleIndicators\" data-bs-slide=\"next\">\n    <span class=\"carousel-control-next-icon\"><\/span>\n    \n  <\/button>\n  \n<\/div>\n<\/div>\t\t\t\t<\/div>\n\t\t\t\t<\/div>\n\t\t\t\t<\/div>\n\t\t<div class=\"elementor-element elementor-element-90bb47b e-con-full e-grid wpr-particle-no wpr-jarallax-no wpr-parallax-no wpr-sticky-section-no e-con e-child\" data-id=\"90bb47b\" data-element_type=\"container\">\n\t\t\t\t<div class=\"elementor-element elementor-element-17b8cc8 elementor-widget__width-initial elementor-widget elementor-widget-html\" data-id=\"17b8cc8\" data-element_type=\"widget\" data-widget_type=\"html.default\">\n\t\t\t\t<div class=\"elementor-widget-container\">\n\t\t\t\t\t\n<style>\n.boton-home{\n    \n    background: #211377\n ;\n    padding-left: 15px;\n    padding-right: 15px;\n    padding-top:  4px;\n    padding-bottom: 4px;\n    border-radius: 20px;\n    margin-bottom: 10px;\n    color: white;\n    border: 0.1px solid white;\n    font-size: 15px;\n    font-weight: 350;\n    margin-right: 2px;\n\n}\n.boton-home:hover {\nbackground-color:  #3a4e61; \n border: 0.1px solid white;\n}\n.bd-example-home{\n    \n    background: ;\n    margin-left: 50px;\n    margin-right: 5px;\n    width: 400px;\n    margin-bottom: 60px;\n    border-radius: 0px;\n    text-align: justify;\n    \n    \n}\n\n.link{\n    \n    color: white;\n}\n\n.link:hover{\n    \n    color: white;\n}\n\n.info{\n   color: white;\n   text-align: left;\n   font-weight: 550;\n   \n \n}\n\n.boton2-home{\n    background: #008000;\npadding-left: 15px;\n    padding-right: 15px;\n    padding-top:  4px;\n    padding-bottom: 4px;\n    border-radius: 20px;\n    margin-bottom: 8px;\n    color: white;\n    border: .0.1px solid white;\n    font-size: 15px;\n    font-weight: 50;\n    margin-right: 2px;\n   \n}\n.boton2-home:hover {\nbackground-color: #211377\n ;\n}\n\n.boton3-home{\n      \n    background: #211377;\n    padding-left: 15px;\n    padding-right: 15px;\n    padding-top:  4px;\n    padding-bottom: 4px;\n    border-radius: 20px;\n    margin-bottom: 10px;\n    color: white;\n    \/*border: 0.1px solid white;*\/\n    font-size: 15px;\n    font-weight: 350;\n    margin-right: 2px;\n}\n.boton3-home:hover {\nbackground-color: #211377\n ;\n}\n\n.boton4-home{\n    background: #5aa554;\npadding-left: 12px;\n    padding-right: 12px;\n    padding-top:  4px;\n    padding-bottom: 4px;\n    border-radius: 20px;\n    margin-bottom: 8px;\n    color: white;\n    border: 0.1px solid white;\n    font-size: 15px;\n    font-weight: 50;\n    margin-right: 2px;\n}\n.boton4-home:hover {\nbackground-color: #211377\n ;\n}\n\n.boton5-home{\n    background: darkred;\npadding-left: 15px;\n    padding-right: 15px;\n    padding-top:  4px;\n    padding-bottom: 4px;\n    border-radius: 20px;\n    margin-bottom: 8px;\n    color: white;\n    border: 0.1px solid white;\n    font-size: 15px;\n    font-weight: 50;\n    margin-right: 2px;\n}  \n.boton5-home:hover {\nbackground-color: #211377\n ;\n}\n\n.boton6-home{\n    background: #f5b724;\npadding-left: 15px;\n    padding-right: 15px;\n    padding-top:  4px;\n    padding-bottom: 4px;\n    border-radius: 20px;\n    margin-bottom: 8px;\n    color: white;\n    border: 0.1px solid white;\n    font-size: 15px;\n    font-weight: 50;\n    margin-right: 2px;\n}\n.boton6-home:hover {\nbackground-color: #006bb0;\n}\n\n\n.boton7-home{\n    background: white; \npadding-left: 8px;\n    padding-right: 8px;\n    padding-top:  3px;\n    padding-bottom: 3px;\n    border-radius: 30px;\n    margin-bottom: 8px;\n    color: blue;\n    border: 0.1px solid white;\n    font-size: 14px;\n    font-weight: 50;\n    margin-right: 5px;\n}\n.boton7-home:hover {\nbackground-color: #edeef0;\n}\n\n\n\n<\/style>\n<div class=\"row\">\n<div class=\"bd-example-home\">\n\n    <h4 class=\"info\" style=\"color:#f5b724;\"> Buscas Informaci\u00f3n de...<\/h4><br>\n    \n  <div class=\"btn-group btn-group-lg\" role=\"group\" aria-label=\"Large button group\">\n    <button type=\"button\"  class=\"boton7-home\"><a class=\"link\" href=\"https:\/\/muniovalle.cl\/medioambiente\/\" target=\"_blank\"><i class=\"fa fa-leaf\" style=\"font-size:13px; color:#006bb0;\"><\/i>&nbsp;<l style=\"color:#2e2f40\">Medioambiente<\/a><\/button> &nbsp;\n    <button type=\"button\" class=\"boton7-home\"><a class=\"link\" href=\"https:\/\/muniovalle.cl\/sitio\/plan-regulador-comunal\/\"><i class=\"fas fa-building\" style=\"font-size:13px; color:#006bb0;\"><\/i>&nbsp;<l style=\"color:#2e2f40\"> Plan Regulador<\/a><\/button> &nbsp;\n    \n    \n  <\/div>\n  \n  <div class=\"btn-group btn-group-lg\" role=\"group\" aria-label=\"Large button group\">\n    <button type=\"button\" class=\"boton7-home\"><a class=\"link\" href=\"https:\/\/muniovalle.cl\/sitio\/farmacia-municipal\/\"><i class=\"fas fa-medkit\" style=\"font-size:13px; color:#006bb0;\"><\/i>&nbsp;<l style=\"color:#2e2f40\"> Farmacia Municipal<\/l><\/button> &nbsp;\n    <button type=\"button\" class=\"boton7-home\"><a class=\"link\" href=\"https:\/\/muniovalle.cl\/sitio\/ovalle-verde\/punto-limpio\/\"><i class=\"fas fa-recycle\" style=\"font-size:13px; color:#006bb0;\"><\/i>&nbsp;<L style=\"color:#2e2f40\"> Punto Limpio<\/L><\/button> &nbsp;\n  <\/div>\n  <div class=\"btn-group btn-group-lg\" role=\"group\" aria-label=\"Large button group\">\n    <button type=\"button\" class=\"boton7-home\"><a class=\"link\" href=\"https:\/\/muniovalle.cl\/sitio\/rentas-y-patentes\/\"><i class=\"fa fa-address-book\" style=\"font-size:13px; color:#006bb0;\"><\/i>&nbsp;<l style=\"color:#2e2f40\"> Patentes Comerciales<\/l><\/button> &nbsp;\n   <button type=\"button\" class=\"boton7-home\"><a class=\"link\" href=\"https:\/\/muniovalle.cl\/sitio\/oirs\/\"><i class=\"fa fa-exclamation-circle\" style=\"font-size:13px; color:#006bb0;\"><\/i>&nbsp;<l style=\"color:#2e2f40\"> OIRS<\/l><\/button>&nbsp;\n   \n  <\/div>\n   <div class=\"btn-group\" role=\"group\" aria-label=\"Default button group\">\n    \n    <button type=\"button\" class=\"boton7-home\"><a class=\"link\" href=\"https:\/\/muniovalle.cl\/sitio\/documentos\/\"><i class=\"fas fa-download\" style=\"font-size:13px; color:#006bb0;\"><\/i>&nbsp;<l style=\"color:#2e2f40\"> Documentos<\/l><\/button> &nbsp;\n    \n    <button type=\"button\" class=\"boton7-home\"><a class=\"link\" href=\"https:\/\/muniovalle.cl\/sitio\/asuntos-indigenas\/\"><i class=\"fas fa-user-friends\" style=\"font-size:13px; color:#006bb0;\"><\/i>&nbsp;<l style=\"color:#2e2f40\"> Asuntos Ind\u00edgenas<\/l><\/button> \n  <\/div>\n    <div class=\"btn-group\" role=\"group\" aria-label=\"Default button group\">\n    <button type=\"button\" class=\"boton7-home\"><a class=\"link\" href=\"https:\/\/muniovalle.cl\/sitio\/seguridad\/\"><i class=\"fas fa-shield-alt\" style=\"font-size:13px; color:#006bb0;\"><\/i>&nbsp;<l style=\"color:#2e2f40\"> Seguridad P\u00fablica<\/a><\/button> &nbsp;\n    <button type=\"button\" class=\"boton6-home\"><a class=\"link\" href=\"https:\/\/muniovalle.cl\/sitio\/servicios\/gestion-riesgos\/\"><i class=\"fa fa-exclamation-triangle\" style=\"font-size:13px; color:#WHITE;\"><\/i>&nbsp;<l style=\"color:#WHITE0\"> Emergencias<\/a><\/button> &nbsp;\n  <\/div>\n\n  <div class=\"btn-group\" role=\"group\" aria-label=\"Default button group\">\n    \n    <button type=\"button\" class=\"boton7-home\"><a class=\"link\" href=\"https:\/\/muniovalle.cl\/sitio\/numeros-telefonicos\/\"><i class=\"fas fa-phone-volume\" style=\"font-size:13px; color:#006bb0;\"><\/i>&nbsp;<l style=\"color:#2e2f40\"> Tel\u00e9fonos <\/a><\/button>\n    <button type=\"button\" class=\"boton7-home\"><a class=\"link\" href=\"https:\/\/muniovalle.cl\/sitio\/tenencia-responsable-2\/\"><i class=\"fas fa-paw\" style=\"font-size:13px; color:#006bb0;\"><\/i>&nbsp;<l style=\"color:#2e2f40\"> Tenencia Responsable<\/a><\/button> \n   \n  <\/div>\n \n   \n<\/div>\n\n<\/div>\n\n\n\n\t\t\t\t<\/div>\n\t\t\t\t<\/div>\n\t\t\t\t<\/div>\n\t\t\t\t\t<\/div>\n\t\t\t\t<\/div>\n\t\t<div class=\"elementor-element elementor-element-b7f8e63 e-con-full e-flex wpr-particle-no wpr-jarallax-no wpr-parallax-no wpr-sticky-section-no e-con e-parent\" data-id=\"b7f8e63\" data-element_type=\"container\">\n\t\t\t\t<div class=\"elementor-element elementor-element-fb74807 elementor-widget elementor-widget-whitehall_our_features\" data-id=\"fb74807\" data-element_type=\"widget\" data-widget_type=\"whitehall_our_features.default\">\n\t\t\t\t<div class=\"elementor-widget-container\">\n\t\t\t\t\t        \n        <!-- activities-section -->\n        <section class=\"activities-section centred bg-color-1\">\n            <div class=\"auto-container\">\n                <div class=\"inner-container\">\n                    <div class=\"row clearfix\">\n                                                <div class=\"col-lg-3 col-md-6 col-sm-12 single-column\">\n                            <div class=\"single-item\">\n                                <div class=\"icon-box\"><i class=\"fa fa-hand-point-up\"><\/i><\/div>\n                                <h6><\/h6>\n                                <h4><a href=\"https:\/\/muniovalle.cl\/sitio\/servicios\/pagos-online\/\">Pagos Online<\/a><\/h4>\n                            <\/div>\n                        <\/div>\n                                                <div class=\"col-lg-3 col-md-6 col-sm-12 single-column\">\n                            <div class=\"single-item\">\n                                <div class=\"icon-box\"><i class=\"fa fa-award\"><\/i><\/div>\n                                <h6><\/h6>\n                                <h4><a href=\"https:\/\/www.portaltransparencia.cl\/PortalPdT\/directorio-de-organismos-regulados\/?org=MU192\" target=\"_blank\">Concursos P\u00fablicos<\/a><\/h4>\n                            <\/div>\n                        <\/div>\n                                                <div class=\"col-lg-3 col-md-6 col-sm-12 single-column\">\n                            <div class=\"single-item\">\n                                <div class=\"icon-box\"><i class=\"fa fa-edit\"><\/i><\/div>\n                                <h6><\/h6>\n                                <h4><a href=\"https:\/\/muniovalle.cl\/sitio\/actas\/\">Actas del Concejo<\/a><\/h4>\n                            <\/div>\n                        <\/div>\n                                                <div class=\"col-lg-3 col-md-6 col-sm-12 single-column\">\n                            <div class=\"single-item\">\n                                <div class=\"icon-box\"><i class=\"fa fa-play-circle\"><\/i><\/div>\n                                <h6><\/h6>\n                                <h4><a href=\"https:\/\/www.facebook.com\/municipalidadovalle\/live_videos\" target=\"_blank\">Concejo  ONLINE<\/a><\/h4>\n                            <\/div>\n                        <\/div>\n                                            <\/div>\n                <\/div>\n            <\/div>\n        <\/section>\n        <!-- activities-section end -->\n\n        \t\t\t\t<\/div>\n\t\t\t\t<\/div>\n\t\t\t\t<\/div>\n\t\t\t\t<section class=\"elementor-section elementor-top-section elementor-element elementor-element-5b8724b elementor-section-full_width elementor-section-height-default elementor-section-height-default wpr-particle-no wpr-jarallax-no wpr-parallax-no wpr-sticky-section-no\" data-id=\"5b8724b\" data-element_type=\"section\" data-settings=\"{&quot;background_background&quot;:&quot;classic&quot;}\">\n\t\t\t\t\t\t\t<div class=\"elementor-background-overlay\"><\/div>\n\t\t\t\t\t\t\t<div class=\"elementor-container elementor-column-gap-default\">\n\t\t\t\t\t<div class=\"elementor-column elementor-col-100 elementor-top-column elementor-element elementor-element-cb29a58\" data-id=\"cb29a58\" data-element_type=\"column\" data-settings=\"{&quot;background_background&quot;:&quot;classic&quot;}\">\n\t\t\t<div class=\"elementor-widget-wrap elementor-element-populated\">\n\t\t\t\t\t\t<div class=\"elementor-element elementor-element-516e0f6 elementor-widget elementor-widget-whitehall_blog_v1\" data-id=\"516e0f6\" data-element_type=\"widget\" data-widget_type=\"whitehall_blog_v1.default\">\n\t\t\t\t<div class=\"elementor-widget-container\">\n\t\t\t\t\t        \n\t\t<!-- news-section -->\n        <section class=\"news-section bg-color-1\">\n            <div class=\"auto-container\">\n                <div class=\"sec-title centred\">\n\t\t\t\t\t\t\t\t\t\t\n\t\t\t\t\t                    <h2>\u00daltimas Noticias de la Comuna&nbsp;<\/h2>\n                    <div class=\"title-shape\"><\/div>\n\t\t\t\t\t                <\/div>\n                <div class=\"row clearfix\">\n                                        <div class=\"col-lg-4 col-md-6 col-sm-12 news-block\">\n                        <div class=\"news-block-one wow fadeInUp animated animated\" data-wow-delay=\"300ms\" data-wow-duration=\"1500ms\">\n                            <div class=\"inner-box\">\n                                <div class=\"image-box\">\n                                    <figure class=\"image\">\n                                        <a href=\"https:\/\/muniovalle.cl\/sitio\/2026\/04\/16\/avanzan-importantes-proyectos-de-infraestructura-en-ovalle\/\"><i class=\"fas fa-link\"><\/i><\/a>\n                                        <img fetchpriority=\"high\" decoding=\"async\" width=\"370\" height=\"270\" src=\"https:\/\/muniovalle.cl\/sitio\/wp-content\/uploads\/2026\/04\/PLANTA-DE-TRATAMIENTO-DE-EL-GUINDO-1-370x270.jpg\" class=\"attachment-whitehall_370x270 size-whitehall_370x270 wp-post-image\" alt=\"\" srcset=\"https:\/\/muniovalle.cl\/sitio\/wp-content\/uploads\/2026\/04\/PLANTA-DE-TRATAMIENTO-DE-EL-GUINDO-1-370x270.jpg 370w, https:\/\/muniovalle.cl\/sitio\/wp-content\/uploads\/2026\/04\/PLANTA-DE-TRATAMIENTO-DE-EL-GUINDO-1-770x560.jpg 770w\" sizes=\"(max-width: 370px) 100vw, 370px\" \/>                                    <\/figure>\n                                    <div class=\"post-date\"><h3>16<span>Abr\u201926<\/span><\/h3><\/div>\n                                <\/div>\n                                <div class=\"lower-content\">\n                                    <div class=\"category\"><a href=\"javascript:;\"><i class=\"flaticon-star\"><\/i>Municipal<\/a><\/div>\n                                    <h4><a href=\"https:\/\/muniovalle.cl\/sitio\/2026\/04\/16\/avanzan-importantes-proyectos-de-infraestructura-en-ovalle\/\">Avanzan importantes proyectos de infraestructura en Ovalle<\/a><\/h4>\n                                    <p>El alcalde de Ovalle, H\u00e9ctor Vega Campusano, junto a profesionales de la Secretar\u00eda de Planificaci\u00f3n Comunal (SECPLAN),&hellip;<\/p>\n                                    <ul class=\"post-info clearfix\">\n                                        <li><i class=\"far fa-user\"><\/i><a href=\"https:\/\/muniovalle.cl\/sitio\/author\/lcortes\/\">Luis Cort\u00e9s Zepeda<\/a><\/li>\n                                        <li><i class=\"far fa-comment\"><\/i><a href=\"https:\/\/muniovalle.cl\/sitio\/2026\/04\/16\/avanzan-importantes-proyectos-de-infraestructura-en-ovalle\/#comments\">0 Comments<\/a><\/li>\n                                    <\/ul>\n                                <\/div>\n                            <\/div>\n                        <\/div>\n                    <\/div>\n                                        <div class=\"col-lg-4 col-md-6 col-sm-12 news-block\">\n                        <div class=\"news-block-one wow fadeInUp animated animated\" data-wow-delay=\"300ms\" data-wow-duration=\"1500ms\">\n                            <div class=\"inner-box\">\n                                <div class=\"image-box\">\n                                    <figure class=\"image\">\n                                        <a href=\"https:\/\/muniovalle.cl\/sitio\/2026\/04\/16\/municipio-de-ovalle-invita-a-trekking-familiar-hacia-el-cerro-las-antenas\/\"><i class=\"fas fa-link\"><\/i><\/a>\n                                        <img decoding=\"async\" width=\"370\" height=\"270\" src=\"https:\/\/muniovalle.cl\/sitio\/wp-content\/uploads\/2026\/04\/Trekking-Familiar-1-370x270.jpg\" class=\"attachment-whitehall_370x270 size-whitehall_370x270 wp-post-image\" alt=\"\" srcset=\"https:\/\/muniovalle.cl\/sitio\/wp-content\/uploads\/2026\/04\/Trekking-Familiar-1-370x270.jpg 370w, https:\/\/muniovalle.cl\/sitio\/wp-content\/uploads\/2026\/04\/Trekking-Familiar-1-770x560.jpg 770w\" sizes=\"(max-width: 370px) 100vw, 370px\" \/>                                    <\/figure>\n                                    <div class=\"post-date\"><h3>16<span>Abr\u201926<\/span><\/h3><\/div>\n                                <\/div>\n                                <div class=\"lower-content\">\n                                    <div class=\"category\"><a href=\"javascript:;\"><i class=\"flaticon-star\"><\/i>Municipal<\/a><\/div>\n                                    <h4><a href=\"https:\/\/muniovalle.cl\/sitio\/2026\/04\/16\/municipio-de-ovalle-invita-a-trekking-familiar-hacia-el-cerro-las-antenas\/\">Municipio de Ovalle invita a trekking familiar hacia el Cerro Las Antenas<\/a><\/h4>\n                                    <p>La jornada, organizada por el municipio de Ovalle, a trav\u00e9s de la Oficina de Deportes y Recreaci\u00f3n,&hellip;<\/p>\n                                    <ul class=\"post-info clearfix\">\n                                        <li><i class=\"far fa-user\"><\/i><a href=\"https:\/\/muniovalle.cl\/sitio\/author\/lcortes\/\">Luis Cort\u00e9s Zepeda<\/a><\/li>\n                                        <li><i class=\"far fa-comment\"><\/i><a href=\"https:\/\/muniovalle.cl\/sitio\/2026\/04\/16\/municipio-de-ovalle-invita-a-trekking-familiar-hacia-el-cerro-las-antenas\/#comments\">0 Comments<\/a><\/li>\n                                    <\/ul>\n                                <\/div>\n                            <\/div>\n                        <\/div>\n                    <\/div>\n                                        <div class=\"col-lg-4 col-md-6 col-sm-12 news-block\">\n                        <div class=\"news-block-one wow fadeInUp animated animated\" data-wow-delay=\"300ms\" data-wow-duration=\"1500ms\">\n                            <div class=\"inner-box\">\n                                <div class=\"image-box\">\n                                    <figure class=\"image\">\n                                        <a href=\"https:\/\/muniovalle.cl\/sitio\/2026\/04\/16\/avanzan-gestiones-en-materia-de-proyectos-y-sistema-educacional-en-ovalle\/\"><i class=\"fas fa-link\"><\/i><\/a>\n                                        <img decoding=\"async\" width=\"370\" height=\"270\" src=\"https:\/\/muniovalle.cl\/sitio\/wp-content\/uploads\/2026\/04\/Reunion-con-ministra-de-Educacion-1-1-370x270.jpg\" class=\"attachment-whitehall_370x270 size-whitehall_370x270 wp-post-image\" alt=\"\" srcset=\"https:\/\/muniovalle.cl\/sitio\/wp-content\/uploads\/2026\/04\/Reunion-con-ministra-de-Educacion-1-1-370x270.jpg 370w, https:\/\/muniovalle.cl\/sitio\/wp-content\/uploads\/2026\/04\/Reunion-con-ministra-de-Educacion-1-1-770x560.jpg 770w\" sizes=\"(max-width: 370px) 100vw, 370px\" \/>                                    <\/figure>\n                                    <div class=\"post-date\"><h3>16<span>Abr\u201926<\/span><\/h3><\/div>\n                                <\/div>\n                                <div class=\"lower-content\">\n                                    <div class=\"category\"><a href=\"javascript:;\"><i class=\"flaticon-star\"><\/i>Municipal<\/a><\/div>\n                                    <h4><a href=\"https:\/\/muniovalle.cl\/sitio\/2026\/04\/16\/avanzan-gestiones-en-materia-de-proyectos-y-sistema-educacional-en-ovalle\/\">Avanzan gestiones en materia de proyectos y sistema educacional en Ovalle<\/a><\/h4>\n                                    <p>El alcalde de Ovalle, H\u00e9ctor Vega Campusano se reuni\u00f3 con la ministra de Educaci\u00f3n, Mar\u00eda Paz Arzola,&hellip;<\/p>\n                                    <ul class=\"post-info clearfix\">\n                                        <li><i class=\"far fa-user\"><\/i><a href=\"https:\/\/muniovalle.cl\/sitio\/author\/lcortes\/\">Luis Cort\u00e9s Zepeda<\/a><\/li>\n                                        <li><i class=\"far fa-comment\"><\/i><a href=\"https:\/\/muniovalle.cl\/sitio\/2026\/04\/16\/avanzan-gestiones-en-materia-de-proyectos-y-sistema-educacional-en-ovalle\/#comments\">0 Comments<\/a><\/li>\n                                    <\/ul>\n                                <\/div>\n                            <\/div>\n                        <\/div>\n                    <\/div>\n                                        <div class=\"col-lg-4 col-md-6 col-sm-12 news-block\">\n                        <div class=\"news-block-one wow fadeInUp animated animated\" data-wow-delay=\"300ms\" data-wow-duration=\"1500ms\">\n                            <div class=\"inner-box\">\n                                <div class=\"image-box\">\n                                    <figure class=\"image\">\n                                        <a href=\"https:\/\/muniovalle.cl\/sitio\/2026\/04\/16\/se-inauguro-oficialmente-el-nuevo-skatepark-de-ovalle\/\"><i class=\"fas fa-link\"><\/i><\/a>\n                                        <img loading=\"lazy\" decoding=\"async\" width=\"370\" height=\"270\" src=\"https:\/\/muniovalle.cl\/sitio\/wp-content\/uploads\/2026\/04\/Skatepark-III-370x270.jpg\" class=\"attachment-whitehall_370x270 size-whitehall_370x270 wp-post-image\" alt=\"\" srcset=\"https:\/\/muniovalle.cl\/sitio\/wp-content\/uploads\/2026\/04\/Skatepark-III-370x270.jpg 370w, https:\/\/muniovalle.cl\/sitio\/wp-content\/uploads\/2026\/04\/Skatepark-III-770x560.jpg 770w\" sizes=\"(max-width: 370px) 100vw, 370px\" \/>                                    <\/figure>\n                                    <div class=\"post-date\"><h3>16<span>Abr\u201926<\/span><\/h3><\/div>\n                                <\/div>\n                                <div class=\"lower-content\">\n                                    <div class=\"category\"><a href=\"javascript:;\"><i class=\"flaticon-star\"><\/i>Municipal<\/a><\/div>\n                                    <h4><a href=\"https:\/\/muniovalle.cl\/sitio\/2026\/04\/16\/se-inauguro-oficialmente-el-nuevo-skatepark-de-ovalle\/\">Se inaugur\u00f3 oficialmente el nuevo Skatepark de Ovalle<\/a><\/h4>\n                                    <p>Este espacio deportivo, que se habilit\u00f3 gracias a recursos del municipio de Ovalle, que alcanzaron los 107&hellip;<\/p>\n                                    <ul class=\"post-info clearfix\">\n                                        <li><i class=\"far fa-user\"><\/i><a href=\"https:\/\/muniovalle.cl\/sitio\/author\/lcortes\/\">Luis Cort\u00e9s Zepeda<\/a><\/li>\n                                        <li><i class=\"far fa-comment\"><\/i><a href=\"https:\/\/muniovalle.cl\/sitio\/2026\/04\/16\/se-inauguro-oficialmente-el-nuevo-skatepark-de-ovalle\/#comments\">0 Comments<\/a><\/li>\n                                    <\/ul>\n                                <\/div>\n                            <\/div>\n                        <\/div>\n                    <\/div>\n                                        <div class=\"col-lg-4 col-md-6 col-sm-12 news-block\">\n                        <div class=\"news-block-one wow fadeInUp animated animated\" data-wow-delay=\"300ms\" data-wow-duration=\"1500ms\">\n                            <div class=\"inner-box\">\n                                <div class=\"image-box\">\n                                    <figure class=\"image\">\n                                        <a href=\"https:\/\/muniovalle.cl\/sitio\/2026\/04\/16\/programa-red-local-de-apoyos-y-cuidados-de-ovalle-crece-de-31-a-261-usuarios-estamos-poniendo-a-la-familia-al-centro\/\"><i class=\"fas fa-link\"><\/i><\/a>\n                                        <img loading=\"lazy\" decoding=\"async\" width=\"370\" height=\"270\" src=\"https:\/\/muniovalle.cl\/sitio\/wp-content\/uploads\/2026\/04\/Programa-Red-Local-de-Apoyo-uy-Cuidados1-370x270.jpeg\" class=\"attachment-whitehall_370x270 size-whitehall_370x270 wp-post-image\" alt=\"\" srcset=\"https:\/\/muniovalle.cl\/sitio\/wp-content\/uploads\/2026\/04\/Programa-Red-Local-de-Apoyo-uy-Cuidados1-370x270.jpeg 370w, https:\/\/muniovalle.cl\/sitio\/wp-content\/uploads\/2026\/04\/Programa-Red-Local-de-Apoyo-uy-Cuidados1-770x560.jpeg 770w\" sizes=\"(max-width: 370px) 100vw, 370px\" \/>                                    <\/figure>\n                                    <div class=\"post-date\"><h3>16<span>Abr\u201926<\/span><\/h3><\/div>\n                                <\/div>\n                                <div class=\"lower-content\">\n                                    <div class=\"category\"><a href=\"javascript:;\"><i class=\"flaticon-star\"><\/i>Municipal<\/a><\/div>\n                                    <h4><a href=\"https:\/\/muniovalle.cl\/sitio\/2026\/04\/16\/programa-red-local-de-apoyos-y-cuidados-de-ovalle-crece-de-31-a-261-usuarios-estamos-poniendo-a-la-familia-al-centro\/\">Programa Red Local de Apoyos y Cuidados de Ovalle crece de 31 a 261 usuarios: \u201cEstamos poniendo a la familia al centro\u201d<\/a><\/h4>\n                                    <p>En emotiva ceremonia, el municipio dio la bienvenida a 226 nuevas diadas, lo que representa un aumento&hellip;<\/p>\n                                    <ul class=\"post-info clearfix\">\n                                        <li><i class=\"far fa-user\"><\/i><a href=\"https:\/\/muniovalle.cl\/sitio\/author\/lcortes\/\">Luis Cort\u00e9s Zepeda<\/a><\/li>\n                                        <li><i class=\"far fa-comment\"><\/i><a href=\"https:\/\/muniovalle.cl\/sitio\/2026\/04\/16\/programa-red-local-de-apoyos-y-cuidados-de-ovalle-crece-de-31-a-261-usuarios-estamos-poniendo-a-la-familia-al-centro\/#comments\">0 Comments<\/a><\/li>\n                                    <\/ul>\n                                <\/div>\n                            <\/div>\n                        <\/div>\n                    <\/div>\n                                        <div class=\"col-lg-4 col-md-6 col-sm-12 news-block\">\n                        <div class=\"news-block-one wow fadeInUp animated animated\" data-wow-delay=\"300ms\" data-wow-duration=\"1500ms\">\n                            <div class=\"inner-box\">\n                                <div class=\"image-box\">\n                                    <figure class=\"image\">\n                                        <a href=\"https:\/\/muniovalle.cl\/sitio\/2026\/04\/16\/mesa-educacion-segura-articula-acciones-frente-a-la-violencia-en-establecimientos-de-ovalle\/\"><i class=\"fas fa-link\"><\/i><\/a>\n                                        <img loading=\"lazy\" decoding=\"async\" width=\"370\" height=\"270\" src=\"https:\/\/muniovalle.cl\/sitio\/wp-content\/uploads\/2026\/04\/IMG_7912-Mejorado-NR-370x270.jpg\" class=\"attachment-whitehall_370x270 size-whitehall_370x270 wp-post-image\" alt=\"\" srcset=\"https:\/\/muniovalle.cl\/sitio\/wp-content\/uploads\/2026\/04\/IMG_7912-Mejorado-NR-370x270.jpg 370w, https:\/\/muniovalle.cl\/sitio\/wp-content\/uploads\/2026\/04\/IMG_7912-Mejorado-NR-770x560.jpg 770w\" sizes=\"(max-width: 370px) 100vw, 370px\" \/>                                    <\/figure>\n                                    <div class=\"post-date\"><h3>16<span>Abr\u201926<\/span><\/h3><\/div>\n                                <\/div>\n                                <div class=\"lower-content\">\n                                    <div class=\"category\"><a href=\"javascript:;\"><i class=\"flaticon-star\"><\/i>Municipal<\/a><\/div>\n                                    <h4><a href=\"https:\/\/muniovalle.cl\/sitio\/2026\/04\/16\/mesa-educacion-segura-articula-acciones-frente-a-la-violencia-en-establecimientos-de-ovalle\/\">Mesa \u201cEducaci\u00f3n Segura\u201d articula acciones frente a la violencia en establecimientos de Ovalle<\/a><\/h4>\n                                    <p>Con una alta convocatoria y una positiva disposici\u00f3n de los distintos actores involucrados, la jornada destac\u00f3 la&hellip;<\/p>\n                                    <ul class=\"post-info clearfix\">\n                                        <li><i class=\"far fa-user\"><\/i><a href=\"https:\/\/muniovalle.cl\/sitio\/author\/lcortes\/\">Luis Cort\u00e9s Zepeda<\/a><\/li>\n                                        <li><i class=\"far fa-comment\"><\/i><a href=\"https:\/\/muniovalle.cl\/sitio\/2026\/04\/16\/mesa-educacion-segura-articula-acciones-frente-a-la-violencia-en-establecimientos-de-ovalle\/#comments\">0 Comments<\/a><\/li>\n                                    <\/ul>\n                                <\/div>\n                            <\/div>\n                        <\/div>\n                    <\/div>\n                                    <\/div>\n            <\/div>\n        <\/section>\n        <!-- news-section end -->\n        \n        \t\t\t\t<\/div>\n\t\t\t\t<\/div>\n\t\t\t\t<div class=\"elementor-element elementor-element-100beb4 elementor-widget elementor-widget-whitehall_online_services\" data-id=\"100beb4\" data-element_type=\"widget\" data-widget_type=\"whitehall_online_services.default\">\n\t\t\t\t<div class=\"elementor-widget-container\">\n\t\t\t\t\t        \n\t\t        <!-- solutions-section -->\n        <section class=\"solutions-section\">\n            <figure class=\"image-layer\"><img decoding=\"async\" src=\"https:\/\/muniovalle.cl\/sitio\/wp-content\/uploads\/2024\/05\/recorte.png\" alt=\"\"><\/figure>\n            <div class=\"pattern-box\">\n                <div class=\"pattern-1\" style=\"background-image: url(https:\/\/muniovalle.cl\/sitio\/wp-content\/themes\/whitehall\/assets\/images\/shape\/shape-2.png);\"><\/div>\n                <div class=\"pattern-2\" style=\"background-image: url(https:\/\/muniovalle.cl\/sitio\/wp-content\/themes\/whitehall\/assets\/images\/shape\/shape-3.png);\"><\/div>\n                <div class=\"pattern-3\" style=\"background-image: url(https:\/\/muniovalle.cl\/sitio\/wp-content\/themes\/whitehall\/assets\/images\/shape\/shape-3.png);\"><\/div>\n                <div class=\"pattern-4 float-bob-y\" style=\"background-image: url();\"><\/div>\n            <\/div>\n            <div class=\"auto-container\">\n                <div class=\"sec-title centred\">\n\t\t\t\t\t\t\t\t\t\t\n\t\t\t\t\t\t\t\t\t\t<h2>Servicios Online Soluciones  para todos<\/h2>\n\t\t\t\t\t<div class=\"title-shape\"><\/div>\n\t\t\t\t\t                <\/div>\n                <div class=\"inner-container\">\n                    <div class=\"upper-box clearfix\">\n                                                <div class=\"solution-block-one\">\n                            <div class=\"inner-box\">\n                                <div class=\"icon-box\"><i class=\"fa fa-car-alt\"><\/i><\/div>\n                                <h4>Permisos de Circulaci\u00f3n<\/h4>\n                                <p><a class=\"linkonline\" href=\"https:\/\/ww3.e-com.cl\/Pagos\/PermisoCirculacion\/renovacion\/ecomv3\/vista\/?id=89&amp;plebcas=12&amp;portal=%2731\/05\/2024%27&amp;html=70&amp;opc=1\" target=\"_blank\">Realiza tu pago Aqu\u00ed<\/a><\/p>\n                            <\/div>\n                        <\/div>\n\t\t\t\t\t\t                        <div class=\"solution-block-one\">\n                            <div class=\"inner-box\">\n                                <div class=\"icon-box\"><i class=\"icon flaticon-calendar-1\"><\/i><\/div>\n                                <h4> Licencias de Conducir<\/h4>\n                                <p><a class=\"linkonline\" href=\"https:\/\/muniovalle.cl\/sitio\/solicitud-de-horas\/\">Reserva de Hora ONLINE<\/a><\/p>\n                            <\/div>\n                        <\/div>\n\t\t\t\t\t\t                        <div class=\"solution-block-one\">\n                            <div class=\"inner-box\">\n                                <div class=\"icon-box\"><i class=\"fa fa-building\"><\/i><\/div>\n                                <h4>DOM digital<\/h4>\n                                <p><a class=\"linkonline\" href=\"https:\/\/muniovalle.cl\/sitio\/proximamente\/\">Ingresa Aqu\u00ed<\/a><\/p>\n                            <\/div>\n                        <\/div>\n\t\t\t\t\t\t                        <div class=\"solution-block-one\">\n                            <div class=\"inner-box\">\n                                <div class=\"icon-box\"><i class=\"fa fa-trash-alt\"><\/i><\/div>\n                                <h4>Pago Derechos de Aseo<\/h4>\n                                <p><a class=\"linkonline\" href=\"https:\/\/ww3.e-com.cl\/Pagos\/DerechodeAseo\/onlinev4\/inicio.asp?codmunic=89\" target=\"_blank \">Realiza tu pago Aqu\u00ed<\/a><\/p>\n                            <\/div>\n                        <\/div>\n\t\t\t\t\t\t                        <div class=\"solution-block-one\">\n                            <div class=\"inner-box\">\n                                <div class=\"icon-box\"><i class=\"icon flaticon-certificate\"><\/i><\/div>\n                                <h4>Pago Patente Comercial<\/h4>\n                                <p><a class=\"linkonline\" href=\"https:\/\/ww3.e-com.cl\/Pagos\/PatentesComerciales\/Pago%20Patentes\/onlinev3\/inicio.asp?codMunic=89\" target=\"_blank\">Realiza tu pago Aqu\u00ed<\/a><\/p>\n                            <\/div>\n                        <\/div>\n\t\t\t\t\t\t                        <div class=\"solution-block-one\">\n                            <div class=\"inner-box\">\n                                <div class=\"icon-box\"><i class=\"icon flaticon-justice\"><\/i><\/div>\n                                <h4>Juzgado de Polic\u00eda Local<\/h4>\n                                <p><a class=\"linkonline\" href=\"https:\/\/muniovalle.cl\/sitio\/juzgado-de-policia\/\">Ingresa Aqu\u00ed<\/a><\/p>\n                            <\/div>\n                        <\/div>\n\t\t\t\t\t\t                    <\/div>\n                    <div class=\"lower-box clearfix\">\n                        <div class=\"bg-layer\" style=\"background-image: url();\"><\/div>\n                        <div class=\"text pull-left\">\n\t\t\t\t\t\t\t                            <h3><\/h3>\n                            <p><\/p>\n                        <\/div>\n\t\t\t\t\t\t\n\t\t\t\t\t\t                    <\/div>\n                <\/div>\n            <\/div>\n        <\/section>\n        <!-- solutions-section end -->\n\n\t\t\n        \t\t\t\t<\/div>\n\t\t\t\t<\/div>\n\t\t\t\t\t<\/div>\n\t\t<\/div>\n\t\t\t\t\t<\/div>\n\t\t<\/section>\n\t\t<div class=\"elementor-element elementor-element-9fa8fb1 e-grid e-con-full wpr-particle-no wpr-jarallax-no wpr-parallax-no wpr-sticky-section-no e-con e-parent\" data-id=\"9fa8fb1\" data-element_type=\"container\" data-settings=\"{&quot;background_background&quot;:&quot;classic&quot;}\">\n\t\t\t\t<div class=\"elementor-element elementor-element-f996221 elementor-widget elementor-widget-whitehall_about_our_government\" data-id=\"f996221\" data-element_type=\"widget\" data-widget_type=\"whitehall_about_our_government.default\">\n\t\t\t\t<div class=\"elementor-widget-container\">\n\t\t\t\t\t        \n        <!-- feature-section -->\n        <section class=\"feature-section sec-pad\" style=\"background-image: url();\">\n            <div class=\"auto-container\">\n                <div class=\"sec-title centred\">\n\t\t\t\t\t\n\t\t\t\t\t\t\t\t\t\t<h2> Sitios Municipales <\/h2>\n\t\t\t\t\t<div class=\"title-shape\"><\/div>\n\t\t\t\t\t                <\/div>\n                <div class=\"row clearfix\">\n                                    <\/div>\n            <\/div>\n        <\/section>\n        <!-- feature-section end -->\n\n        \t\t\t\t<\/div>\n\t\t\t\t<\/div>\n\t\t\t\t<\/div>\n\t\t<div class=\"elementor-element elementor-element-50c6317 e-grid e-con-boxed wpr-particle-no wpr-jarallax-no wpr-parallax-no wpr-sticky-section-no e-con e-parent\" data-id=\"50c6317\" data-element_type=\"container\" data-settings=\"{&quot;background_background&quot;:&quot;classic&quot;}\">\n\t\t\t\t\t<div class=\"e-con-inner\">\n\t\t\t\t<div class=\"elementor-element elementor-element-a784fd2 animated-slow e-transform e-transform elementor-invisible elementor-widget elementor-widget-image\" data-id=\"a784fd2\" data-element_type=\"widget\" data-settings=\"{&quot;_animation&quot;:&quot;slideInLeft&quot;,&quot;_transform_scale_effect_hover&quot;:{&quot;unit&quot;:&quot;px&quot;,&quot;size&quot;:1.2,&quot;sizes&quot;:[]},&quot;_transform_scale_effect&quot;:{&quot;unit&quot;:&quot;px&quot;,&quot;size&quot;:&quot;&quot;,&quot;sizes&quot;:[]},&quot;_transform_scale_effect_tablet&quot;:{&quot;unit&quot;:&quot;px&quot;,&quot;size&quot;:&quot;&quot;,&quot;sizes&quot;:[]},&quot;_transform_scale_effect_mobile&quot;:{&quot;unit&quot;:&quot;px&quot;,&quot;size&quot;:&quot;&quot;,&quot;sizes&quot;:[]},&quot;_transform_scale_effect_hover_tablet&quot;:{&quot;unit&quot;:&quot;px&quot;,&quot;size&quot;:&quot;&quot;,&quot;sizes&quot;:[]},&quot;_transform_scale_effect_hover_mobile&quot;:{&quot;unit&quot;:&quot;px&quot;,&quot;size&quot;:&quot;&quot;,&quot;sizes&quot;:[]}}\" data-widget_type=\"image.default\">\n\t\t\t\t<div class=\"elementor-widget-container\">\n\t\t\t\t\t\t\t\t\t\t\t\t<figure class=\"wp-caption\">\n\t\t\t\t\t\t\t\t\t\t\t<a href=\"http:\/\/www.ovalleturismo.cl\/\" target=\"_blank\">\n\t\t\t\t\t\t\t<img loading=\"lazy\" decoding=\"async\" width=\"1024\" height=\"1024\" src=\"https:\/\/muniovalle.cl\/sitio\/wp-content\/uploads\/2025\/02\/turismo.png\" class=\"attachment-full size-full wp-image-8997\" alt=\"\" srcset=\"https:\/\/muniovalle.cl\/sitio\/wp-content\/uploads\/2025\/02\/turismo.png 1024w, https:\/\/muniovalle.cl\/sitio\/wp-content\/uploads\/2025\/02\/turismo-300x300.png 300w, https:\/\/muniovalle.cl\/sitio\/wp-content\/uploads\/2025\/02\/turismo-150x150.png 150w, https:\/\/muniovalle.cl\/sitio\/wp-content\/uploads\/2025\/02\/turismo-768x768.png 768w, https:\/\/muniovalle.cl\/sitio\/wp-content\/uploads\/2025\/02\/turismo-500x500.png 500w, https:\/\/muniovalle.cl\/sitio\/wp-content\/uploads\/2025\/02\/turismo-800x800.png 800w, https:\/\/muniovalle.cl\/sitio\/wp-content\/uploads\/2025\/02\/turismo-120x120.png 120w, https:\/\/muniovalle.cl\/sitio\/wp-content\/uploads\/2025\/02\/turismo-270x270.png 270w, https:\/\/muniovalle.cl\/sitio\/wp-content\/uploads\/2025\/02\/turismo-60x60.png 60w, https:\/\/muniovalle.cl\/sitio\/wp-content\/uploads\/2025\/02\/turismo-70x70.png 70w\" sizes=\"(max-width: 1024px) 100vw, 1024px\" \/>\t\t\t\t\t\t\t\t<\/a>\n\t\t\t\t\t\t\t\t\t\t\t<figcaption class=\"widget-image-caption wp-caption-text\">TURISMO<\/figcaption>\n\t\t\t\t\t\t\t\t\t\t<\/figure>\n\t\t\t\t\t\t\t\t\t<\/div>\n\t\t\t\t<\/div>\n\t\t\t\t<div class=\"elementor-element elementor-element-0a02a29 animated-slow e-transform e-transform elementor-invisible elementor-widget elementor-widget-image\" data-id=\"0a02a29\" data-element_type=\"widget\" data-settings=\"{&quot;_animation&quot;:&quot;slideInLeft&quot;,&quot;_transform_scale_effect&quot;:{&quot;unit&quot;:&quot;px&quot;,&quot;size&quot;:1,&quot;sizes&quot;:[]},&quot;_transform_scale_effect_hover&quot;:{&quot;unit&quot;:&quot;px&quot;,&quot;size&quot;:1.2,&quot;sizes&quot;:[]},&quot;_transform_scale_effect_tablet&quot;:{&quot;unit&quot;:&quot;px&quot;,&quot;size&quot;:&quot;&quot;,&quot;sizes&quot;:[]},&quot;_transform_scale_effect_mobile&quot;:{&quot;unit&quot;:&quot;px&quot;,&quot;size&quot;:&quot;&quot;,&quot;sizes&quot;:[]},&quot;_transform_scale_effect_hover_tablet&quot;:{&quot;unit&quot;:&quot;px&quot;,&quot;size&quot;:&quot;&quot;,&quot;sizes&quot;:[]},&quot;_transform_scale_effect_hover_mobile&quot;:{&quot;unit&quot;:&quot;px&quot;,&quot;size&quot;:&quot;&quot;,&quot;sizes&quot;:[]}}\" data-widget_type=\"image.default\">\n\t\t\t\t<div class=\"elementor-widget-container\">\n\t\t\t\t\t\t\t\t\t\t\t\t<figure class=\"wp-caption\">\n\t\t\t\t\t\t\t\t\t\t\t<a href=\"https:\/\/muniovalle.cl\/medioambiente\/\">\n\t\t\t\t\t\t\t<img loading=\"lazy\" decoding=\"async\" width=\"1024\" height=\"1024\" src=\"https:\/\/muniovalle.cl\/sitio\/wp-content\/uploads\/2025\/02\/medio-ambiente.png\" class=\"attachment-full size-full wp-image-9000\" alt=\"\" srcset=\"https:\/\/muniovalle.cl\/sitio\/wp-content\/uploads\/2025\/02\/medio-ambiente.png 1024w, https:\/\/muniovalle.cl\/sitio\/wp-content\/uploads\/2025\/02\/medio-ambiente-300x300.png 300w, https:\/\/muniovalle.cl\/sitio\/wp-content\/uploads\/2025\/02\/medio-ambiente-150x150.png 150w, https:\/\/muniovalle.cl\/sitio\/wp-content\/uploads\/2025\/02\/medio-ambiente-768x768.png 768w, https:\/\/muniovalle.cl\/sitio\/wp-content\/uploads\/2025\/02\/medio-ambiente-500x500.png 500w, https:\/\/muniovalle.cl\/sitio\/wp-content\/uploads\/2025\/02\/medio-ambiente-800x800.png 800w, https:\/\/muniovalle.cl\/sitio\/wp-content\/uploads\/2025\/02\/medio-ambiente-120x120.png 120w, https:\/\/muniovalle.cl\/sitio\/wp-content\/uploads\/2025\/02\/medio-ambiente-270x270.png 270w, https:\/\/muniovalle.cl\/sitio\/wp-content\/uploads\/2025\/02\/medio-ambiente-60x60.png 60w, https:\/\/muniovalle.cl\/sitio\/wp-content\/uploads\/2025\/02\/medio-ambiente-70x70.png 70w\" sizes=\"(max-width: 1024px) 100vw, 1024px\" \/>\t\t\t\t\t\t\t\t<\/a>\n\t\t\t\t\t\t\t\t\t\t\t<figcaption class=\"widget-image-caption wp-caption-text\">MEDIOAMBIENTE<\/figcaption>\n\t\t\t\t\t\t\t\t\t\t<\/figure>\n\t\t\t\t\t\t\t\t\t<\/div>\n\t\t\t\t<\/div>\n\t\t\t\t<div class=\"elementor-element elementor-element-b836359 animated-slow e-transform e-transform elementor-invisible elementor-widget elementor-widget-image\" data-id=\"b836359\" data-element_type=\"widget\" data-settings=\"{&quot;_animation&quot;:&quot;slideInLeft&quot;,&quot;_transform_scale_effect_hover&quot;:{&quot;unit&quot;:&quot;px&quot;,&quot;size&quot;:1.2,&quot;sizes&quot;:[]},&quot;_transform_scale_effect&quot;:{&quot;unit&quot;:&quot;px&quot;,&quot;size&quot;:&quot;&quot;,&quot;sizes&quot;:[]},&quot;_transform_scale_effect_tablet&quot;:{&quot;unit&quot;:&quot;px&quot;,&quot;size&quot;:&quot;&quot;,&quot;sizes&quot;:[]},&quot;_transform_scale_effect_mobile&quot;:{&quot;unit&quot;:&quot;px&quot;,&quot;size&quot;:&quot;&quot;,&quot;sizes&quot;:[]},&quot;_transform_scale_effect_hover_tablet&quot;:{&quot;unit&quot;:&quot;px&quot;,&quot;size&quot;:&quot;&quot;,&quot;sizes&quot;:[]},&quot;_transform_scale_effect_hover_mobile&quot;:{&quot;unit&quot;:&quot;px&quot;,&quot;size&quot;:&quot;&quot;,&quot;sizes&quot;:[]}}\" data-widget_type=\"image.default\">\n\t\t\t\t<div class=\"elementor-widget-container\">\n\t\t\t\t\t\t\t\t\t\t\t\t<figure class=\"wp-caption\">\n\t\t\t\t\t\t\t\t\t\t\t<a href=\"https:\/\/ovallecultura.cl\" target=\"_blank\">\n\t\t\t\t\t\t\t<img loading=\"lazy\" decoding=\"async\" width=\"1024\" height=\"1024\" src=\"https:\/\/muniovalle.cl\/sitio\/wp-content\/uploads\/2025\/02\/cultura.png\" class=\"attachment-full size-full wp-image-8998\" alt=\"\" srcset=\"https:\/\/muniovalle.cl\/sitio\/wp-content\/uploads\/2025\/02\/cultura.png 1024w, https:\/\/muniovalle.cl\/sitio\/wp-content\/uploads\/2025\/02\/cultura-300x300.png 300w, https:\/\/muniovalle.cl\/sitio\/wp-content\/uploads\/2025\/02\/cultura-150x150.png 150w, https:\/\/muniovalle.cl\/sitio\/wp-content\/uploads\/2025\/02\/cultura-768x768.png 768w, https:\/\/muniovalle.cl\/sitio\/wp-content\/uploads\/2025\/02\/cultura-500x500.png 500w, https:\/\/muniovalle.cl\/sitio\/wp-content\/uploads\/2025\/02\/cultura-800x800.png 800w, https:\/\/muniovalle.cl\/sitio\/wp-content\/uploads\/2025\/02\/cultura-120x120.png 120w, https:\/\/muniovalle.cl\/sitio\/wp-content\/uploads\/2025\/02\/cultura-270x270.png 270w, https:\/\/muniovalle.cl\/sitio\/wp-content\/uploads\/2025\/02\/cultura-60x60.png 60w, https:\/\/muniovalle.cl\/sitio\/wp-content\/uploads\/2025\/02\/cultura-70x70.png 70w\" sizes=\"(max-width: 1024px) 100vw, 1024px\" \/>\t\t\t\t\t\t\t\t<\/a>\n\t\t\t\t\t\t\t\t\t\t\t<figcaption class=\"widget-image-caption wp-caption-text\">CULTURA<\/figcaption>\n\t\t\t\t\t\t\t\t\t\t<\/figure>\n\t\t\t\t\t\t\t\t\t<\/div>\n\t\t\t\t<\/div>\n\t\t\t\t<div class=\"elementor-element elementor-element-f66906a animated-slow e-transform elementor-invisible elementor-widget elementor-widget-image\" data-id=\"f66906a\" data-element_type=\"widget\" data-settings=\"{&quot;_animation&quot;:&quot;slideInLeft&quot;,&quot;_transform_scale_effect_hover&quot;:{&quot;unit&quot;:&quot;px&quot;,&quot;size&quot;:1.2,&quot;sizes&quot;:[]},&quot;_transform_scale_effect_hover_tablet&quot;:{&quot;unit&quot;:&quot;px&quot;,&quot;size&quot;:&quot;&quot;,&quot;sizes&quot;:[]},&quot;_transform_scale_effect_hover_mobile&quot;:{&quot;unit&quot;:&quot;px&quot;,&quot;size&quot;:&quot;&quot;,&quot;sizes&quot;:[]}}\" data-widget_type=\"image.default\">\n\t\t\t\t<div class=\"elementor-widget-container\">\n\t\t\t\t\t\t\t\t\t\t\t\t<figure class=\"wp-caption\">\n\t\t\t\t\t\t\t\t\t\t\t<a href=\"https:\/\/memorias.muniovalle.cl\" target=\"_blank\">\n\t\t\t\t\t\t\t<img loading=\"lazy\" decoding=\"async\" width=\"1024\" height=\"1024\" src=\"https:\/\/muniovalle.cl\/sitio\/wp-content\/uploads\/2025\/02\/patrimonio.png\" class=\"attachment-full size-full wp-image-8995\" alt=\"\" srcset=\"https:\/\/muniovalle.cl\/sitio\/wp-content\/uploads\/2025\/02\/patrimonio.png 1024w, https:\/\/muniovalle.cl\/sitio\/wp-content\/uploads\/2025\/02\/patrimonio-300x300.png 300w, https:\/\/muniovalle.cl\/sitio\/wp-content\/uploads\/2025\/02\/patrimonio-150x150.png 150w, https:\/\/muniovalle.cl\/sitio\/wp-content\/uploads\/2025\/02\/patrimonio-768x768.png 768w, https:\/\/muniovalle.cl\/sitio\/wp-content\/uploads\/2025\/02\/patrimonio-500x500.png 500w, https:\/\/muniovalle.cl\/sitio\/wp-content\/uploads\/2025\/02\/patrimonio-800x800.png 800w, https:\/\/muniovalle.cl\/sitio\/wp-content\/uploads\/2025\/02\/patrimonio-120x120.png 120w, https:\/\/muniovalle.cl\/sitio\/wp-content\/uploads\/2025\/02\/patrimonio-270x270.png 270w, https:\/\/muniovalle.cl\/sitio\/wp-content\/uploads\/2025\/02\/patrimonio-60x60.png 60w, https:\/\/muniovalle.cl\/sitio\/wp-content\/uploads\/2025\/02\/patrimonio-70x70.png 70w\" sizes=\"(max-width: 1024px) 100vw, 1024px\" \/>\t\t\t\t\t\t\t\t<\/a>\n\t\t\t\t\t\t\t\t\t\t\t<figcaption class=\"widget-image-caption wp-caption-text\">PATRIMONIO<\/figcaption>\n\t\t\t\t\t\t\t\t\t\t<\/figure>\n\t\t\t\t\t\t\t\t\t<\/div>\n\t\t\t\t<\/div>\n\t\t\t\t<div class=\"elementor-element elementor-element-8eac839 animated-slow e-transform elementor-invisible elementor-widget elementor-widget-image\" data-id=\"8eac839\" data-element_type=\"widget\" data-settings=\"{&quot;_animation&quot;:&quot;slideInLeft&quot;,&quot;_transform_scale_effect_hover&quot;:{&quot;unit&quot;:&quot;px&quot;,&quot;size&quot;:1.2,&quot;sizes&quot;:[]},&quot;_transform_scale_effect_hover_tablet&quot;:{&quot;unit&quot;:&quot;px&quot;,&quot;size&quot;:&quot;&quot;,&quot;sizes&quot;:[]},&quot;_transform_scale_effect_hover_mobile&quot;:{&quot;unit&quot;:&quot;px&quot;,&quot;size&quot;:&quot;&quot;,&quot;sizes&quot;:[]}}\" data-widget_type=\"image.default\">\n\t\t\t\t<div class=\"elementor-widget-container\">\n\t\t\t\t\t\t\t\t\t\t\t\t<figure class=\"wp-caption\">\n\t\t\t\t\t\t\t\t\t\t\t<a href=\"https:\/\/www.portaltransparencia.cl\/PortalPdT\/directorio-de-organismos-regulados\/?org=MU192\" target=\"_blank\">\n\t\t\t\t\t\t\t<img loading=\"lazy\" decoding=\"async\" width=\"1024\" height=\"1024\" src=\"https:\/\/muniovalle.cl\/sitio\/wp-content\/uploads\/2025\/02\/transparencia.png\" class=\"attachment-full size-full wp-image-8996\" alt=\"\" srcset=\"https:\/\/muniovalle.cl\/sitio\/wp-content\/uploads\/2025\/02\/transparencia.png 1024w, https:\/\/muniovalle.cl\/sitio\/wp-content\/uploads\/2025\/02\/transparencia-300x300.png 300w, https:\/\/muniovalle.cl\/sitio\/wp-content\/uploads\/2025\/02\/transparencia-150x150.png 150w, https:\/\/muniovalle.cl\/sitio\/wp-content\/uploads\/2025\/02\/transparencia-768x768.png 768w, https:\/\/muniovalle.cl\/sitio\/wp-content\/uploads\/2025\/02\/transparencia-500x500.png 500w, https:\/\/muniovalle.cl\/sitio\/wp-content\/uploads\/2025\/02\/transparencia-800x800.png 800w, https:\/\/muniovalle.cl\/sitio\/wp-content\/uploads\/2025\/02\/transparencia-120x120.png 120w, https:\/\/muniovalle.cl\/sitio\/wp-content\/uploads\/2025\/02\/transparencia-270x270.png 270w, https:\/\/muniovalle.cl\/sitio\/wp-content\/uploads\/2025\/02\/transparencia-60x60.png 60w, https:\/\/muniovalle.cl\/sitio\/wp-content\/uploads\/2025\/02\/transparencia-70x70.png 70w\" sizes=\"(max-width: 1024px) 100vw, 1024px\" \/>\t\t\t\t\t\t\t\t<\/a>\n\t\t\t\t\t\t\t\t\t\t\t<figcaption class=\"widget-image-caption wp-caption-text\">TRANSPARENCIA<\/figcaption>\n\t\t\t\t\t\t\t\t\t\t<\/figure>\n\t\t\t\t\t\t\t\t\t<\/div>\n\t\t\t\t<\/div>\n\t\t\t\t\t<\/div>\n\t\t\t\t<\/div>\n\t\t\t\t<section class=\"elementor-section elementor-top-section elementor-element elementor-element-08f01c7 elementor-section-full_width elementor-section-height-default elementor-section-height-default wpr-particle-no wpr-jarallax-no wpr-parallax-no wpr-sticky-section-no\" data-id=\"08f01c7\" data-element_type=\"section\">\n\t\t\t\t\t\t<div class=\"elementor-container elementor-column-gap-default\">\n\t\t\t\t\t<div class=\"elementor-column elementor-col-100 elementor-top-column elementor-element elementor-element-a0c95ba\" data-id=\"a0c95ba\" data-element_type=\"column\">\n\t\t\t<div class=\"elementor-widget-wrap elementor-element-populated\">\n\t\t\t\t\t\t<div class=\"elementor-element elementor-element-74333f8 elementor-widget elementor-widget-whitehall_departments_v1\" data-id=\"74333f8\" data-element_type=\"widget\" data-widget_type=\"whitehall_departments_v1.default\">\n\t\t\t\t<div class=\"elementor-widget-container\">\n\t\t\t\t\t        \n        <!-- service-section -->\n        <section class=\"service-section\" style=\"background-image: url();\">\n            <div class=\"auto-container\">\n                \n                <div class=\"row clearfix\">\n                \t<div class=\"col-lg-6 col-md-6 col-sm-12 m-auto title-column\">\n                        <div class=\"sec-title centred\">\n                            <div class=\"sec-title centred\">\n\t\t\t\t\t\t\t\t\t\t\t\t\t\t\t\t\n\t\t\t\t\t\t\t\t                                <h2> Servicios Municipales <\/h2>\n                                <div class=\"title-shape\"><\/div>\n\t\t\t\t\t\t\t\t\t\t\t\t\t\t\t\t\n\t\t\t\t\t\t\t\t                                <a href=\"https:\/\/muniovalle.cl\/sitio\/servicios\/\" class=\"links\">Todos los Servicios<i class=\"flaticon-right-arrow\"><\/i><\/a>\n\t\t\t\t\t\t\t\t                            <\/div>\n                        <\/div>\n                    <\/div>\n                <\/div>\n                \n                <div class=\"row clearfix\">\n\t\t\t\t\t                    <div class=\"col-lg-3 col-md-6 col-sm-12 service-block\">\n                        <div class=\"service-block-one wow fadeInLeft animated animated\" data-wow-delay=\"00ms\" data-wow-duration=\"1500ms\">\n                            <div class=\"inner-box\">\n                                <h4><a href=\"https:\/\/muniovalle.cl\/sitio\/seguridad\/\">Direcci\u00f3n Seguridad P\u00fablica<\/a><\/h4>\n                                <div class=\"btn-box\"><a href=\"https:\/\/muniovalle.cl\/sitio\/seguridad\/\">Ir al Servicio<\/a><\/div>\n                                <div class=\"icon-box\"><i class=\"icon flaticon-police\"><\/i><\/div>\n                            <\/div>\n                        <\/div>\n                    <\/div>\n\t\t\t\t\t                    <div class=\"col-lg-3 col-md-6 col-sm-12 service-block\">\n                        <div class=\"service-block-one wow fadeInLeft animated animated\" data-wow-delay=\"00ms\" data-wow-duration=\"1500ms\">\n                            <div class=\"inner-box\">\n                                <h4><a href=\"https:\/\/muniovalle.cl\/sitio\/servicios\/tenencia-responsable-2\/\">Tenencia Responsable<\/a><\/h4>\n                                <div class=\"btn-box\"><a href=\"https:\/\/muniovalle.cl\/sitio\/servicios\/tenencia-responsable-2\/\">Ir al Servicio<\/a><\/div>\n                                <div class=\"icon-box\"><i class=\"fa fa-paw\"><\/i><\/div>\n                            <\/div>\n                        <\/div>\n                    <\/div>\n\t\t\t\t\t                    <div class=\"col-lg-3 col-md-6 col-sm-12 service-block\">\n                        <div class=\"service-block-one wow fadeInLeft animated animated\" data-wow-delay=\"00ms\" data-wow-duration=\"1500ms\">\n                            <div class=\"inner-box\">\n                                <h4><a href=\"https:\/\/muniovalle.cl\/sitio\/transito-y-transporte-publico\/\">Tr\u00e1nsito y Transporte P\u00fablico<\/a><\/h4>\n                                <div class=\"btn-box\"><a href=\"https:\/\/muniovalle.cl\/sitio\/transito-y-transporte-publico\/\">Ir al Servicio<\/a><\/div>\n                                <div class=\"icon-box\"><i class=\"icon flaticon-traffic-sign\"><\/i><\/div>\n                            <\/div>\n                        <\/div>\n                    <\/div>\n\t\t\t\t\t                    <div class=\"col-lg-3 col-md-6 col-sm-12 service-block\">\n                        <div class=\"service-block-one wow fadeInLeft animated animated\" data-wow-delay=\"00ms\" data-wow-duration=\"1500ms\">\n                            <div class=\"inner-box\">\n                                <h4><a href=\"https:\/\/muniovalle.cl\/sitio\/dimao\/\">Direcci\u00f3n de Aseo y Ornato<\/a><\/h4>\n                                <div class=\"btn-box\"><a href=\"https:\/\/muniovalle.cl\/sitio\/dimao\/\">Ir al Servicio<\/a><\/div>\n                                <div class=\"icon-box\"><i class=\"fa fa-trash-alt\"><\/i><\/div>\n                            <\/div>\n                        <\/div>\n                    <\/div>\n\t\t\t\t\t                    <div class=\"col-lg-3 col-md-6 col-sm-12 service-block\">\n                        <div class=\"service-block-one wow fadeInLeft animated animated\" data-wow-delay=\"00ms\" data-wow-duration=\"1500ms\">\n                            <div class=\"inner-box\">\n                                <h4><a href=\"https:\/\/muniovalle.cl\/sitio\/migrantes\/\">Migrantes<\/a><\/h4>\n                                <div class=\"btn-box\"><a href=\"https:\/\/muniovalle.cl\/sitio\/migrantes\/\">Ir al Servicio<\/a><\/div>\n                                <div class=\"icon-box\"><i class=\"fa fa-passport\"><\/i><\/div>\n                            <\/div>\n                        <\/div>\n                    <\/div>\n\t\t\t\t\t                    <div class=\"col-lg-3 col-md-6 col-sm-12 service-block\">\n                        <div class=\"service-block-one wow fadeInLeft animated animated\" data-wow-delay=\"00ms\" data-wow-duration=\"1500ms\">\n                            <div class=\"inner-box\">\n                                <h4><a href=\"https:\/\/muniovalle.cl\/sitio\/servicios\/juzgado-de-policia\/\">Juzgado de Polic\u00eda<\/a><\/h4>\n                                <div class=\"btn-box\"><a href=\"https:\/\/muniovalle.cl\/sitio\/servicios\/juzgado-de-policia\/\">Ir al Servicio<\/a><\/div>\n                                <div class=\"icon-box\"><i class=\"icon flaticon-justice\"><\/i><\/div>\n                            <\/div>\n                        <\/div>\n                    <\/div>\n\t\t\t\t\t                    <div class=\"col-lg-3 col-md-6 col-sm-12 service-block\">\n                        <div class=\"service-block-one wow fadeInLeft animated animated\" data-wow-delay=\"00ms\" data-wow-duration=\"1500ms\">\n                            <div class=\"inner-box\">\n                                <h4><a href=\"https:\/\/muniovalle.cl\/sitio\/rentas-y-patentes\/\">Rentas y Patentes<\/a><\/h4>\n                                <div class=\"btn-box\"><a href=\"https:\/\/muniovalle.cl\/sitio\/rentas-y-patentes\/\">Ir al Servicio<\/a><\/div>\n                                <div class=\"icon-box\"><i class=\"icon flaticon-award\"><\/i><\/div>\n                            <\/div>\n                        <\/div>\n                    <\/div>\n\t\t\t\t\t                    <div class=\"col-lg-3 col-md-6 col-sm-12 service-block\">\n                        <div class=\"service-block-one wow fadeInLeft animated animated\" data-wow-delay=\"00ms\" data-wow-duration=\"1500ms\">\n                            <div class=\"inner-box\">\n                                <h4><a href=\"https:\/\/muniovalle.cl\/sitio\/services\/pagos-online\/\">Tr\u00e1mites Online<\/a><\/h4>\n                                <div class=\"btn-box\"><a href=\"https:\/\/muniovalle.cl\/sitio\/services\/pagos-online\/\">Ir al Servicio<\/a><\/div>\n                                <div class=\"icon-box\"><i class=\"fa fa-hand-pointer\"><\/i><\/div>\n                            <\/div>\n                        <\/div>\n                    <\/div>\n\t\t\t\t\t\t\t\t\t<\/div>\n            <\/div>\n        <\/section>\n        <!-- service-section end -->\n        \n        \t\t\t\t<\/div>\n\t\t\t\t<\/div>\n\t\t\t\t\t<\/div>\n\t\t<\/div>\n\t\t\t\t\t<\/div>\n\t\t<\/section>\n\t\t\t\t<section class=\"elementor-section elementor-top-section elementor-element elementor-element-9b774e2 elementor-section-full_width elementor-section-height-default elementor-section-height-default wpr-particle-no wpr-jarallax-no wpr-parallax-no wpr-sticky-section-no\" data-id=\"9b774e2\" data-element_type=\"section\">\n\t\t\t\t\t\t<div class=\"elementor-container elementor-column-gap-default\">\n\t\t\t\t\t<div class=\"elementor-column elementor-col-100 elementor-top-column elementor-element elementor-element-575d943\" data-id=\"575d943\" data-element_type=\"column\">\n\t\t\t<div class=\"elementor-widget-wrap elementor-element-populated\">\n\t\t\t\t\t\t<div class=\"elementor-element elementor-element-206641b elementor-widget elementor-widget-whitehall_about_our_government\" data-id=\"206641b\" data-element_type=\"widget\" data-widget_type=\"whitehall_about_our_government.default\">\n\t\t\t\t<div class=\"elementor-widget-container\">\n\t\t\t\t\t        \n        <!-- feature-section -->\n        <section class=\"feature-section sec-pad\" style=\"background-image: url();\">\n            <div class=\"auto-container\">\n                <div class=\"sec-title centred\">\n\t\t\t\t\t\n\t\t\t\t\t\t\t\t\t\t<h2>Ovalle Informa<\/h2>\n\t\t\t\t\t<div class=\"title-shape\"><\/div>\n\t\t\t\t\t                <\/div>\n                <div class=\"row clearfix\">\n                                    <\/div>\n            <\/div>\n        <\/section>\n        <!-- feature-section end -->\n\n        \t\t\t\t<\/div>\n\t\t\t\t<\/div>\n\t\t\t\t\t<\/div>\n\t\t<\/div>\n\t\t\t\t\t<\/div>\n\t\t<\/section>\n\t\t<div class=\"elementor-element elementor-element-2ea27db e-grid e-con-full wpr-particle-no wpr-jarallax-no wpr-parallax-no wpr-sticky-section-no e-con e-parent\" data-id=\"2ea27db\" data-element_type=\"container\">\n\t\t\t\t<div class=\"elementor-element elementor-element-2a55986 e-transform elementor-widget elementor-widget-image\" data-id=\"2a55986\" data-element_type=\"widget\" data-settings=\"{&quot;_transform_scale_effect_hover&quot;:{&quot;unit&quot;:&quot;px&quot;,&quot;size&quot;:1.1,&quot;sizes&quot;:[]},&quot;_transform_scale_effect_hover_tablet&quot;:{&quot;unit&quot;:&quot;px&quot;,&quot;size&quot;:&quot;&quot;,&quot;sizes&quot;:[]},&quot;_transform_scale_effect_hover_mobile&quot;:{&quot;unit&quot;:&quot;px&quot;,&quot;size&quot;:&quot;&quot;,&quot;sizes&quot;:[]}}\" data-widget_type=\"image.default\">\n\t\t\t\t<div class=\"elementor-widget-container\">\n\t\t\t\t\t\t\t\t\t\t\t\t\t\t\t\t<a href=\"https:\/\/muniovalle.cl\/sitio\/wp-content\/uploads\/2026\/04\/CUENTA-PUBLICA-FINAL-2025.pdf\" target=\"_blank\">\n\t\t\t\t\t\t\t<img loading=\"lazy\" decoding=\"async\" width=\"2560\" height=\"1442\" src=\"https:\/\/muniovalle.cl\/sitio\/wp-content\/uploads\/2026\/04\/cuentaweb.jpg.jpeg\" class=\"attachment-full size-full wp-image-11921\" alt=\"\" srcset=\"https:\/\/muniovalle.cl\/sitio\/wp-content\/uploads\/2026\/04\/cuentaweb.jpg.jpeg 2560w, https:\/\/muniovalle.cl\/sitio\/wp-content\/uploads\/2026\/04\/cuentaweb.jpg-300x169.jpeg 300w, https:\/\/muniovalle.cl\/sitio\/wp-content\/uploads\/2026\/04\/cuentaweb.jpg-1024x577.jpeg 1024w, https:\/\/muniovalle.cl\/sitio\/wp-content\/uploads\/2026\/04\/cuentaweb.jpg-768x433.jpeg 768w, https:\/\/muniovalle.cl\/sitio\/wp-content\/uploads\/2026\/04\/cuentaweb.jpg-1536x865.jpeg 1536w, https:\/\/muniovalle.cl\/sitio\/wp-content\/uploads\/2026\/04\/cuentaweb.jpg-2048x1154.jpeg 2048w, https:\/\/muniovalle.cl\/sitio\/wp-content\/uploads\/2026\/04\/cuentaweb.jpg-500x282.jpeg 500w, https:\/\/muniovalle.cl\/sitio\/wp-content\/uploads\/2026\/04\/cuentaweb.jpg-800x451.jpeg 800w, https:\/\/muniovalle.cl\/sitio\/wp-content\/uploads\/2026\/04\/cuentaweb.jpg-1280x721.jpeg 1280w, https:\/\/muniovalle.cl\/sitio\/wp-content\/uploads\/2026\/04\/cuentaweb.jpg-1920x1082.jpeg 1920w\" sizes=\"(max-width: 2560px) 100vw, 2560px\" \/>\t\t\t\t\t\t\t\t<\/a>\n\t\t\t\t\t\t\t\t\t\t\t\t\t\t\t<\/div>\n\t\t\t\t<\/div>\n\t\t\t\t<div class=\"elementor-element elementor-element-c8e20a9 e-transform elementor-widget elementor-widget-image\" data-id=\"c8e20a9\" data-element_type=\"widget\" data-settings=\"{&quot;_transform_scale_effect_hover&quot;:{&quot;unit&quot;:&quot;px&quot;,&quot;size&quot;:1.1,&quot;sizes&quot;:[]},&quot;_transform_scale_effect_hover_tablet&quot;:{&quot;unit&quot;:&quot;px&quot;,&quot;size&quot;:&quot;&quot;,&quot;sizes&quot;:[]},&quot;_transform_scale_effect_hover_mobile&quot;:{&quot;unit&quot;:&quot;px&quot;,&quot;size&quot;:&quot;&quot;,&quot;sizes&quot;:[]}}\" data-widget_type=\"image.default\">\n\t\t\t\t<div class=\"elementor-widget-container\">\n\t\t\t\t\t\t\t\t\t\t\t\t\t\t\t\t<a href=\"https:\/\/muniovalle.cl\/sitio\/concurso-desa\/\">\n\t\t\t\t\t\t\t<img loading=\"lazy\" decoding=\"async\" width=\"2560\" height=\"1442\" src=\"https:\/\/muniovalle.cl\/sitio\/wp-content\/uploads\/2026\/03\/cargo-medico-copia.jpg\" class=\"attachment-full size-full wp-image-11823\" alt=\"\" srcset=\"https:\/\/muniovalle.cl\/sitio\/wp-content\/uploads\/2026\/03\/cargo-medico-copia.jpg 2560w, https:\/\/muniovalle.cl\/sitio\/wp-content\/uploads\/2026\/03\/cargo-medico-copia-300x169.jpg 300w, https:\/\/muniovalle.cl\/sitio\/wp-content\/uploads\/2026\/03\/cargo-medico-copia-1024x577.jpg 1024w, https:\/\/muniovalle.cl\/sitio\/wp-content\/uploads\/2026\/03\/cargo-medico-copia-768x433.jpg 768w, https:\/\/muniovalle.cl\/sitio\/wp-content\/uploads\/2026\/03\/cargo-medico-copia-1536x865.jpg 1536w, https:\/\/muniovalle.cl\/sitio\/wp-content\/uploads\/2026\/03\/cargo-medico-copia-2048x1154.jpg 2048w, https:\/\/muniovalle.cl\/sitio\/wp-content\/uploads\/2026\/03\/cargo-medico-copia-500x282.jpg 500w, https:\/\/muniovalle.cl\/sitio\/wp-content\/uploads\/2026\/03\/cargo-medico-copia-800x451.jpg 800w, https:\/\/muniovalle.cl\/sitio\/wp-content\/uploads\/2026\/03\/cargo-medico-copia-1280x721.jpg 1280w, https:\/\/muniovalle.cl\/sitio\/wp-content\/uploads\/2026\/03\/cargo-medico-copia-1920x1082.jpg 1920w\" sizes=\"(max-width: 2560px) 100vw, 2560px\" \/>\t\t\t\t\t\t\t\t<\/a>\n\t\t\t\t\t\t\t\t\t\t\t\t\t\t\t<\/div>\n\t\t\t\t<\/div>\n\t\t\t\t<div class=\"elementor-element elementor-element-6df43c8 e-transform elementor-widget elementor-widget-image\" data-id=\"6df43c8\" data-element_type=\"widget\" data-settings=\"{&quot;_transform_scale_effect_hover&quot;:{&quot;unit&quot;:&quot;px&quot;,&quot;size&quot;:1.1,&quot;sizes&quot;:[]},&quot;_transform_scale_effect_hover_tablet&quot;:{&quot;unit&quot;:&quot;px&quot;,&quot;size&quot;:&quot;&quot;,&quot;sizes&quot;:[]},&quot;_transform_scale_effect_hover_mobile&quot;:{&quot;unit&quot;:&quot;px&quot;,&quot;size&quot;:&quot;&quot;,&quot;sizes&quot;:[]}}\" data-widget_type=\"image.default\">\n\t\t\t\t<div class=\"elementor-widget-container\">\n\t\t\t\t\t\t\t\t\t\t\t\t\t\t\t\t<a href=\"https:\/\/muniovalle.cl\/sitio\/convocatoria-a-consulta-indigena-del-plan-regulador-comunal-de-ovalle\/\">\n\t\t\t\t\t\t\t<img loading=\"lazy\" decoding=\"async\" width=\"2560\" height=\"1442\" src=\"https:\/\/muniovalle.cl\/sitio\/wp-content\/uploads\/2026\/03\/indigena-copia.jpg\" class=\"attachment-full size-full wp-image-11824\" alt=\"\" srcset=\"https:\/\/muniovalle.cl\/sitio\/wp-content\/uploads\/2026\/03\/indigena-copia.jpg 2560w, https:\/\/muniovalle.cl\/sitio\/wp-content\/uploads\/2026\/03\/indigena-copia-300x169.jpg 300w, https:\/\/muniovalle.cl\/sitio\/wp-content\/uploads\/2026\/03\/indigena-copia-1024x577.jpg 1024w, https:\/\/muniovalle.cl\/sitio\/wp-content\/uploads\/2026\/03\/indigena-copia-768x433.jpg 768w, https:\/\/muniovalle.cl\/sitio\/wp-content\/uploads\/2026\/03\/indigena-copia-1536x865.jpg 1536w, https:\/\/muniovalle.cl\/sitio\/wp-content\/uploads\/2026\/03\/indigena-copia-2048x1154.jpg 2048w, https:\/\/muniovalle.cl\/sitio\/wp-content\/uploads\/2026\/03\/indigena-copia-500x282.jpg 500w, https:\/\/muniovalle.cl\/sitio\/wp-content\/uploads\/2026\/03\/indigena-copia-800x451.jpg 800w, https:\/\/muniovalle.cl\/sitio\/wp-content\/uploads\/2026\/03\/indigena-copia-1280x721.jpg 1280w, https:\/\/muniovalle.cl\/sitio\/wp-content\/uploads\/2026\/03\/indigena-copia-1920x1082.jpg 1920w\" sizes=\"(max-width: 2560px) 100vw, 2560px\" \/>\t\t\t\t\t\t\t\t<\/a>\n\t\t\t\t\t\t\t\t\t\t\t\t\t\t\t<\/div>\n\t\t\t\t<\/div>\n\t\t\t\t<div class=\"elementor-element elementor-element-9957653 e-transform elementor-widget elementor-widget-image\" data-id=\"9957653\" data-element_type=\"widget\" data-settings=\"{&quot;_transform_scale_effect_hover&quot;:{&quot;unit&quot;:&quot;px&quot;,&quot;size&quot;:1.1,&quot;sizes&quot;:[]},&quot;_transform_scale_effect_hover_tablet&quot;:{&quot;unit&quot;:&quot;px&quot;,&quot;size&quot;:&quot;&quot;,&quot;sizes&quot;:[]},&quot;_transform_scale_effect_hover_mobile&quot;:{&quot;unit&quot;:&quot;px&quot;,&quot;size&quot;:&quot;&quot;,&quot;sizes&quot;:[]}}\" data-widget_type=\"image.default\">\n\t\t\t\t<div class=\"elementor-widget-container\">\n\t\t\t\t\t\t\t\t\t\t\t\t\t\t\t\t<a href=\"https:\/\/muniovalle.cl\/sitio\/servicios\/beca-concejo-municipal\/\" target=\"_blank\">\n\t\t\t\t\t\t\t<img loading=\"lazy\" decoding=\"async\" width=\"2560\" height=\"1442\" src=\"https:\/\/muniovalle.cl\/sitio\/wp-content\/uploads\/2026\/03\/Beca-Concejo-Municipal_-copia.jpg\" class=\"attachment-full size-full wp-image-11742\" alt=\"\" srcset=\"https:\/\/muniovalle.cl\/sitio\/wp-content\/uploads\/2026\/03\/Beca-Concejo-Municipal_-copia.jpg 2560w, https:\/\/muniovalle.cl\/sitio\/wp-content\/uploads\/2026\/03\/Beca-Concejo-Municipal_-copia-300x169.jpg 300w, https:\/\/muniovalle.cl\/sitio\/wp-content\/uploads\/2026\/03\/Beca-Concejo-Municipal_-copia-1024x577.jpg 1024w, https:\/\/muniovalle.cl\/sitio\/wp-content\/uploads\/2026\/03\/Beca-Concejo-Municipal_-copia-768x433.jpg 768w, https:\/\/muniovalle.cl\/sitio\/wp-content\/uploads\/2026\/03\/Beca-Concejo-Municipal_-copia-1536x865.jpg 1536w, https:\/\/muniovalle.cl\/sitio\/wp-content\/uploads\/2026\/03\/Beca-Concejo-Municipal_-copia-2048x1154.jpg 2048w, https:\/\/muniovalle.cl\/sitio\/wp-content\/uploads\/2026\/03\/Beca-Concejo-Municipal_-copia-500x282.jpg 500w, https:\/\/muniovalle.cl\/sitio\/wp-content\/uploads\/2026\/03\/Beca-Concejo-Municipal_-copia-800x451.jpg 800w, https:\/\/muniovalle.cl\/sitio\/wp-content\/uploads\/2026\/03\/Beca-Concejo-Municipal_-copia-1280x721.jpg 1280w, https:\/\/muniovalle.cl\/sitio\/wp-content\/uploads\/2026\/03\/Beca-Concejo-Municipal_-copia-1920x1082.jpg 1920w\" sizes=\"(max-width: 2560px) 100vw, 2560px\" \/>\t\t\t\t\t\t\t\t<\/a>\n\t\t\t\t\t\t\t\t\t\t\t\t\t\t\t<\/div>\n\t\t\t\t<\/div>\n\t\t\t\t<div class=\"elementor-element elementor-element-96e07e4 e-transform elementor-widget elementor-widget-image\" data-id=\"96e07e4\" data-element_type=\"widget\" data-settings=\"{&quot;_transform_scale_effect_hover&quot;:{&quot;unit&quot;:&quot;px&quot;,&quot;size&quot;:1.1,&quot;sizes&quot;:[]},&quot;_transform_scale_effect_hover_tablet&quot;:{&quot;unit&quot;:&quot;px&quot;,&quot;size&quot;:&quot;&quot;,&quot;sizes&quot;:[]},&quot;_transform_scale_effect_hover_mobile&quot;:{&quot;unit&quot;:&quot;px&quot;,&quot;size&quot;:&quot;&quot;,&quot;sizes&quot;:[]}}\" data-widget_type=\"image.default\">\n\t\t\t\t<div class=\"elementor-widget-container\">\n\t\t\t\t\t\t\t\t\t\t\t\t\t\t\t\t<a href=\"https:\/\/muniovalle.cl\/sitio\/wp-content\/uploads\/2026\/01\/114.pdf\" target=\"_blank\">\n\t\t\t\t\t\t\t<img loading=\"lazy\" decoding=\"async\" width=\"2560\" height=\"1442\" src=\"https:\/\/muniovalle.cl\/sitio\/wp-content\/uploads\/2026\/01\/Plan-de-desarrollo-Comunal-2020-202.jpg\" class=\"attachment-full size-full wp-image-11519\" alt=\"\" srcset=\"https:\/\/muniovalle.cl\/sitio\/wp-content\/uploads\/2026\/01\/Plan-de-desarrollo-Comunal-2020-202.jpg 2560w, https:\/\/muniovalle.cl\/sitio\/wp-content\/uploads\/2026\/01\/Plan-de-desarrollo-Comunal-2020-202-300x169.jpg 300w, https:\/\/muniovalle.cl\/sitio\/wp-content\/uploads\/2026\/01\/Plan-de-desarrollo-Comunal-2020-202-1024x577.jpg 1024w, https:\/\/muniovalle.cl\/sitio\/wp-content\/uploads\/2026\/01\/Plan-de-desarrollo-Comunal-2020-202-768x433.jpg 768w, https:\/\/muniovalle.cl\/sitio\/wp-content\/uploads\/2026\/01\/Plan-de-desarrollo-Comunal-2020-202-1536x865.jpg 1536w, https:\/\/muniovalle.cl\/sitio\/wp-content\/uploads\/2026\/01\/Plan-de-desarrollo-Comunal-2020-202-2048x1154.jpg 2048w, https:\/\/muniovalle.cl\/sitio\/wp-content\/uploads\/2026\/01\/Plan-de-desarrollo-Comunal-2020-202-500x282.jpg 500w, https:\/\/muniovalle.cl\/sitio\/wp-content\/uploads\/2026\/01\/Plan-de-desarrollo-Comunal-2020-202-800x451.jpg 800w, https:\/\/muniovalle.cl\/sitio\/wp-content\/uploads\/2026\/01\/Plan-de-desarrollo-Comunal-2020-202-1280x721.jpg 1280w, https:\/\/muniovalle.cl\/sitio\/wp-content\/uploads\/2026\/01\/Plan-de-desarrollo-Comunal-2020-202-1920x1082.jpg 1920w\" sizes=\"(max-width: 2560px) 100vw, 2560px\" \/>\t\t\t\t\t\t\t\t<\/a>\n\t\t\t\t\t\t\t\t\t\t\t\t\t\t\t<\/div>\n\t\t\t\t<\/div>\n\t\t\t\t<div class=\"elementor-element elementor-element-b996dd5 e-transform elementor-widget elementor-widget-image\" data-id=\"b996dd5\" data-element_type=\"widget\" data-settings=\"{&quot;_transform_scale_effect_hover&quot;:{&quot;unit&quot;:&quot;px&quot;,&quot;size&quot;:1.1,&quot;sizes&quot;:[]},&quot;_transform_scale_effect_hover_tablet&quot;:{&quot;unit&quot;:&quot;px&quot;,&quot;size&quot;:&quot;&quot;,&quot;sizes&quot;:[]},&quot;_transform_scale_effect_hover_mobile&quot;:{&quot;unit&quot;:&quot;px&quot;,&quot;size&quot;:&quot;&quot;,&quot;sizes&quot;:[]}}\" data-widget_type=\"image.default\">\n\t\t\t\t<div class=\"elementor-widget-container\">\n\t\t\t\t\t\t\t\t\t\t\t\t\t\t\t\t<a href=\"https:\/\/muniovalle.cl\/sitio\/procedimientos-en-caso-de-sismos-y-terremotos\/\" target=\"_blank\">\n\t\t\t\t\t\t\t<img loading=\"lazy\" decoding=\"async\" width=\"2560\" height=\"1447\" src=\"https:\/\/muniovalle.cl\/sitio\/wp-content\/uploads\/2025\/10\/BANNER-TERREMOTO-FERIA-MODELO-scaled.jpg\" class=\"attachment-full size-full wp-image-11081\" alt=\"\" srcset=\"https:\/\/muniovalle.cl\/sitio\/wp-content\/uploads\/2025\/10\/BANNER-TERREMOTO-FERIA-MODELO-scaled.jpg 2560w, https:\/\/muniovalle.cl\/sitio\/wp-content\/uploads\/2025\/10\/BANNER-TERREMOTO-FERIA-MODELO-300x170.jpg 300w, https:\/\/muniovalle.cl\/sitio\/wp-content\/uploads\/2025\/10\/BANNER-TERREMOTO-FERIA-MODELO-1024x579.jpg 1024w, https:\/\/muniovalle.cl\/sitio\/wp-content\/uploads\/2025\/10\/BANNER-TERREMOTO-FERIA-MODELO-768x434.jpg 768w, https:\/\/muniovalle.cl\/sitio\/wp-content\/uploads\/2025\/10\/BANNER-TERREMOTO-FERIA-MODELO-1536x868.jpg 1536w, https:\/\/muniovalle.cl\/sitio\/wp-content\/uploads\/2025\/10\/BANNER-TERREMOTO-FERIA-MODELO-2048x1158.jpg 2048w, https:\/\/muniovalle.cl\/sitio\/wp-content\/uploads\/2025\/10\/BANNER-TERREMOTO-FERIA-MODELO-500x283.jpg 500w, https:\/\/muniovalle.cl\/sitio\/wp-content\/uploads\/2025\/10\/BANNER-TERREMOTO-FERIA-MODELO-800x452.jpg 800w, https:\/\/muniovalle.cl\/sitio\/wp-content\/uploads\/2025\/10\/BANNER-TERREMOTO-FERIA-MODELO-1280x724.jpg 1280w, https:\/\/muniovalle.cl\/sitio\/wp-content\/uploads\/2025\/10\/BANNER-TERREMOTO-FERIA-MODELO-1920x1085.jpg 1920w\" sizes=\"(max-width: 2560px) 100vw, 2560px\" \/>\t\t\t\t\t\t\t\t<\/a>\n\t\t\t\t\t\t\t\t\t\t\t\t\t\t\t<\/div>\n\t\t\t\t<\/div>\n\t\t\t\t<div class=\"elementor-element elementor-element-a3ef298 e-transform elementor-widget elementor-widget-image\" data-id=\"a3ef298\" data-element_type=\"widget\" data-settings=\"{&quot;_transform_scale_effect_hover&quot;:{&quot;unit&quot;:&quot;px&quot;,&quot;size&quot;:1.1,&quot;sizes&quot;:[]},&quot;_transform_scale_effect_hover_tablet&quot;:{&quot;unit&quot;:&quot;px&quot;,&quot;size&quot;:&quot;&quot;,&quot;sizes&quot;:[]},&quot;_transform_scale_effect_hover_mobile&quot;:{&quot;unit&quot;:&quot;px&quot;,&quot;size&quot;:&quot;&quot;,&quot;sizes&quot;:[]}}\" data-widget_type=\"image.default\">\n\t\t\t\t<div class=\"elementor-widget-container\">\n\t\t\t\t\t\t\t\t\t\t\t\t\t\t\t\t<a href=\"https:\/\/www.registrosocial.gob.cl\/\" target=\"_blank\">\n\t\t\t\t\t\t\t<img loading=\"lazy\" decoding=\"async\" width=\"2560\" height=\"1442\" src=\"https:\/\/muniovalle.cl\/sitio\/wp-content\/uploads\/2025\/10\/registro-social1.jpg\" class=\"attachment-full size-full wp-image-10984\" alt=\"\" srcset=\"https:\/\/muniovalle.cl\/sitio\/wp-content\/uploads\/2025\/10\/registro-social1.jpg 2560w, https:\/\/muniovalle.cl\/sitio\/wp-content\/uploads\/2025\/10\/registro-social1-300x169.jpg 300w, https:\/\/muniovalle.cl\/sitio\/wp-content\/uploads\/2025\/10\/registro-social1-1024x577.jpg 1024w, https:\/\/muniovalle.cl\/sitio\/wp-content\/uploads\/2025\/10\/registro-social1-768x433.jpg 768w, https:\/\/muniovalle.cl\/sitio\/wp-content\/uploads\/2025\/10\/registro-social1-1536x865.jpg 1536w, https:\/\/muniovalle.cl\/sitio\/wp-content\/uploads\/2025\/10\/registro-social1-2048x1154.jpg 2048w, https:\/\/muniovalle.cl\/sitio\/wp-content\/uploads\/2025\/10\/registro-social1-500x282.jpg 500w, https:\/\/muniovalle.cl\/sitio\/wp-content\/uploads\/2025\/10\/registro-social1-800x451.jpg 800w, https:\/\/muniovalle.cl\/sitio\/wp-content\/uploads\/2025\/10\/registro-social1-1280x721.jpg 1280w, https:\/\/muniovalle.cl\/sitio\/wp-content\/uploads\/2025\/10\/registro-social1-1920x1082.jpg 1920w\" sizes=\"(max-width: 2560px) 100vw, 2560px\" \/>\t\t\t\t\t\t\t\t<\/a>\n\t\t\t\t\t\t\t\t\t\t\t\t\t\t\t<\/div>\n\t\t\t\t<\/div>\n\t\t\t\t<div class=\"elementor-element elementor-element-39487e0 e-transform elementor-widget elementor-widget-image\" data-id=\"39487e0\" data-element_type=\"widget\" data-settings=\"{&quot;_transform_scale_effect_hover&quot;:{&quot;unit&quot;:&quot;px&quot;,&quot;size&quot;:1.1,&quot;sizes&quot;:[]},&quot;_transform_scale_effect_hover_tablet&quot;:{&quot;unit&quot;:&quot;px&quot;,&quot;size&quot;:&quot;&quot;,&quot;sizes&quot;:[]},&quot;_transform_scale_effect_hover_mobile&quot;:{&quot;unit&quot;:&quot;px&quot;,&quot;size&quot;:&quot;&quot;,&quot;sizes&quot;:[]}}\" data-widget_type=\"image.default\">\n\t\t\t\t<div class=\"elementor-widget-container\">\n\t\t\t\t\t\t\t\t\t\t\t\t\t\t\t\t<a href=\"https:\/\/muniovalle.cl\/sitio\/llamado-acuerdo-escazu\/\">\n\t\t\t\t\t\t\t<img loading=\"lazy\" decoding=\"async\" width=\"2560\" height=\"1442\" src=\"https:\/\/muniovalle.cl\/sitio\/wp-content\/uploads\/2025\/09\/Banner-Convocatoria-Escazu.jpg\" class=\"attachment-full size-full wp-image-10851\" alt=\"\" srcset=\"https:\/\/muniovalle.cl\/sitio\/wp-content\/uploads\/2025\/09\/Banner-Convocatoria-Escazu.jpg 2560w, https:\/\/muniovalle.cl\/sitio\/wp-content\/uploads\/2025\/09\/Banner-Convocatoria-Escazu-300x169.jpg 300w, https:\/\/muniovalle.cl\/sitio\/wp-content\/uploads\/2025\/09\/Banner-Convocatoria-Escazu-1024x577.jpg 1024w, https:\/\/muniovalle.cl\/sitio\/wp-content\/uploads\/2025\/09\/Banner-Convocatoria-Escazu-768x433.jpg 768w, https:\/\/muniovalle.cl\/sitio\/wp-content\/uploads\/2025\/09\/Banner-Convocatoria-Escazu-1536x865.jpg 1536w, https:\/\/muniovalle.cl\/sitio\/wp-content\/uploads\/2025\/09\/Banner-Convocatoria-Escazu-2048x1154.jpg 2048w, https:\/\/muniovalle.cl\/sitio\/wp-content\/uploads\/2025\/09\/Banner-Convocatoria-Escazu-500x282.jpg 500w, https:\/\/muniovalle.cl\/sitio\/wp-content\/uploads\/2025\/09\/Banner-Convocatoria-Escazu-800x451.jpg 800w, https:\/\/muniovalle.cl\/sitio\/wp-content\/uploads\/2025\/09\/Banner-Convocatoria-Escazu-1280x721.jpg 1280w, https:\/\/muniovalle.cl\/sitio\/wp-content\/uploads\/2025\/09\/Banner-Convocatoria-Escazu-1920x1082.jpg 1920w\" sizes=\"(max-width: 2560px) 100vw, 2560px\" \/>\t\t\t\t\t\t\t\t<\/a>\n\t\t\t\t\t\t\t\t\t\t\t\t\t\t\t<\/div>\n\t\t\t\t<\/div>\n\t\t\t\t<div class=\"elementor-element elementor-element-4dfc5a1 e-transform elementor-widget elementor-widget-image\" data-id=\"4dfc5a1\" data-element_type=\"widget\" data-settings=\"{&quot;_transform_scale_effect_hover&quot;:{&quot;unit&quot;:&quot;px&quot;,&quot;size&quot;:1.1,&quot;sizes&quot;:[]},&quot;_transform_scale_effect_hover_tablet&quot;:{&quot;unit&quot;:&quot;px&quot;,&quot;size&quot;:&quot;&quot;,&quot;sizes&quot;:[]},&quot;_transform_scale_effect_hover_mobile&quot;:{&quot;unit&quot;:&quot;px&quot;,&quot;size&quot;:&quot;&quot;,&quot;sizes&quot;:[]}}\" data-widget_type=\"image.default\">\n\t\t\t\t<div class=\"elementor-widget-container\">\n\t\t\t\t\t\t\t\t\t\t\t\t\t\t\t\t<a href=\"https:\/\/muniovalle.cl\/sitio\/convocatoria\">\n\t\t\t\t\t\t\t<img loading=\"lazy\" decoding=\"async\" width=\"2560\" height=\"1442\" src=\"https:\/\/muniovalle.cl\/sitio\/wp-content\/uploads\/2025\/09\/convocatoria-al-cac-copia.jpg\" class=\"attachment-full size-full wp-image-10818\" alt=\"\" srcset=\"https:\/\/muniovalle.cl\/sitio\/wp-content\/uploads\/2025\/09\/convocatoria-al-cac-copia.jpg 2560w, https:\/\/muniovalle.cl\/sitio\/wp-content\/uploads\/2025\/09\/convocatoria-al-cac-copia-300x169.jpg 300w, https:\/\/muniovalle.cl\/sitio\/wp-content\/uploads\/2025\/09\/convocatoria-al-cac-copia-1024x577.jpg 1024w, https:\/\/muniovalle.cl\/sitio\/wp-content\/uploads\/2025\/09\/convocatoria-al-cac-copia-768x433.jpg 768w, https:\/\/muniovalle.cl\/sitio\/wp-content\/uploads\/2025\/09\/convocatoria-al-cac-copia-1536x865.jpg 1536w, https:\/\/muniovalle.cl\/sitio\/wp-content\/uploads\/2025\/09\/convocatoria-al-cac-copia-2048x1154.jpg 2048w, https:\/\/muniovalle.cl\/sitio\/wp-content\/uploads\/2025\/09\/convocatoria-al-cac-copia-500x282.jpg 500w, https:\/\/muniovalle.cl\/sitio\/wp-content\/uploads\/2025\/09\/convocatoria-al-cac-copia-800x451.jpg 800w, https:\/\/muniovalle.cl\/sitio\/wp-content\/uploads\/2025\/09\/convocatoria-al-cac-copia-1280x721.jpg 1280w, https:\/\/muniovalle.cl\/sitio\/wp-content\/uploads\/2025\/09\/convocatoria-al-cac-copia-1920x1082.jpg 1920w\" sizes=\"(max-width: 2560px) 100vw, 2560px\" \/>\t\t\t\t\t\t\t\t<\/a>\n\t\t\t\t\t\t\t\t\t\t\t\t\t\t\t<\/div>\n\t\t\t\t<\/div>\n\t\t\t\t<div class=\"elementor-element elementor-element-3e2a162 e-transform elementor-widget elementor-widget-image\" data-id=\"3e2a162\" data-element_type=\"widget\" data-settings=\"{&quot;_transform_scale_effect_hover&quot;:{&quot;unit&quot;:&quot;px&quot;,&quot;size&quot;:1.1,&quot;sizes&quot;:[]},&quot;_transform_scale_effect_hover_tablet&quot;:{&quot;unit&quot;:&quot;px&quot;,&quot;size&quot;:&quot;&quot;,&quot;sizes&quot;:[]},&quot;_transform_scale_effect_hover_mobile&quot;:{&quot;unit&quot;:&quot;px&quot;,&quot;size&quot;:&quot;&quot;,&quot;sizes&quot;:[]}}\" data-widget_type=\"image.default\">\n\t\t\t\t<div class=\"elementor-widget-container\">\n\t\t\t\t\t\t\t\t\t\t\t\t\t\t\t\t<a href=\"https:\/\/docs.google.com\/forms\/d\/e\/1FAIpQLSfSZsVVWeC1XD1HwZYxm4U1I3pkBrtblNBB4G07KxMWcpmgSA\/viewform\" target=\"_blank\">\n\t\t\t\t\t\t\t<img loading=\"lazy\" decoding=\"async\" width=\"2560\" height=\"1442\" src=\"https:\/\/muniovalle.cl\/sitio\/wp-content\/uploads\/2025\/09\/escuesta-copia.jpg\" class=\"attachment-full size-full wp-image-10786\" alt=\"\" srcset=\"https:\/\/muniovalle.cl\/sitio\/wp-content\/uploads\/2025\/09\/escuesta-copia.jpg 2560w, https:\/\/muniovalle.cl\/sitio\/wp-content\/uploads\/2025\/09\/escuesta-copia-300x169.jpg 300w, https:\/\/muniovalle.cl\/sitio\/wp-content\/uploads\/2025\/09\/escuesta-copia-1024x577.jpg 1024w, https:\/\/muniovalle.cl\/sitio\/wp-content\/uploads\/2025\/09\/escuesta-copia-768x433.jpg 768w, https:\/\/muniovalle.cl\/sitio\/wp-content\/uploads\/2025\/09\/escuesta-copia-1536x865.jpg 1536w, https:\/\/muniovalle.cl\/sitio\/wp-content\/uploads\/2025\/09\/escuesta-copia-2048x1154.jpg 2048w, https:\/\/muniovalle.cl\/sitio\/wp-content\/uploads\/2025\/09\/escuesta-copia-500x282.jpg 500w, https:\/\/muniovalle.cl\/sitio\/wp-content\/uploads\/2025\/09\/escuesta-copia-800x451.jpg 800w, https:\/\/muniovalle.cl\/sitio\/wp-content\/uploads\/2025\/09\/escuesta-copia-1280x721.jpg 1280w, https:\/\/muniovalle.cl\/sitio\/wp-content\/uploads\/2025\/09\/escuesta-copia-1920x1082.jpg 1920w\" sizes=\"(max-width: 2560px) 100vw, 2560px\" \/>\t\t\t\t\t\t\t\t<\/a>\n\t\t\t\t\t\t\t\t\t\t\t\t\t\t\t<\/div>\n\t\t\t\t<\/div>\n\t\t\t\t<div class=\"elementor-element elementor-element-a7b2330 e-transform elementor-widget elementor-widget-image\" data-id=\"a7b2330\" data-element_type=\"widget\" data-settings=\"{&quot;_transform_scale_effect_hover&quot;:{&quot;unit&quot;:&quot;px&quot;,&quot;size&quot;:1.1,&quot;sizes&quot;:[]},&quot;_transform_scale_effect_hover_tablet&quot;:{&quot;unit&quot;:&quot;px&quot;,&quot;size&quot;:&quot;&quot;,&quot;sizes&quot;:[]},&quot;_transform_scale_effect_hover_mobile&quot;:{&quot;unit&quot;:&quot;px&quot;,&quot;size&quot;:&quot;&quot;,&quot;sizes&quot;:[]}}\" data-widget_type=\"image.default\">\n\t\t\t\t<div class=\"elementor-widget-container\">\n\t\t\t\t\t\t\t\t\t\t\t\t\t\t\t\t<a href=\"https:\/\/muniovalle.cl\/sitio\/estados-financieros\/\" target=\"_blank\">\n\t\t\t\t\t\t\t<img loading=\"lazy\" decoding=\"async\" width=\"2560\" height=\"1442\" src=\"https:\/\/muniovalle.cl\/sitio\/wp-content\/uploads\/2025\/06\/banner-beca-2.jpg\" class=\"attachment-full size-full wp-image-10207\" alt=\"\" srcset=\"https:\/\/muniovalle.cl\/sitio\/wp-content\/uploads\/2025\/06\/banner-beca-2.jpg 2560w, https:\/\/muniovalle.cl\/sitio\/wp-content\/uploads\/2025\/06\/banner-beca-2-300x169.jpg 300w, https:\/\/muniovalle.cl\/sitio\/wp-content\/uploads\/2025\/06\/banner-beca-2-1024x577.jpg 1024w, https:\/\/muniovalle.cl\/sitio\/wp-content\/uploads\/2025\/06\/banner-beca-2-768x433.jpg 768w, https:\/\/muniovalle.cl\/sitio\/wp-content\/uploads\/2025\/06\/banner-beca-2-1536x865.jpg 1536w, https:\/\/muniovalle.cl\/sitio\/wp-content\/uploads\/2025\/06\/banner-beca-2-2048x1154.jpg 2048w, https:\/\/muniovalle.cl\/sitio\/wp-content\/uploads\/2025\/06\/banner-beca-2-500x282.jpg 500w, https:\/\/muniovalle.cl\/sitio\/wp-content\/uploads\/2025\/06\/banner-beca-2-800x451.jpg 800w, https:\/\/muniovalle.cl\/sitio\/wp-content\/uploads\/2025\/06\/banner-beca-2-1280x721.jpg 1280w, https:\/\/muniovalle.cl\/sitio\/wp-content\/uploads\/2025\/06\/banner-beca-2-1920x1082.jpg 1920w\" sizes=\"(max-width: 2560px) 100vw, 2560px\" \/>\t\t\t\t\t\t\t\t<\/a>\n\t\t\t\t\t\t\t\t\t\t\t\t\t\t\t<\/div>\n\t\t\t\t<\/div>\n\t\t\t\t<div class=\"elementor-element elementor-element-b3a45a6 e-transform elementor-widget elementor-widget-image\" data-id=\"b3a45a6\" data-element_type=\"widget\" data-settings=\"{&quot;_transform_scale_effect_hover&quot;:{&quot;unit&quot;:&quot;px&quot;,&quot;size&quot;:1.1,&quot;sizes&quot;:[]},&quot;_transform_scale_effect_hover_tablet&quot;:{&quot;unit&quot;:&quot;px&quot;,&quot;size&quot;:&quot;&quot;,&quot;sizes&quot;:[]},&quot;_transform_scale_effect_hover_mobile&quot;:{&quot;unit&quot;:&quot;px&quot;,&quot;size&quot;:&quot;&quot;,&quot;sizes&quot;:[]}}\" data-widget_type=\"image.default\">\n\t\t\t\t<div class=\"elementor-widget-container\">\n\t\t\t\t\t\t\t\t\t\t\t\t\t\t\t\t<a href=\"https:\/\/muniovalle.cl\/sitio\/servicios\/beca-concejo-reusltado\/\">\n\t\t\t\t\t\t\t<img loading=\"lazy\" decoding=\"async\" width=\"2560\" height=\"1442\" src=\"https:\/\/muniovalle.cl\/sitio\/wp-content\/uploads\/2025\/06\/banner-beca.jpg\" class=\"attachment-full size-full wp-image-10143\" alt=\"\" srcset=\"https:\/\/muniovalle.cl\/sitio\/wp-content\/uploads\/2025\/06\/banner-beca.jpg 2560w, https:\/\/muniovalle.cl\/sitio\/wp-content\/uploads\/2025\/06\/banner-beca-300x169.jpg 300w, https:\/\/muniovalle.cl\/sitio\/wp-content\/uploads\/2025\/06\/banner-beca-1024x577.jpg 1024w, https:\/\/muniovalle.cl\/sitio\/wp-content\/uploads\/2025\/06\/banner-beca-768x433.jpg 768w, https:\/\/muniovalle.cl\/sitio\/wp-content\/uploads\/2025\/06\/banner-beca-1536x865.jpg 1536w, https:\/\/muniovalle.cl\/sitio\/wp-content\/uploads\/2025\/06\/banner-beca-2048x1154.jpg 2048w, https:\/\/muniovalle.cl\/sitio\/wp-content\/uploads\/2025\/06\/banner-beca-500x282.jpg 500w, https:\/\/muniovalle.cl\/sitio\/wp-content\/uploads\/2025\/06\/banner-beca-800x451.jpg 800w, https:\/\/muniovalle.cl\/sitio\/wp-content\/uploads\/2025\/06\/banner-beca-1280x721.jpg 1280w, https:\/\/muniovalle.cl\/sitio\/wp-content\/uploads\/2025\/06\/banner-beca-1920x1082.jpg 1920w\" sizes=\"(max-width: 2560px) 100vw, 2560px\" \/>\t\t\t\t\t\t\t\t<\/a>\n\t\t\t\t\t\t\t\t\t\t\t\t\t\t\t<\/div>\n\t\t\t\t<\/div>\n\t\t\t\t<div class=\"elementor-element elementor-element-b65551e e-transform elementor-widget elementor-widget-image\" data-id=\"b65551e\" data-element_type=\"widget\" data-settings=\"{&quot;_transform_scale_effect_hover&quot;:{&quot;unit&quot;:&quot;px&quot;,&quot;size&quot;:1.1,&quot;sizes&quot;:[]},&quot;_transform_scale_effect_hover_tablet&quot;:{&quot;unit&quot;:&quot;px&quot;,&quot;size&quot;:&quot;&quot;,&quot;sizes&quot;:[]},&quot;_transform_scale_effect_hover_mobile&quot;:{&quot;unit&quot;:&quot;px&quot;,&quot;size&quot;:&quot;&quot;,&quot;sizes&quot;:[]}}\" data-widget_type=\"image.default\">\n\t\t\t\t<div class=\"elementor-widget-container\">\n\t\t\t\t\t\t\t\t\t\t\t\t\t\t\t\t<a href=\"https:\/\/muniovalle.cl\/sitio\/wp-content\/uploads\/2025\/04\/Informe-Final-Cuenta-Publica-2024-ok_2024.pdf\" target=\"_blank\">\n\t\t\t\t\t\t\t<img loading=\"lazy\" decoding=\"async\" width=\"2560\" height=\"1442\" src=\"https:\/\/muniovalle.cl\/sitio\/wp-content\/uploads\/2025\/04\/web-cuenta-publica.jpg\" class=\"attachment-full size-full wp-image-9934\" alt=\"\" srcset=\"https:\/\/muniovalle.cl\/sitio\/wp-content\/uploads\/2025\/04\/web-cuenta-publica.jpg 2560w, https:\/\/muniovalle.cl\/sitio\/wp-content\/uploads\/2025\/04\/web-cuenta-publica-300x169.jpg 300w, https:\/\/muniovalle.cl\/sitio\/wp-content\/uploads\/2025\/04\/web-cuenta-publica-1024x577.jpg 1024w, https:\/\/muniovalle.cl\/sitio\/wp-content\/uploads\/2025\/04\/web-cuenta-publica-768x433.jpg 768w, https:\/\/muniovalle.cl\/sitio\/wp-content\/uploads\/2025\/04\/web-cuenta-publica-1536x865.jpg 1536w, https:\/\/muniovalle.cl\/sitio\/wp-content\/uploads\/2025\/04\/web-cuenta-publica-2048x1154.jpg 2048w, https:\/\/muniovalle.cl\/sitio\/wp-content\/uploads\/2025\/04\/web-cuenta-publica-500x282.jpg 500w, https:\/\/muniovalle.cl\/sitio\/wp-content\/uploads\/2025\/04\/web-cuenta-publica-800x451.jpg 800w, https:\/\/muniovalle.cl\/sitio\/wp-content\/uploads\/2025\/04\/web-cuenta-publica-1280x721.jpg 1280w, https:\/\/muniovalle.cl\/sitio\/wp-content\/uploads\/2025\/04\/web-cuenta-publica-1920x1082.jpg 1920w\" sizes=\"(max-width: 2560px) 100vw, 2560px\" \/>\t\t\t\t\t\t\t\t<\/a>\n\t\t\t\t\t\t\t\t\t\t\t\t\t\t\t<\/div>\n\t\t\t\t<\/div>\n\t\t\t\t<div class=\"elementor-element elementor-element-b4fa307 e-transform elementor-widget elementor-widget-image\" data-id=\"b4fa307\" data-element_type=\"widget\" data-settings=\"{&quot;_transform_scale_effect_hover&quot;:{&quot;unit&quot;:&quot;px&quot;,&quot;size&quot;:1.1,&quot;sizes&quot;:[]},&quot;_transform_scale_effect_hover_tablet&quot;:{&quot;unit&quot;:&quot;px&quot;,&quot;size&quot;:&quot;&quot;,&quot;sizes&quot;:[]},&quot;_transform_scale_effect_hover_mobile&quot;:{&quot;unit&quot;:&quot;px&quot;,&quot;size&quot;:&quot;&quot;,&quot;sizes&quot;:[]}}\" data-widget_type=\"image.default\">\n\t\t\t\t<div class=\"elementor-widget-container\">\n\t\t\t\t\t\t\t\t\t\t\t\t\t\t\t\t<a href=\"https:\/\/docs.google.com\/forms\/d\/e\/1FAIpQLSdbNV_bC0kFISUqqGxSRWyU9vijjvqtRL1YNHhlpgz8XBJrfg\/viewform\" target=\"_blank\">\n\t\t\t\t\t\t\t<img loading=\"lazy\" decoding=\"async\" width=\"2560\" height=\"1442\" src=\"https:\/\/muniovalle.cl\/sitio\/wp-content\/uploads\/2025\/07\/Lipigas.jpg\" class=\"attachment-full size-full wp-image-10356\" alt=\"\" srcset=\"https:\/\/muniovalle.cl\/sitio\/wp-content\/uploads\/2025\/07\/Lipigas.jpg 2560w, https:\/\/muniovalle.cl\/sitio\/wp-content\/uploads\/2025\/07\/Lipigas-300x169.jpg 300w, https:\/\/muniovalle.cl\/sitio\/wp-content\/uploads\/2025\/07\/Lipigas-1024x577.jpg 1024w, https:\/\/muniovalle.cl\/sitio\/wp-content\/uploads\/2025\/07\/Lipigas-768x433.jpg 768w, https:\/\/muniovalle.cl\/sitio\/wp-content\/uploads\/2025\/07\/Lipigas-1536x865.jpg 1536w, https:\/\/muniovalle.cl\/sitio\/wp-content\/uploads\/2025\/07\/Lipigas-2048x1154.jpg 2048w, https:\/\/muniovalle.cl\/sitio\/wp-content\/uploads\/2025\/07\/Lipigas-500x282.jpg 500w, https:\/\/muniovalle.cl\/sitio\/wp-content\/uploads\/2025\/07\/Lipigas-800x451.jpg 800w, https:\/\/muniovalle.cl\/sitio\/wp-content\/uploads\/2025\/07\/Lipigas-1280x721.jpg 1280w, https:\/\/muniovalle.cl\/sitio\/wp-content\/uploads\/2025\/07\/Lipigas-1920x1082.jpg 1920w\" sizes=\"(max-width: 2560px) 100vw, 2560px\" \/>\t\t\t\t\t\t\t\t<\/a>\n\t\t\t\t\t\t\t\t\t\t\t\t\t\t\t<\/div>\n\t\t\t\t<\/div>\n\t\t\t\t<div class=\"elementor-element elementor-element-d6113ae e-transform elementor-widget elementor-widget-image\" data-id=\"d6113ae\" data-element_type=\"widget\" data-settings=\"{&quot;_transform_scale_effect_hover&quot;:{&quot;unit&quot;:&quot;px&quot;,&quot;size&quot;:1.1,&quot;sizes&quot;:[]},&quot;_transform_scale_effect_hover_tablet&quot;:{&quot;unit&quot;:&quot;px&quot;,&quot;size&quot;:&quot;&quot;,&quot;sizes&quot;:[]},&quot;_transform_scale_effect_hover_mobile&quot;:{&quot;unit&quot;:&quot;px&quot;,&quot;size&quot;:&quot;&quot;,&quot;sizes&quot;:[]}}\" data-widget_type=\"image.default\">\n\t\t\t\t<div class=\"elementor-widget-container\">\n\t\t\t\t\t\t\t\t\t\t\t\t\t\t\t\t<a href=\"https:\/\/muniovalle.cl\/sitio\/wp-content\/uploads\/2025\/10\/3772-29.10.25-Apruebase-Ordenanza-sobre-derechos-municipales-por-permisos-o-concesiones-carias-vigente-desde-01.01.26.pdf\" target=\"_blank\">\n\t\t\t\t\t\t\t<img loading=\"lazy\" decoding=\"async\" width=\"2560\" height=\"1442\" src=\"https:\/\/muniovalle.cl\/sitio\/wp-content\/uploads\/2025\/10\/ordenanza-sobre-derechos-municipales-2-1.jpg\" class=\"attachment-full size-full wp-image-11070\" alt=\"\" srcset=\"https:\/\/muniovalle.cl\/sitio\/wp-content\/uploads\/2025\/10\/ordenanza-sobre-derechos-municipales-2-1.jpg 2560w, https:\/\/muniovalle.cl\/sitio\/wp-content\/uploads\/2025\/10\/ordenanza-sobre-derechos-municipales-2-1-300x169.jpg 300w, https:\/\/muniovalle.cl\/sitio\/wp-content\/uploads\/2025\/10\/ordenanza-sobre-derechos-municipales-2-1-1024x577.jpg 1024w, https:\/\/muniovalle.cl\/sitio\/wp-content\/uploads\/2025\/10\/ordenanza-sobre-derechos-municipales-2-1-768x433.jpg 768w, https:\/\/muniovalle.cl\/sitio\/wp-content\/uploads\/2025\/10\/ordenanza-sobre-derechos-municipales-2-1-1536x865.jpg 1536w, https:\/\/muniovalle.cl\/sitio\/wp-content\/uploads\/2025\/10\/ordenanza-sobre-derechos-municipales-2-1-2048x1154.jpg 2048w, https:\/\/muniovalle.cl\/sitio\/wp-content\/uploads\/2025\/10\/ordenanza-sobre-derechos-municipales-2-1-500x282.jpg 500w, https:\/\/muniovalle.cl\/sitio\/wp-content\/uploads\/2025\/10\/ordenanza-sobre-derechos-municipales-2-1-800x451.jpg 800w, https:\/\/muniovalle.cl\/sitio\/wp-content\/uploads\/2025\/10\/ordenanza-sobre-derechos-municipales-2-1-1280x721.jpg 1280w, https:\/\/muniovalle.cl\/sitio\/wp-content\/uploads\/2025\/10\/ordenanza-sobre-derechos-municipales-2-1-1920x1082.jpg 1920w\" sizes=\"(max-width: 2560px) 100vw, 2560px\" \/>\t\t\t\t\t\t\t\t<\/a>\n\t\t\t\t\t\t\t\t\t\t\t\t\t\t\t<\/div>\n\t\t\t\t<\/div>\n\t\t\t\t<div class=\"elementor-element elementor-element-12025d2 e-transform elementor-widget elementor-widget-image\" data-id=\"12025d2\" data-element_type=\"widget\" data-settings=\"{&quot;_transform_scale_effect_hover&quot;:{&quot;unit&quot;:&quot;px&quot;,&quot;size&quot;:1.1,&quot;sizes&quot;:[]},&quot;_transform_scale_effect_hover_tablet&quot;:{&quot;unit&quot;:&quot;px&quot;,&quot;size&quot;:&quot;&quot;,&quot;sizes&quot;:[]},&quot;_transform_scale_effect_hover_mobile&quot;:{&quot;unit&quot;:&quot;px&quot;,&quot;size&quot;:&quot;&quot;,&quot;sizes&quot;:[]}}\" data-widget_type=\"image.default\">\n\t\t\t\t<div class=\"elementor-widget-container\">\n\t\t\t\t\t\t\t\t\t\t\t\t\t\t\t\t<a href=\"https:\/\/muniovalle.cl\/sitio\/wp-content\/uploads\/2024\/10\/D-EXTO-6612-APRUEBA-ORDENANZA-MEDIO-AMBIENTAL-COMUNA-DE-OVALLE.pdf\" target=\"_blank\">\n\t\t\t\t\t\t\t<img loading=\"lazy\" decoding=\"async\" width=\"2560\" height=\"1442\" src=\"https:\/\/muniovalle.cl\/sitio\/wp-content\/uploads\/2025\/07\/Ordenanza.jpg\" class=\"attachment-full size-full wp-image-10344\" alt=\"\" srcset=\"https:\/\/muniovalle.cl\/sitio\/wp-content\/uploads\/2025\/07\/Ordenanza.jpg 2560w, https:\/\/muniovalle.cl\/sitio\/wp-content\/uploads\/2025\/07\/Ordenanza-300x169.jpg 300w, https:\/\/muniovalle.cl\/sitio\/wp-content\/uploads\/2025\/07\/Ordenanza-1024x577.jpg 1024w, https:\/\/muniovalle.cl\/sitio\/wp-content\/uploads\/2025\/07\/Ordenanza-768x433.jpg 768w, https:\/\/muniovalle.cl\/sitio\/wp-content\/uploads\/2025\/07\/Ordenanza-1536x865.jpg 1536w, https:\/\/muniovalle.cl\/sitio\/wp-content\/uploads\/2025\/07\/Ordenanza-2048x1154.jpg 2048w, https:\/\/muniovalle.cl\/sitio\/wp-content\/uploads\/2025\/07\/Ordenanza-500x282.jpg 500w, https:\/\/muniovalle.cl\/sitio\/wp-content\/uploads\/2025\/07\/Ordenanza-800x451.jpg 800w, https:\/\/muniovalle.cl\/sitio\/wp-content\/uploads\/2025\/07\/Ordenanza-1280x721.jpg 1280w, https:\/\/muniovalle.cl\/sitio\/wp-content\/uploads\/2025\/07\/Ordenanza-1920x1082.jpg 1920w\" sizes=\"(max-width: 2560px) 100vw, 2560px\" \/>\t\t\t\t\t\t\t\t<\/a>\n\t\t\t\t\t\t\t\t\t\t\t\t\t\t\t<\/div>\n\t\t\t\t<\/div>\n\t\t\t\t<div class=\"elementor-element elementor-element-0c0869a e-transform elementor-widget elementor-widget-image\" data-id=\"0c0869a\" data-element_type=\"widget\" data-settings=\"{&quot;_transform_scale_effect_hover&quot;:{&quot;unit&quot;:&quot;px&quot;,&quot;size&quot;:1.1,&quot;sizes&quot;:[]},&quot;_transform_scale_effect_hover_tablet&quot;:{&quot;unit&quot;:&quot;px&quot;,&quot;size&quot;:&quot;&quot;,&quot;sizes&quot;:[]},&quot;_transform_scale_effect_hover_mobile&quot;:{&quot;unit&quot;:&quot;px&quot;,&quot;size&quot;:&quot;&quot;,&quot;sizes&quot;:[]}}\" data-widget_type=\"image.default\">\n\t\t\t\t<div class=\"elementor-widget-container\">\n\t\t\t\t\t\t\t\t\t\t\t\t\t\t\t\t<a href=\"https:\/\/muniovalle.cl\/sitio\/servicios\/plan-regulador-comunal\/consulta-publica-de-imagen-objetivo-y-sus-planos\/\">\n\t\t\t\t\t\t\t<img loading=\"lazy\" decoding=\"async\" width=\"2560\" height=\"1442\" src=\"https:\/\/muniovalle.cl\/sitio\/wp-content\/uploads\/2025\/07\/actualizacion.jpg\" class=\"attachment-full size-full wp-image-10342\" alt=\"\" srcset=\"https:\/\/muniovalle.cl\/sitio\/wp-content\/uploads\/2025\/07\/actualizacion.jpg 2560w, https:\/\/muniovalle.cl\/sitio\/wp-content\/uploads\/2025\/07\/actualizacion-300x169.jpg 300w, https:\/\/muniovalle.cl\/sitio\/wp-content\/uploads\/2025\/07\/actualizacion-1024x577.jpg 1024w, https:\/\/muniovalle.cl\/sitio\/wp-content\/uploads\/2025\/07\/actualizacion-768x433.jpg 768w, https:\/\/muniovalle.cl\/sitio\/wp-content\/uploads\/2025\/07\/actualizacion-1536x865.jpg 1536w, https:\/\/muniovalle.cl\/sitio\/wp-content\/uploads\/2025\/07\/actualizacion-2048x1154.jpg 2048w, https:\/\/muniovalle.cl\/sitio\/wp-content\/uploads\/2025\/07\/actualizacion-500x282.jpg 500w, https:\/\/muniovalle.cl\/sitio\/wp-content\/uploads\/2025\/07\/actualizacion-800x451.jpg 800w, https:\/\/muniovalle.cl\/sitio\/wp-content\/uploads\/2025\/07\/actualizacion-1280x721.jpg 1280w, https:\/\/muniovalle.cl\/sitio\/wp-content\/uploads\/2025\/07\/actualizacion-1920x1082.jpg 1920w\" sizes=\"(max-width: 2560px) 100vw, 2560px\" \/>\t\t\t\t\t\t\t\t<\/a>\n\t\t\t\t\t\t\t\t\t\t\t\t\t\t\t<\/div>\n\t\t\t\t<\/div>\n\t\t\t\t<div class=\"elementor-element elementor-element-6a16e98 e-transform elementor-widget elementor-widget-image\" data-id=\"6a16e98\" data-element_type=\"widget\" data-settings=\"{&quot;_transform_scale_effect_hover&quot;:{&quot;unit&quot;:&quot;px&quot;,&quot;size&quot;:1.1,&quot;sizes&quot;:[]},&quot;_transform_scale_effect_hover_tablet&quot;:{&quot;unit&quot;:&quot;px&quot;,&quot;size&quot;:&quot;&quot;,&quot;sizes&quot;:[]},&quot;_transform_scale_effect_hover_mobile&quot;:{&quot;unit&quot;:&quot;px&quot;,&quot;size&quot;:&quot;&quot;,&quot;sizes&quot;:[]}}\" data-widget_type=\"image.default\">\n\t\t\t\t<div class=\"elementor-widget-container\">\n\t\t\t\t\t\t\t\t\t\t\t\t\t\t\t\t<a href=\"https:\/\/muniovalle.cl\/sitio\/registro-de-organizaciones-comunitarias\/\">\n\t\t\t\t\t\t\t<img loading=\"lazy\" decoding=\"async\" width=\"2560\" height=\"1442\" src=\"https:\/\/muniovalle.cl\/sitio\/wp-content\/uploads\/2025\/07\/registro-civil.jpg\" class=\"attachment-full size-full wp-image-10355\" alt=\"\" srcset=\"https:\/\/muniovalle.cl\/sitio\/wp-content\/uploads\/2025\/07\/registro-civil.jpg 2560w, https:\/\/muniovalle.cl\/sitio\/wp-content\/uploads\/2025\/07\/registro-civil-300x169.jpg 300w, https:\/\/muniovalle.cl\/sitio\/wp-content\/uploads\/2025\/07\/registro-civil-1024x577.jpg 1024w, https:\/\/muniovalle.cl\/sitio\/wp-content\/uploads\/2025\/07\/registro-civil-768x433.jpg 768w, https:\/\/muniovalle.cl\/sitio\/wp-content\/uploads\/2025\/07\/registro-civil-1536x865.jpg 1536w, https:\/\/muniovalle.cl\/sitio\/wp-content\/uploads\/2025\/07\/registro-civil-2048x1154.jpg 2048w, https:\/\/muniovalle.cl\/sitio\/wp-content\/uploads\/2025\/07\/registro-civil-500x282.jpg 500w, https:\/\/muniovalle.cl\/sitio\/wp-content\/uploads\/2025\/07\/registro-civil-800x451.jpg 800w, https:\/\/muniovalle.cl\/sitio\/wp-content\/uploads\/2025\/07\/registro-civil-1280x721.jpg 1280w, https:\/\/muniovalle.cl\/sitio\/wp-content\/uploads\/2025\/07\/registro-civil-1920x1082.jpg 1920w\" sizes=\"(max-width: 2560px) 100vw, 2560px\" \/>\t\t\t\t\t\t\t\t<\/a>\n\t\t\t\t\t\t\t\t\t\t\t\t\t\t\t<\/div>\n\t\t\t\t<\/div>\n\t\t\t\t<div class=\"elementor-element elementor-element-b8cce06 e-transform elementor-widget elementor-widget-image\" data-id=\"b8cce06\" data-element_type=\"widget\" data-settings=\"{&quot;_transform_scale_effect_hover&quot;:{&quot;unit&quot;:&quot;px&quot;,&quot;size&quot;:1.1,&quot;sizes&quot;:[]},&quot;_transform_scale_effect_hover_tablet&quot;:{&quot;unit&quot;:&quot;px&quot;,&quot;size&quot;:&quot;&quot;,&quot;sizes&quot;:[]},&quot;_transform_scale_effect_hover_mobile&quot;:{&quot;unit&quot;:&quot;px&quot;,&quot;size&quot;:&quot;&quot;,&quot;sizes&quot;:[]}}\" data-widget_type=\"image.default\">\n\t\t\t\t<div class=\"elementor-widget-container\">\n\t\t\t\t\t\t\t\t\t\t\t\t\t\t\t\t<a href=\"http:\/\/207.248.201.73:10000\/PACIENTES\/\" target=\"_blank\">\n\t\t\t\t\t\t\t<img loading=\"lazy\" decoding=\"async\" width=\"2560\" height=\"1442\" src=\"https:\/\/muniovalle.cl\/sitio\/wp-content\/uploads\/2025\/07\/REVISA-ONLINE-TUS-EXAMENES-AQUI.jpg\" class=\"attachment-full size-full wp-image-10335\" alt=\"\" srcset=\"https:\/\/muniovalle.cl\/sitio\/wp-content\/uploads\/2025\/07\/REVISA-ONLINE-TUS-EXAMENES-AQUI.jpg 2560w, https:\/\/muniovalle.cl\/sitio\/wp-content\/uploads\/2025\/07\/REVISA-ONLINE-TUS-EXAMENES-AQUI-300x169.jpg 300w, https:\/\/muniovalle.cl\/sitio\/wp-content\/uploads\/2025\/07\/REVISA-ONLINE-TUS-EXAMENES-AQUI-1024x577.jpg 1024w, https:\/\/muniovalle.cl\/sitio\/wp-content\/uploads\/2025\/07\/REVISA-ONLINE-TUS-EXAMENES-AQUI-768x433.jpg 768w, https:\/\/muniovalle.cl\/sitio\/wp-content\/uploads\/2025\/07\/REVISA-ONLINE-TUS-EXAMENES-AQUI-1536x865.jpg 1536w, https:\/\/muniovalle.cl\/sitio\/wp-content\/uploads\/2025\/07\/REVISA-ONLINE-TUS-EXAMENES-AQUI-2048x1154.jpg 2048w, https:\/\/muniovalle.cl\/sitio\/wp-content\/uploads\/2025\/07\/REVISA-ONLINE-TUS-EXAMENES-AQUI-500x282.jpg 500w, https:\/\/muniovalle.cl\/sitio\/wp-content\/uploads\/2025\/07\/REVISA-ONLINE-TUS-EXAMENES-AQUI-800x451.jpg 800w, https:\/\/muniovalle.cl\/sitio\/wp-content\/uploads\/2025\/07\/REVISA-ONLINE-TUS-EXAMENES-AQUI-1280x721.jpg 1280w, https:\/\/muniovalle.cl\/sitio\/wp-content\/uploads\/2025\/07\/REVISA-ONLINE-TUS-EXAMENES-AQUI-1920x1082.jpg 1920w\" sizes=\"(max-width: 2560px) 100vw, 2560px\" \/>\t\t\t\t\t\t\t\t<\/a>\n\t\t\t\t\t\t\t\t\t\t\t\t\t\t\t<\/div>\n\t\t\t\t<\/div>\n\t\t\t\t<div class=\"elementor-element elementor-element-0715ce7 e-transform elementor-widget elementor-widget-image\" data-id=\"0715ce7\" data-element_type=\"widget\" data-settings=\"{&quot;_transform_scale_effect_hover&quot;:{&quot;unit&quot;:&quot;px&quot;,&quot;size&quot;:1.1,&quot;sizes&quot;:[]},&quot;_transform_scale_effect_hover_tablet&quot;:{&quot;unit&quot;:&quot;px&quot;,&quot;size&quot;:&quot;&quot;,&quot;sizes&quot;:[]},&quot;_transform_scale_effect_hover_mobile&quot;:{&quot;unit&quot;:&quot;px&quot;,&quot;size&quot;:&quot;&quot;,&quot;sizes&quot;:[]}}\" data-widget_type=\"image.default\">\n\t\t\t\t<div class=\"elementor-widget-container\">\n\t\t\t\t\t\t\t\t\t\t\t\t\t\t\t\t<a href=\"https:\/\/muniovalle.cl\/sitio\/realiza-tu-reclamo\/\">\n\t\t\t\t\t\t\t<img loading=\"lazy\" decoding=\"async\" width=\"2560\" height=\"1442\" src=\"https:\/\/muniovalle.cl\/sitio\/wp-content\/uploads\/2025\/07\/realiza2.jpg\" class=\"attachment-full size-full wp-image-10347\" alt=\"\" srcset=\"https:\/\/muniovalle.cl\/sitio\/wp-content\/uploads\/2025\/07\/realiza2.jpg 2560w, https:\/\/muniovalle.cl\/sitio\/wp-content\/uploads\/2025\/07\/realiza2-300x169.jpg 300w, https:\/\/muniovalle.cl\/sitio\/wp-content\/uploads\/2025\/07\/realiza2-1024x577.jpg 1024w, https:\/\/muniovalle.cl\/sitio\/wp-content\/uploads\/2025\/07\/realiza2-768x433.jpg 768w, https:\/\/muniovalle.cl\/sitio\/wp-content\/uploads\/2025\/07\/realiza2-1536x865.jpg 1536w, https:\/\/muniovalle.cl\/sitio\/wp-content\/uploads\/2025\/07\/realiza2-2048x1154.jpg 2048w, https:\/\/muniovalle.cl\/sitio\/wp-content\/uploads\/2025\/07\/realiza2-500x282.jpg 500w, https:\/\/muniovalle.cl\/sitio\/wp-content\/uploads\/2025\/07\/realiza2-800x451.jpg 800w, https:\/\/muniovalle.cl\/sitio\/wp-content\/uploads\/2025\/07\/realiza2-1280x721.jpg 1280w, https:\/\/muniovalle.cl\/sitio\/wp-content\/uploads\/2025\/07\/realiza2-1920x1082.jpg 1920w\" sizes=\"(max-width: 2560px) 100vw, 2560px\" \/>\t\t\t\t\t\t\t\t<\/a>\n\t\t\t\t\t\t\t\t\t\t\t\t\t\t\t<\/div>\n\t\t\t\t<\/div>\n\t\t\t\t<div class=\"elementor-element elementor-element-1acc3f0 e-transform elementor-widget elementor-widget-image\" data-id=\"1acc3f0\" data-element_type=\"widget\" data-settings=\"{&quot;_transform_scale_effect_hover&quot;:{&quot;unit&quot;:&quot;px&quot;,&quot;size&quot;:1.1,&quot;sizes&quot;:[]},&quot;_transform_scale_effect_hover_tablet&quot;:{&quot;unit&quot;:&quot;px&quot;,&quot;size&quot;:&quot;&quot;,&quot;sizes&quot;:[]},&quot;_transform_scale_effect_hover_mobile&quot;:{&quot;unit&quot;:&quot;px&quot;,&quot;size&quot;:&quot;&quot;,&quot;sizes&quot;:[]}}\" data-widget_type=\"image.default\">\n\t\t\t\t<div class=\"elementor-widget-container\">\n\t\t\t\t\t\t\t\t\t\t\t\t\t\t\t\t<a href=\"https:\/\/muniovalle.cl\/sitio\/wp-content\/uploads\/2024\/05\/DIPTICO-RENTAS-Y-PATENTES-1.pdf\" target=\"_blank\">\n\t\t\t\t\t\t\t<img loading=\"lazy\" decoding=\"async\" width=\"2560\" height=\"1442\" src=\"https:\/\/muniovalle.cl\/sitio\/wp-content\/uploads\/2025\/07\/informativo-ley-19.925.jpg\" class=\"attachment-full size-full wp-image-10339\" alt=\"\" srcset=\"https:\/\/muniovalle.cl\/sitio\/wp-content\/uploads\/2025\/07\/informativo-ley-19.925.jpg 2560w, https:\/\/muniovalle.cl\/sitio\/wp-content\/uploads\/2025\/07\/informativo-ley-19.925-300x169.jpg 300w, https:\/\/muniovalle.cl\/sitio\/wp-content\/uploads\/2025\/07\/informativo-ley-19.925-1024x577.jpg 1024w, https:\/\/muniovalle.cl\/sitio\/wp-content\/uploads\/2025\/07\/informativo-ley-19.925-768x433.jpg 768w, https:\/\/muniovalle.cl\/sitio\/wp-content\/uploads\/2025\/07\/informativo-ley-19.925-1536x865.jpg 1536w, https:\/\/muniovalle.cl\/sitio\/wp-content\/uploads\/2025\/07\/informativo-ley-19.925-2048x1154.jpg 2048w, https:\/\/muniovalle.cl\/sitio\/wp-content\/uploads\/2025\/07\/informativo-ley-19.925-500x282.jpg 500w, https:\/\/muniovalle.cl\/sitio\/wp-content\/uploads\/2025\/07\/informativo-ley-19.925-800x451.jpg 800w, https:\/\/muniovalle.cl\/sitio\/wp-content\/uploads\/2025\/07\/informativo-ley-19.925-1280x721.jpg 1280w, https:\/\/muniovalle.cl\/sitio\/wp-content\/uploads\/2025\/07\/informativo-ley-19.925-1920x1082.jpg 1920w\" sizes=\"(max-width: 2560px) 100vw, 2560px\" \/>\t\t\t\t\t\t\t\t<\/a>\n\t\t\t\t\t\t\t\t\t\t\t\t\t\t\t<\/div>\n\t\t\t\t<\/div>\n\t\t\t\t<div class=\"elementor-element elementor-element-35a4f83 e-transform elementor-widget elementor-widget-image\" data-id=\"35a4f83\" data-element_type=\"widget\" data-settings=\"{&quot;_transform_scale_effect_hover&quot;:{&quot;unit&quot;:&quot;px&quot;,&quot;size&quot;:1.1,&quot;sizes&quot;:[]},&quot;_transform_scale_effect_hover_tablet&quot;:{&quot;unit&quot;:&quot;px&quot;,&quot;size&quot;:&quot;&quot;,&quot;sizes&quot;:[]},&quot;_transform_scale_effect_hover_mobile&quot;:{&quot;unit&quot;:&quot;px&quot;,&quot;size&quot;:&quot;&quot;,&quot;sizes&quot;:[]}}\" data-widget_type=\"image.default\">\n\t\t\t\t<div class=\"elementor-widget-container\">\n\t\t\t\t\t\t\t\t\t\t\t\t\t\t\t\t<a href=\"https:\/\/muniovalle.cl\/sitio\/wp-content\/uploads\/2024\/05\/6.473-14.12.22-actualizacion-de-la-unidades-vecinales-urbanas-y-rurales-para-ornamiento-territorial-y-modificacion-pladeco.pdf\" target=\"_blank\">\n\t\t\t\t\t\t\t<img loading=\"lazy\" decoding=\"async\" width=\"2560\" height=\"1442\" src=\"https:\/\/muniovalle.cl\/sitio\/wp-content\/uploads\/2025\/07\/DECRETO-EXENTO.jpg\" class=\"attachment-full size-full wp-image-10346\" alt=\"\" srcset=\"https:\/\/muniovalle.cl\/sitio\/wp-content\/uploads\/2025\/07\/DECRETO-EXENTO.jpg 2560w, https:\/\/muniovalle.cl\/sitio\/wp-content\/uploads\/2025\/07\/DECRETO-EXENTO-300x169.jpg 300w, https:\/\/muniovalle.cl\/sitio\/wp-content\/uploads\/2025\/07\/DECRETO-EXENTO-1024x577.jpg 1024w, https:\/\/muniovalle.cl\/sitio\/wp-content\/uploads\/2025\/07\/DECRETO-EXENTO-768x433.jpg 768w, https:\/\/muniovalle.cl\/sitio\/wp-content\/uploads\/2025\/07\/DECRETO-EXENTO-1536x865.jpg 1536w, https:\/\/muniovalle.cl\/sitio\/wp-content\/uploads\/2025\/07\/DECRETO-EXENTO-2048x1154.jpg 2048w, https:\/\/muniovalle.cl\/sitio\/wp-content\/uploads\/2025\/07\/DECRETO-EXENTO-500x282.jpg 500w, https:\/\/muniovalle.cl\/sitio\/wp-content\/uploads\/2025\/07\/DECRETO-EXENTO-800x451.jpg 800w, https:\/\/muniovalle.cl\/sitio\/wp-content\/uploads\/2025\/07\/DECRETO-EXENTO-1280x721.jpg 1280w, https:\/\/muniovalle.cl\/sitio\/wp-content\/uploads\/2025\/07\/DECRETO-EXENTO-1920x1082.jpg 1920w\" sizes=\"(max-width: 2560px) 100vw, 2560px\" \/>\t\t\t\t\t\t\t\t<\/a>\n\t\t\t\t\t\t\t\t\t\t\t\t\t\t\t<\/div>\n\t\t\t\t<\/div>\n\t\t\t\t<div class=\"elementor-element elementor-element-c9f3356 e-transform elementor-widget elementor-widget-image\" data-id=\"c9f3356\" data-element_type=\"widget\" data-settings=\"{&quot;_transform_scale_effect_hover&quot;:{&quot;unit&quot;:&quot;px&quot;,&quot;size&quot;:1.1,&quot;sizes&quot;:[]},&quot;_transform_scale_effect_hover_tablet&quot;:{&quot;unit&quot;:&quot;px&quot;,&quot;size&quot;:&quot;&quot;,&quot;sizes&quot;:[]},&quot;_transform_scale_effect_hover_mobile&quot;:{&quot;unit&quot;:&quot;px&quot;,&quot;size&quot;:&quot;&quot;,&quot;sizes&quot;:[]}}\" data-widget_type=\"image.default\">\n\t\t\t\t<div class=\"elementor-widget-container\">\n\t\t\t\t\t\t\t\t\t\t\t\t\t\t\t\t<a href=\"https:\/\/muniovalle.cl\/sitio\/wp-content\/uploads\/2024\/05\/DECRETO-EXENTO-N\u00b0367-APRUEBA-PROTOCOLO-DE-ATENCION-PRIMARIA-TENENCIA-RESPONSABLE-DE-MASCOTAS.pdf\" target=\"_blank\">\n\t\t\t\t\t\t\t<img loading=\"lazy\" decoding=\"async\" width=\"2560\" height=\"1442\" src=\"https:\/\/muniovalle.cl\/sitio\/wp-content\/uploads\/2025\/07\/TENENCIA.jpg\" class=\"attachment-full size-full wp-image-10345\" alt=\"\" srcset=\"https:\/\/muniovalle.cl\/sitio\/wp-content\/uploads\/2025\/07\/TENENCIA.jpg 2560w, https:\/\/muniovalle.cl\/sitio\/wp-content\/uploads\/2025\/07\/TENENCIA-300x169.jpg 300w, https:\/\/muniovalle.cl\/sitio\/wp-content\/uploads\/2025\/07\/TENENCIA-1024x577.jpg 1024w, https:\/\/muniovalle.cl\/sitio\/wp-content\/uploads\/2025\/07\/TENENCIA-768x433.jpg 768w, https:\/\/muniovalle.cl\/sitio\/wp-content\/uploads\/2025\/07\/TENENCIA-1536x865.jpg 1536w, https:\/\/muniovalle.cl\/sitio\/wp-content\/uploads\/2025\/07\/TENENCIA-2048x1154.jpg 2048w, https:\/\/muniovalle.cl\/sitio\/wp-content\/uploads\/2025\/07\/TENENCIA-500x282.jpg 500w, https:\/\/muniovalle.cl\/sitio\/wp-content\/uploads\/2025\/07\/TENENCIA-800x451.jpg 800w, https:\/\/muniovalle.cl\/sitio\/wp-content\/uploads\/2025\/07\/TENENCIA-1280x721.jpg 1280w, https:\/\/muniovalle.cl\/sitio\/wp-content\/uploads\/2025\/07\/TENENCIA-1920x1082.jpg 1920w\" sizes=\"(max-width: 2560px) 100vw, 2560px\" \/>\t\t\t\t\t\t\t\t<\/a>\n\t\t\t\t\t\t\t\t\t\t\t\t\t\t\t<\/div>\n\t\t\t\t<\/div>\n\t\t\t\t<div class=\"elementor-element elementor-element-4da1a96 e-transform elementor-widget elementor-widget-image\" data-id=\"4da1a96\" data-element_type=\"widget\" data-settings=\"{&quot;_transform_scale_effect_hover&quot;:{&quot;unit&quot;:&quot;px&quot;,&quot;size&quot;:1.1,&quot;sizes&quot;:[]},&quot;_transform_scale_effect_hover_tablet&quot;:{&quot;unit&quot;:&quot;px&quot;,&quot;size&quot;:&quot;&quot;,&quot;sizes&quot;:[]},&quot;_transform_scale_effect_hover_mobile&quot;:{&quot;unit&quot;:&quot;px&quot;,&quot;size&quot;:&quot;&quot;,&quot;sizes&quot;:[]}}\" data-widget_type=\"image.default\">\n\t\t\t\t<div class=\"elementor-widget-container\">\n\t\t\t\t\t\t\t\t\t\t\t\t\t\t\t\t<a href=\"https:\/\/muniovalle.cl\/sitio\/rendicion-de-subvenciones-otorgadas\/\">\n\t\t\t\t\t\t\t<img loading=\"lazy\" decoding=\"async\" width=\"2560\" height=\"1442\" src=\"https:\/\/muniovalle.cl\/sitio\/wp-content\/uploads\/2025\/07\/FORMULARIO-DE-RENDICIONES-DE-CUENTA.jpg\" class=\"attachment-full size-full wp-image-10343\" alt=\"\" srcset=\"https:\/\/muniovalle.cl\/sitio\/wp-content\/uploads\/2025\/07\/FORMULARIO-DE-RENDICIONES-DE-CUENTA.jpg 2560w, https:\/\/muniovalle.cl\/sitio\/wp-content\/uploads\/2025\/07\/FORMULARIO-DE-RENDICIONES-DE-CUENTA-300x169.jpg 300w, https:\/\/muniovalle.cl\/sitio\/wp-content\/uploads\/2025\/07\/FORMULARIO-DE-RENDICIONES-DE-CUENTA-1024x577.jpg 1024w, https:\/\/muniovalle.cl\/sitio\/wp-content\/uploads\/2025\/07\/FORMULARIO-DE-RENDICIONES-DE-CUENTA-768x433.jpg 768w, https:\/\/muniovalle.cl\/sitio\/wp-content\/uploads\/2025\/07\/FORMULARIO-DE-RENDICIONES-DE-CUENTA-1536x865.jpg 1536w, https:\/\/muniovalle.cl\/sitio\/wp-content\/uploads\/2025\/07\/FORMULARIO-DE-RENDICIONES-DE-CUENTA-2048x1154.jpg 2048w, https:\/\/muniovalle.cl\/sitio\/wp-content\/uploads\/2025\/07\/FORMULARIO-DE-RENDICIONES-DE-CUENTA-500x282.jpg 500w, https:\/\/muniovalle.cl\/sitio\/wp-content\/uploads\/2025\/07\/FORMULARIO-DE-RENDICIONES-DE-CUENTA-800x451.jpg 800w, https:\/\/muniovalle.cl\/sitio\/wp-content\/uploads\/2025\/07\/FORMULARIO-DE-RENDICIONES-DE-CUENTA-1280x721.jpg 1280w, https:\/\/muniovalle.cl\/sitio\/wp-content\/uploads\/2025\/07\/FORMULARIO-DE-RENDICIONES-DE-CUENTA-1920x1082.jpg 1920w\" sizes=\"(max-width: 2560px) 100vw, 2560px\" \/>\t\t\t\t\t\t\t\t<\/a>\n\t\t\t\t\t\t\t\t\t\t\t\t\t\t\t<\/div>\n\t\t\t\t<\/div>\n\t\t\t\t<div class=\"elementor-element elementor-element-b69007c e-transform elementor-widget elementor-widget-image\" data-id=\"b69007c\" data-element_type=\"widget\" data-settings=\"{&quot;_transform_scale_effect_hover&quot;:{&quot;unit&quot;:&quot;px&quot;,&quot;size&quot;:1.1,&quot;sizes&quot;:[]},&quot;_transform_scale_effect_hover_tablet&quot;:{&quot;unit&quot;:&quot;px&quot;,&quot;size&quot;:&quot;&quot;,&quot;sizes&quot;:[]},&quot;_transform_scale_effect_hover_mobile&quot;:{&quot;unit&quot;:&quot;px&quot;,&quot;size&quot;:&quot;&quot;,&quot;sizes&quot;:[]}}\" data-widget_type=\"image.default\">\n\t\t\t\t<div class=\"elementor-widget-container\">\n\t\t\t\t\t\t\t\t\t\t\t\t\t\t\t\t<a href=\"https:\/\/municipalidadovalle.cl\/mesa\/index.php\" target=\"_blank\">\n\t\t\t\t\t\t\t<img loading=\"lazy\" decoding=\"async\" width=\"2560\" height=\"1442\" src=\"https:\/\/muniovalle.cl\/sitio\/wp-content\/uploads\/2025\/07\/software-de-ayuda.jpg\" class=\"attachment-full size-full wp-image-10357\" alt=\"\" srcset=\"https:\/\/muniovalle.cl\/sitio\/wp-content\/uploads\/2025\/07\/software-de-ayuda.jpg 2560w, https:\/\/muniovalle.cl\/sitio\/wp-content\/uploads\/2025\/07\/software-de-ayuda-300x169.jpg 300w, https:\/\/muniovalle.cl\/sitio\/wp-content\/uploads\/2025\/07\/software-de-ayuda-1024x577.jpg 1024w, https:\/\/muniovalle.cl\/sitio\/wp-content\/uploads\/2025\/07\/software-de-ayuda-768x433.jpg 768w, https:\/\/muniovalle.cl\/sitio\/wp-content\/uploads\/2025\/07\/software-de-ayuda-1536x865.jpg 1536w, https:\/\/muniovalle.cl\/sitio\/wp-content\/uploads\/2025\/07\/software-de-ayuda-2048x1154.jpg 2048w, https:\/\/muniovalle.cl\/sitio\/wp-content\/uploads\/2025\/07\/software-de-ayuda-500x282.jpg 500w, https:\/\/muniovalle.cl\/sitio\/wp-content\/uploads\/2025\/07\/software-de-ayuda-800x451.jpg 800w, https:\/\/muniovalle.cl\/sitio\/wp-content\/uploads\/2025\/07\/software-de-ayuda-1280x721.jpg 1280w, https:\/\/muniovalle.cl\/sitio\/wp-content\/uploads\/2025\/07\/software-de-ayuda-1920x1082.jpg 1920w\" sizes=\"(max-width: 2560px) 100vw, 2560px\" \/>\t\t\t\t\t\t\t\t<\/a>\n\t\t\t\t\t\t\t\t\t\t\t\t\t\t\t<\/div>\n\t\t\t\t<\/div>\n\t\t\t\t<div class=\"elementor-element elementor-element-2997445 e-transform elementor-widget elementor-widget-image\" data-id=\"2997445\" data-element_type=\"widget\" data-settings=\"{&quot;_transform_scale_effect_hover&quot;:{&quot;unit&quot;:&quot;px&quot;,&quot;size&quot;:1.1,&quot;sizes&quot;:[]},&quot;_transform_scale_effect_hover_tablet&quot;:{&quot;unit&quot;:&quot;px&quot;,&quot;size&quot;:&quot;&quot;,&quot;sizes&quot;:[]},&quot;_transform_scale_effect_hover_mobile&quot;:{&quot;unit&quot;:&quot;px&quot;,&quot;size&quot;:&quot;&quot;,&quot;sizes&quot;:[]}}\" data-widget_type=\"image.default\">\n\t\t\t\t<div class=\"elementor-widget-container\">\n\t\t\t\t\t\t\t\t\t\t\t\t\t\t\t\t<a href=\"https:\/\/muniovalle.cl\/sitio\/wp-content\/uploads\/2024\/05\/Medidas-Pago-Patentes-2021.pdf\" target=\"_blank\">\n\t\t\t\t\t\t\t<img loading=\"lazy\" decoding=\"async\" width=\"2560\" height=\"1442\" src=\"https:\/\/muniovalle.cl\/sitio\/wp-content\/uploads\/2025\/07\/PAGO-DE-PATENTES.jpg\" class=\"attachment-full size-full wp-image-10354\" alt=\"\" srcset=\"https:\/\/muniovalle.cl\/sitio\/wp-content\/uploads\/2025\/07\/PAGO-DE-PATENTES.jpg 2560w, https:\/\/muniovalle.cl\/sitio\/wp-content\/uploads\/2025\/07\/PAGO-DE-PATENTES-300x169.jpg 300w, https:\/\/muniovalle.cl\/sitio\/wp-content\/uploads\/2025\/07\/PAGO-DE-PATENTES-1024x577.jpg 1024w, https:\/\/muniovalle.cl\/sitio\/wp-content\/uploads\/2025\/07\/PAGO-DE-PATENTES-768x433.jpg 768w, https:\/\/muniovalle.cl\/sitio\/wp-content\/uploads\/2025\/07\/PAGO-DE-PATENTES-1536x865.jpg 1536w, https:\/\/muniovalle.cl\/sitio\/wp-content\/uploads\/2025\/07\/PAGO-DE-PATENTES-2048x1154.jpg 2048w, https:\/\/muniovalle.cl\/sitio\/wp-content\/uploads\/2025\/07\/PAGO-DE-PATENTES-500x282.jpg 500w, https:\/\/muniovalle.cl\/sitio\/wp-content\/uploads\/2025\/07\/PAGO-DE-PATENTES-800x451.jpg 800w, https:\/\/muniovalle.cl\/sitio\/wp-content\/uploads\/2025\/07\/PAGO-DE-PATENTES-1280x721.jpg 1280w, https:\/\/muniovalle.cl\/sitio\/wp-content\/uploads\/2025\/07\/PAGO-DE-PATENTES-1920x1082.jpg 1920w\" sizes=\"(max-width: 2560px) 100vw, 2560px\" \/>\t\t\t\t\t\t\t\t<\/a>\n\t\t\t\t\t\t\t\t\t\t\t\t\t\t\t<\/div>\n\t\t\t\t<\/div>\n\t\t\t\t<\/div>\n\t\t\t\t<section class=\"elementor-section elementor-top-section elementor-element elementor-element-698bf81 elementor-section-full_width elementor-section-height-default elementor-section-height-default wpr-particle-no wpr-jarallax-no wpr-parallax-no wpr-sticky-section-no\" data-id=\"698bf81\" data-element_type=\"section\" data-settings=\"{&quot;shape_divider_bottom&quot;:&quot;curve&quot;}\">\n\t\t\t\t\t\t\t<div class=\"elementor-background-overlay\"><\/div>\n\t\t\t\t\t\t<div class=\"elementor-shape elementor-shape-bottom\" aria-hidden=\"true\" data-negative=\"false\">\n\t\t\t<svg xmlns=\"http:\/\/www.w3.org\/2000\/svg\" viewBox=\"0 0 1000 100\" preserveAspectRatio=\"none\">\n    <path class=\"elementor-shape-fill\" d=\"M1000,4.3V0H0v4.3C0.9,23.1,126.7,99.2,500,100S1000,22.7,1000,4.3z\"\/>\n<\/svg>\t\t<\/div>\n\t\t\t\t\t<div class=\"elementor-container elementor-column-gap-default\">\n\t\t\t\t\t<div class=\"elementor-column elementor-col-100 elementor-top-column elementor-element elementor-element-5cae3a3\" data-id=\"5cae3a3\" data-element_type=\"column\">\n\t\t\t<div class=\"elementor-widget-wrap elementor-element-populated\">\n\t\t\t\t\t\t<div class=\"elementor-element elementor-element-57a927d elementor-widget__width-initial elementor-widget elementor-widget-whitehall_team_v1\" data-id=\"57a927d\" data-element_type=\"widget\" data-widget_type=\"whitehall_team_v1.default\">\n\t\t\t\t<div class=\"elementor-widget-container\">\n\t\t\t\t\t        \n\t\t<!-- team-section -->\n        <section class=\"team-section sec-pad \">\n\t\t\t            <div class=\"auto-container\">\n                <div class=\"sec-title\">\n\t\t\t\t\t\t\t\t\t\t\n\t\t\t\t\t                    <h2>Miembros del Concejo <\/h2>\n                    <div class=\"title-shape\"><\/div>\n\t\t\t\t\t\t\t\t\t\t\n\t\t\t\t\t                <\/div>\n                <div class=\"row clearfix\">\n                                        <div class=\"col-lg-3 col-md-6 col-sm-12 team-block\">\n                        <div class=\"team-block-one wow fadeInUp animated animated\" data-wow-delay=\"200ms\" data-wow-duration=\"1500ms\">\n                            <div class=\"inner-box\">\n                                <figure class=\"image-box\"><img loading=\"lazy\" decoding=\"async\" width=\"270\" height=\"270\" src=\"https:\/\/muniovalle.cl\/sitio\/wp-content\/uploads\/2024\/12\/VICTOR-LARA-RAMIREZ-e1733944980124-270x270.png\" class=\"attachment-whitehall_270x270 size-whitehall_270x270 wp-post-image\" alt=\"\" srcset=\"https:\/\/muniovalle.cl\/sitio\/wp-content\/uploads\/2024\/12\/VICTOR-LARA-RAMIREZ-e1733944980124-270x270.png 270w, https:\/\/muniovalle.cl\/sitio\/wp-content\/uploads\/2024\/12\/VICTOR-LARA-RAMIREZ-e1733944980124-150x150.png 150w, https:\/\/muniovalle.cl\/sitio\/wp-content\/uploads\/2024\/12\/VICTOR-LARA-RAMIREZ-e1733944980124-120x120.png 120w, https:\/\/muniovalle.cl\/sitio\/wp-content\/uploads\/2024\/12\/VICTOR-LARA-RAMIREZ-e1733944980124-60x60.png 60w, https:\/\/muniovalle.cl\/sitio\/wp-content\/uploads\/2024\/12\/VICTOR-LARA-RAMIREZ-e1733944980124-70x70.png 70w\" sizes=\"(max-width: 270px) 100vw, 270px\" \/><\/figure>\n                                <div class=\"lower-content\">\n                                    <div class=\"author-box\">\n                                        <h4>V\u00edctor Lara Ram\u00edrez<\/h4>\n                                        <span class=\"designation\"><p>Concejal<br> Fono: 9 71668394<br>Oficina: (53) 2 661329<br>Email:<br>vlaraconcejal@imovalle.cl<br><\/p><\/span>\n                                    <\/div>\n                                    <ul class=\"othre-info clearfix\">\n\t\t\t\t\t\t\t\t\t\t                                        <li class=\"mail-box\"><a href=\"mailto:vlaraconcejal@imovalle.cl\"><i class=\"flaticon-mail-inbox-app\"><\/i>Email<\/a><\/li>\n                                        \t\t\t\t\t\t\t\t\t\t\n\t\t\t\t\t\t\t\t\t\t\t\t\t\t\t\t\t\t\t\t<li class=\"phone-box\"><i class=\"flaticon-emergency-call\"><\/i><a href=\"tel:971668394\">971668394<\/a><\/li>\n\t\t\t\t\t\t\t\t\t\t\t\t\t\t\t\t\t\t\t\t\n\t\t\t\t\t\t\t\t\t\t                                        \n                                            <ul class=\"share-links clearfix\">\n\t\t\t\t\t\t\t\t\t\t\t\t                                            <\/ul>\n                                        <\/li>\n\t\t\t\t\t\t\t\t\t\t                                    <\/ul>\n                                <\/div>\n                            <\/div>\n                        <\/div>\n                    <\/div>\n\t\t\t\t\t                    <div class=\"col-lg-3 col-md-6 col-sm-12 team-block\">\n                        <div class=\"team-block-one wow fadeInUp animated animated\" data-wow-delay=\"200ms\" data-wow-duration=\"1500ms\">\n                            <div class=\"inner-box\">\n                                <figure class=\"image-box\"><img loading=\"lazy\" decoding=\"async\" width=\"270\" height=\"270\" src=\"https:\/\/muniovalle.cl\/sitio\/wp-content\/uploads\/2024\/12\/FANNY-VEGA-ARAYA-270x270.png\" class=\"attachment-whitehall_270x270 size-whitehall_270x270 wp-post-image\" alt=\"\" srcset=\"https:\/\/muniovalle.cl\/sitio\/wp-content\/uploads\/2024\/12\/FANNY-VEGA-ARAYA-270x270.png 270w, https:\/\/muniovalle.cl\/sitio\/wp-content\/uploads\/2024\/12\/FANNY-VEGA-ARAYA-150x150.png 150w, https:\/\/muniovalle.cl\/sitio\/wp-content\/uploads\/2024\/12\/FANNY-VEGA-ARAYA-120x120.png 120w, https:\/\/muniovalle.cl\/sitio\/wp-content\/uploads\/2024\/12\/FANNY-VEGA-ARAYA-60x60.png 60w, https:\/\/muniovalle.cl\/sitio\/wp-content\/uploads\/2024\/12\/FANNY-VEGA-ARAYA-70x70.png 70w\" sizes=\"(max-width: 270px) 100vw, 270px\" \/><\/figure>\n                                <div class=\"lower-content\">\n                                    <div class=\"author-box\">\n                                        <h4>Fanny Vega Araya<\/h4>\n                                        <span class=\"designation\"><p>Concejala<br>Fono: 983074037<br>Oficina: (53) 2661106<br>Email: <br>fanny.vega.araya@gmail.com<\/p><\/span>\n                                    <\/div>\n                                    <ul class=\"othre-info clearfix\">\n\t\t\t\t\t\t\t\t\t\t                                        <li class=\"mail-box\"><a href=\"mailto:fanny.vega.araya@gmail.com\"><i class=\"flaticon-mail-inbox-app\"><\/i>Email<\/a><\/li>\n                                        \t\t\t\t\t\t\t\t\t\t\n\t\t\t\t\t\t\t\t\t\t\t\t\t\t\t\t\t\t\t\t<li class=\"phone-box\"><i class=\"flaticon-emergency-call\"><\/i><a href=\"tel:983074037532661106\">Fono: 983074037 Institucional: \u2013 Oficina: (53) 2661106<\/a><\/li>\n\t\t\t\t\t\t\t\t\t\t\t\t\t\t\t\t\t\t\t\t\n\t\t\t\t\t\t\t\t\t\t                                        \n                                            <ul class=\"share-links clearfix\">\n\t\t\t\t\t\t\t\t\t\t\t\t                                            <\/ul>\n                                        <\/li>\n\t\t\t\t\t\t\t\t\t\t                                    <\/ul>\n                                <\/div>\n                            <\/div>\n                        <\/div>\n                    <\/div>\n\t\t\t\t\t                    <div class=\"col-lg-3 col-md-6 col-sm-12 team-block\">\n                        <div class=\"team-block-one wow fadeInUp animated animated\" data-wow-delay=\"200ms\" data-wow-duration=\"1500ms\">\n                            <div class=\"inner-box\">\n                                <figure class=\"image-box\"><img loading=\"lazy\" decoding=\"async\" width=\"270\" height=\"270\" src=\"https:\/\/muniovalle.cl\/sitio\/wp-content\/uploads\/2024\/12\/ARMANDO-MONDACA-CONTRERAS-e1733945966447-270x270.png\" class=\"attachment-whitehall_270x270 size-whitehall_270x270 wp-post-image\" alt=\"\" srcset=\"https:\/\/muniovalle.cl\/sitio\/wp-content\/uploads\/2024\/12\/ARMANDO-MONDACA-CONTRERAS-e1733945966447-270x270.png 270w, https:\/\/muniovalle.cl\/sitio\/wp-content\/uploads\/2024\/12\/ARMANDO-MONDACA-CONTRERAS-e1733945966447-150x150.png 150w, https:\/\/muniovalle.cl\/sitio\/wp-content\/uploads\/2024\/12\/ARMANDO-MONDACA-CONTRERAS-e1733945966447-120x120.png 120w, https:\/\/muniovalle.cl\/sitio\/wp-content\/uploads\/2024\/12\/ARMANDO-MONDACA-CONTRERAS-e1733945966447-60x60.png 60w, https:\/\/muniovalle.cl\/sitio\/wp-content\/uploads\/2024\/12\/ARMANDO-MONDACA-CONTRERAS-e1733945966447-70x70.png 70w\" sizes=\"(max-width: 270px) 100vw, 270px\" \/><\/figure>\n                                <div class=\"lower-content\">\n                                    <div class=\"author-box\">\n                                        <h4>Armando Mondaca<\/h4>\n                                        <span class=\"designation\"><p>Concejal<br> Fono: 9 96628472 <br>Oficina: (53) 2 661121 <br>Email: armandomondaca2015@gmail.com<br><\/p><\/span>\n                                    <\/div>\n                                    <ul class=\"othre-info clearfix\">\n\t\t\t\t\t\t\t\t\t\t                                        <li class=\"mail-box\"><a href=\"mailto:armandomondaca2015@gmail.com\"><i class=\"flaticon-mail-inbox-app\"><\/i>Email<\/a><\/li>\n                                        \t\t\t\t\t\t\t\t\t\t\n\t\t\t\t\t\t\t\t\t\t\t\t\t\t\t\t\t\t\t\t<li class=\"phone-box\"><i class=\"flaticon-emergency-call\"><\/i><a href=\"tel:532661121\">Fono: - Oficina: (53) 2 661121<\/a><\/li>\n\t\t\t\t\t\t\t\t\t\t\t\t\t\t\t\t\t\t\t\t\n\t\t\t\t\t\t\t\t\t\t                                        \n                                            <ul class=\"share-links clearfix\">\n\t\t\t\t\t\t\t\t\t\t\t\t                                            <\/ul>\n                                        <\/li>\n\t\t\t\t\t\t\t\t\t\t                                    <\/ul>\n                                <\/div>\n                            <\/div>\n                        <\/div>\n                    <\/div>\n\t\t\t\t\t                    <div class=\"col-lg-3 col-md-6 col-sm-12 team-block\">\n                        <div class=\"team-block-one wow fadeInUp animated animated\" data-wow-delay=\"200ms\" data-wow-duration=\"1500ms\">\n                            <div class=\"inner-box\">\n                                <figure class=\"image-box\"><img loading=\"lazy\" decoding=\"async\" width=\"270\" height=\"270\" src=\"https:\/\/muniovalle.cl\/sitio\/wp-content\/uploads\/2024\/12\/RICARDO-ROJAS-VERGARA-e1733944531758-270x270.png\" class=\"attachment-whitehall_270x270 size-whitehall_270x270 wp-post-image\" alt=\"\" srcset=\"https:\/\/muniovalle.cl\/sitio\/wp-content\/uploads\/2024\/12\/RICARDO-ROJAS-VERGARA-e1733944531758-270x270.png 270w, https:\/\/muniovalle.cl\/sitio\/wp-content\/uploads\/2024\/12\/RICARDO-ROJAS-VERGARA-e1733944531758-150x150.png 150w, https:\/\/muniovalle.cl\/sitio\/wp-content\/uploads\/2024\/12\/RICARDO-ROJAS-VERGARA-e1733944531758-120x120.png 120w, https:\/\/muniovalle.cl\/sitio\/wp-content\/uploads\/2024\/12\/RICARDO-ROJAS-VERGARA-e1733944531758-60x60.png 60w, https:\/\/muniovalle.cl\/sitio\/wp-content\/uploads\/2024\/12\/RICARDO-ROJAS-VERGARA-e1733944531758-70x70.png 70w\" sizes=\"(max-width: 270px) 100vw, 270px\" \/><\/figure>\n                                <div class=\"lower-content\">\n                                    <div class=\"author-box\">\n                                        <h4>Ricardo Rojas<\/h4>\n                                        <span class=\"designation\"><p>Concejal<br>Fono: 9 93230702<br>Oficina: (53) 2 661115<br>Email:<br> rrojas@imovalle.cl<\/p><\/span>\n                                    <\/div>\n                                    <ul class=\"othre-info clearfix\">\n\t\t\t\t\t\t\t\t\t\t                                        <li class=\"mail-box\"><a href=\"mailto:rrojas@imovalle.cl\"><i class=\"flaticon-mail-inbox-app\"><\/i>Email<\/a><\/li>\n                                        \t\t\t\t\t\t\t\t\t\t\n\t\t\t\t\t\t\t\t\t\t\t\t\t\t\t\t\t\t\t\t<li class=\"phone-box\"><i class=\"flaticon-emergency-call\"><\/i><a href=\"tel:993230702\">993230702<\/a><\/li>\n\t\t\t\t\t\t\t\t\t\t\t\t\t\t\t\t\t\t\t\t\n\t\t\t\t\t\t\t\t\t\t                                        \n                                            <ul class=\"share-links clearfix\">\n\t\t\t\t\t\t\t\t\t\t\t\t                                            <\/ul>\n                                        <\/li>\n\t\t\t\t\t\t\t\t\t\t                                    <\/ul>\n                                <\/div>\n                            <\/div>\n                        <\/div>\n                    <\/div>\n\t\t\t\t\t                    <div class=\"col-lg-3 col-md-6 col-sm-12 team-block\">\n                        <div class=\"team-block-one wow fadeInUp animated animated\" data-wow-delay=\"200ms\" data-wow-duration=\"1500ms\">\n                            <div class=\"inner-box\">\n                                <figure class=\"image-box\"><img loading=\"lazy\" decoding=\"async\" width=\"270\" height=\"270\" src=\"https:\/\/muniovalle.cl\/sitio\/wp-content\/uploads\/2024\/12\/DAVID-ALVAREZ-LARA-e1733946969426-270x270.png\" class=\"attachment-whitehall_270x270 size-whitehall_270x270 wp-post-image\" alt=\"\" srcset=\"https:\/\/muniovalle.cl\/sitio\/wp-content\/uploads\/2024\/12\/DAVID-ALVAREZ-LARA-e1733946969426-270x270.png 270w, https:\/\/muniovalle.cl\/sitio\/wp-content\/uploads\/2024\/12\/DAVID-ALVAREZ-LARA-e1733946969426-150x150.png 150w, https:\/\/muniovalle.cl\/sitio\/wp-content\/uploads\/2024\/12\/DAVID-ALVAREZ-LARA-e1733946969426-120x120.png 120w, https:\/\/muniovalle.cl\/sitio\/wp-content\/uploads\/2024\/12\/DAVID-ALVAREZ-LARA-e1733946969426-60x60.png 60w, https:\/\/muniovalle.cl\/sitio\/wp-content\/uploads\/2024\/12\/DAVID-ALVAREZ-LARA-e1733946969426-70x70.png 70w\" sizes=\"(max-width: 270px) 100vw, 270px\" \/><\/figure>\n                                <div class=\"lower-content\">\n                                    <div class=\"author-box\">\n                                        <h4>David \u00c1lvarez Lara<\/h4>\n                                        <span class=\"designation\"><p>Concejal<br> Fono: 9 81548976<br>Oficina: (53) 2 661328 <br>Email:<br> drdavidalvarez@hotmail.com<br><\/p><\/span>\n                                    <\/div>\n                                    <ul class=\"othre-info clearfix\">\n\t\t\t\t\t\t\t\t\t\t                                        <li class=\"mail-box\"><a href=\"mailto:drdavidalvarez@hotmail.com\"><i class=\"flaticon-mail-inbox-app\"><\/i>Email<\/a><\/li>\n                                        \t\t\t\t\t\t\t\t\t\t\n\t\t\t\t\t\t\t\t\t\t\t\t\t\t\t\t\t\t\t\t<li class=\"phone-box\"><i class=\"flaticon-emergency-call\"><\/i><a href=\"tel:981548976\">981548976<\/a><\/li>\n\t\t\t\t\t\t\t\t\t\t\t\t\t\t\t\t\t\t\t\t\n\t\t\t\t\t\t\t\t\t\t                                        \n                                            <ul class=\"share-links clearfix\">\n\t\t\t\t\t\t\t\t\t\t\t\t                                            <\/ul>\n                                        <\/li>\n\t\t\t\t\t\t\t\t\t\t                                    <\/ul>\n                                <\/div>\n                            <\/div>\n                        <\/div>\n                    <\/div>\n\t\t\t\t\t                    <div class=\"col-lg-3 col-md-6 col-sm-12 team-block\">\n                        <div class=\"team-block-one wow fadeInUp animated animated\" data-wow-delay=\"200ms\" data-wow-duration=\"1500ms\">\n                            <div class=\"inner-box\">\n                                <figure class=\"image-box\"><img loading=\"lazy\" decoding=\"async\" width=\"270\" height=\"270\" src=\"https:\/\/muniovalle.cl\/sitio\/wp-content\/uploads\/2024\/12\/CRISTIAN-ROJAS-MOLINA-e1733944701532-270x270.png\" class=\"attachment-whitehall_270x270 size-whitehall_270x270 wp-post-image\" alt=\"\" srcset=\"https:\/\/muniovalle.cl\/sitio\/wp-content\/uploads\/2024\/12\/CRISTIAN-ROJAS-MOLINA-e1733944701532-270x270.png 270w, https:\/\/muniovalle.cl\/sitio\/wp-content\/uploads\/2024\/12\/CRISTIAN-ROJAS-MOLINA-e1733944701532-150x150.png 150w, https:\/\/muniovalle.cl\/sitio\/wp-content\/uploads\/2024\/12\/CRISTIAN-ROJAS-MOLINA-e1733944701532-120x120.png 120w, https:\/\/muniovalle.cl\/sitio\/wp-content\/uploads\/2024\/12\/CRISTIAN-ROJAS-MOLINA-e1733944701532-60x60.png 60w, https:\/\/muniovalle.cl\/sitio\/wp-content\/uploads\/2024\/12\/CRISTIAN-ROJAS-MOLINA-e1733944701532-70x70.png 70w\" sizes=\"(max-width: 270px) 100vw, 270px\" \/><\/figure>\n                                <div class=\"lower-content\">\n                                    <div class=\"author-box\">\n                                        <h4>Cristian Rojas Molina<\/h4>\n                                        <span class=\"designation\"><p>Concejal<br>Fono: 995351602<br>Oficina: (53) 2661118<br>Email: cristianrojasmolina@gmail.com<\/p><\/span>\n                                    <\/div>\n                                    <ul class=\"othre-info clearfix\">\n\t\t\t\t\t\t\t\t\t\t                                        <li class=\"mail-box\"><a href=\"mailto:cristianrojasmolina@gmail.com\"><i class=\"flaticon-mail-inbox-app\"><\/i>Email<\/a><\/li>\n                                        \t\t\t\t\t\t\t\t\t\t\n\t\t\t\t\t\t\t\t\t\t\t\t\t\t\t\t\t\t\t\t<li class=\"phone-box\"><i class=\"flaticon-emergency-call\"><\/i><a href=\"tel:995351602\">Fono: 995351602 Oficina: <\/a><\/li>\n\t\t\t\t\t\t\t\t\t\t\t\t\t\t\t\t\t\t\t\t\n\t\t\t\t\t\t\t\t\t\t                                        \n                                            <ul class=\"share-links clearfix\">\n\t\t\t\t\t\t\t\t\t\t\t\t                                            <\/ul>\n                                        <\/li>\n\t\t\t\t\t\t\t\t\t\t                                    <\/ul>\n                                <\/div>\n                            <\/div>\n                        <\/div>\n                    <\/div>\n\t\t\t\t\t                    <div class=\"col-lg-3 col-md-6 col-sm-12 team-block\">\n                        <div class=\"team-block-one wow fadeInUp animated animated\" data-wow-delay=\"200ms\" data-wow-duration=\"1500ms\">\n                            <div class=\"inner-box\">\n                                <figure class=\"image-box\"><img loading=\"lazy\" decoding=\"async\" width=\"270\" height=\"270\" src=\"https:\/\/muniovalle.cl\/sitio\/wp-content\/uploads\/2024\/12\/VICTOR-VENEGAS-ARACENA-e1733945758841-270x270.png\" class=\"attachment-whitehall_270x270 size-whitehall_270x270 wp-post-image\" alt=\"\" srcset=\"https:\/\/muniovalle.cl\/sitio\/wp-content\/uploads\/2024\/12\/VICTOR-VENEGAS-ARACENA-e1733945758841-270x270.png 270w, https:\/\/muniovalle.cl\/sitio\/wp-content\/uploads\/2024\/12\/VICTOR-VENEGAS-ARACENA-e1733945758841-150x150.png 150w, https:\/\/muniovalle.cl\/sitio\/wp-content\/uploads\/2024\/12\/VICTOR-VENEGAS-ARACENA-e1733945758841-120x120.png 120w, https:\/\/muniovalle.cl\/sitio\/wp-content\/uploads\/2024\/12\/VICTOR-VENEGAS-ARACENA-e1733945758841-60x60.png 60w, https:\/\/muniovalle.cl\/sitio\/wp-content\/uploads\/2024\/12\/VICTOR-VENEGAS-ARACENA-e1733945758841-70x70.png 70w\" sizes=\"(max-width: 270px) 100vw, 270px\" \/><\/figure>\n                                <div class=\"lower-content\">\n                                    <div class=\"author-box\">\n                                        <h4>V\u00edctor Venegas Aracena<\/h4>\n                                        <span class=\"designation\"><p>Concejal<br> Fono: 9 56721224<br>Oficina: (53) 2 661120 <br>Email:<br> concejalvictorvenegas@gmail.com<br><\/p><\/span>\n                                    <\/div>\n                                    <ul class=\"othre-info clearfix\">\n\t\t\t\t\t\t\t\t\t\t                                        <li class=\"mail-box\"><a href=\"mailto:concejalvictorvenegas@gmail.com\"><i class=\"flaticon-mail-inbox-app\"><\/i>Email<\/a><\/li>\n                                        \t\t\t\t\t\t\t\t\t\t\n\t\t\t\t\t\t\t\t\t\t\t\t\t\t\t\t\t\t\t\t<li class=\"phone-box\"><i class=\"flaticon-emergency-call\"><\/i><a href=\"tel:956721224\">956721224<\/a><\/li>\n\t\t\t\t\t\t\t\t\t\t\t\t\t\t\t\t\t\t\t\t\n\t\t\t\t\t\t\t\t\t\t                                        \n                                            <ul class=\"share-links clearfix\">\n\t\t\t\t\t\t\t\t\t\t\t\t                                            <\/ul>\n                                        <\/li>\n\t\t\t\t\t\t\t\t\t\t                                    <\/ul>\n                                <\/div>\n                            <\/div>\n                        <\/div>\n                    <\/div>\n\t\t\t\t\t                    <div class=\"col-lg-3 col-md-6 col-sm-12 team-block\">\n                        <div class=\"team-block-one wow fadeInUp animated animated\" data-wow-delay=\"200ms\" data-wow-duration=\"1500ms\">\n                            <div class=\"inner-box\">\n                                <figure class=\"image-box\"><img loading=\"lazy\" decoding=\"async\" width=\"270\" height=\"270\" src=\"https:\/\/muniovalle.cl\/sitio\/wp-content\/uploads\/2024\/12\/TEODOSIO-GUERRERO-CRUZ-e1733945375385-270x270.png\" class=\"attachment-whitehall_270x270 size-whitehall_270x270 wp-post-image\" alt=\"\" srcset=\"https:\/\/muniovalle.cl\/sitio\/wp-content\/uploads\/2024\/12\/TEODOSIO-GUERRERO-CRUZ-e1733945375385-270x270.png 270w, https:\/\/muniovalle.cl\/sitio\/wp-content\/uploads\/2024\/12\/TEODOSIO-GUERRERO-CRUZ-e1733945375385-150x150.png 150w, https:\/\/muniovalle.cl\/sitio\/wp-content\/uploads\/2024\/12\/TEODOSIO-GUERRERO-CRUZ-e1733945375385-120x120.png 120w, https:\/\/muniovalle.cl\/sitio\/wp-content\/uploads\/2024\/12\/TEODOSIO-GUERRERO-CRUZ-e1733945375385-60x60.png 60w, https:\/\/muniovalle.cl\/sitio\/wp-content\/uploads\/2024\/12\/TEODOSIO-GUERRERO-CRUZ-e1733945375385-70x70.png 70w\" sizes=\"(max-width: 270px) 100vw, 270px\" \/><\/figure>\n                                <div class=\"lower-content\">\n                                    <div class=\"author-box\">\n                                        <h4>Teodosio Guerrero<\/h4>\n                                        <span class=\"designation\"><p>Concejal<br>Fono: 9 75800875 <br>Oficina: (53) 2 661254<br>Email: <br>tguerrero@imovalle.cl<\/p><\/span>\n                                    <\/div>\n                                    <ul class=\"othre-info clearfix\">\n\t\t\t\t\t\t\t\t\t\t                                        <li class=\"mail-box\"><a href=\"mailto:tguerrero@imovalle.cl\"><i class=\"flaticon-mail-inbox-app\"><\/i>Email<\/a><\/li>\n                                        \t\t\t\t\t\t\t\t\t\t\n\t\t\t\t\t\t\t\t\t\t\t\t\t\t\t\t\t\t\t\t<li class=\"phone-box\"><i class=\"flaticon-emergency-call\"><\/i><a href=\"tel:975800875\">975800875<\/a><\/li>\n\t\t\t\t\t\t\t\t\t\t\t\t\t\t\t\t\t\t\t\t\n\t\t\t\t\t\t\t\t\t\t                                        \n                                            <ul class=\"share-links clearfix\">\n\t\t\t\t\t\t\t\t\t\t\t\t                                            <\/ul>\n                                        <\/li>\n\t\t\t\t\t\t\t\t\t\t                                    <\/ul>\n                                <\/div>\n                            <\/div>\n                        <\/div>\n                    <\/div>\n\t\t\t\t\t                <\/div>\n            <\/div>\n        <\/section>\n        <!-- team-section end -->\n\n        \t\t\t\t<\/div>\n\t\t\t\t<\/div>\n\t\t\t\t\t<\/div>\n\t\t<\/div>\n\t\t\t\t\t<\/div>\n\t\t<\/section>\n\t\t<div class=\"elementor-element elementor-element-394caf0 e-flex e-con-boxed wpr-particle-no wpr-jarallax-no wpr-parallax-no wpr-sticky-section-no e-con e-parent\" data-id=\"394caf0\" data-element_type=\"container\">\n\t\t\t\t\t<div class=\"e-con-inner\">\n\t\t\t\t\t<\/div>\n\t\t\t\t<\/div>\n\t\t\t\t<\/div>\n\t\t","protected":false},"excerpt":{"rendered":"<p>Buscas Informaci\u00f3n de&#8230; &nbsp;Medioambiente &nbsp; &nbsp; Plan Regulador &nbsp; &nbsp; Farmacia Municipal &nbsp; &nbsp; Punto Limpio &nbsp; &nbsp; Patentes Comerciales &nbsp; &nbsp; OIRS&nbsp; &nbsp; Documentos &nbsp; &nbsp; Asuntos Ind\u00edgenas &nbsp; Seguridad P\u00fablica &nbsp; &nbsp; Emergencias &nbsp; &nbsp; Tel\u00e9fonos &nbsp; Tenencia Responsable Pagos Online Concursos P\u00fablicos Actas del Concejo Concejo ONLINE \u00daltimas Noticias de la Comuna&nbsp; 16Abr\u201926 Municipal Avanzan importantes proyectos de infraestructura en Ovalle El alcalde de Ovalle, H\u00e9ctor Vega Campusano, junto a profesionales de la Secretar\u00eda de Planificaci\u00f3n Comunal (SECPLAN),&hellip; Luis Cort\u00e9s Zepeda 0 Comments 16Abr\u201926 Municipal Municipio de Ovalle invita a trekking familiar hacia el Cerro Las Antenas La jornada, organizada por el municipio de Ovalle, a trav\u00e9s de la Oficina de Deportes y Recreaci\u00f3n,&hellip; Luis Cort\u00e9s Zepeda 0 Comments 16Abr\u201926 Municipal Avanzan gestiones en materia de proyectos y sistema educacional en Ovalle El alcalde de Ovalle, H\u00e9ctor Vega Campusano se reuni\u00f3 con la ministra de Educaci\u00f3n, Mar\u00eda Paz Arzola,&hellip; Luis Cort\u00e9s Zepeda 0 Comments 16Abr\u201926 Municipal Se inaugur\u00f3 oficialmente el nuevo Skatepark de Ovalle Este espacio deportivo, que se habilit\u00f3 gracias a recursos del municipio de Ovalle, que alcanzaron los 107&hellip; Luis Cort\u00e9s Zepeda 0 Comments 16Abr\u201926 Municipal Programa Red Local de Apoyos y Cuidados de Ovalle crece de 31 a 261 usuarios: \u201cEstamos poniendo a la familia al centro\u201d En emotiva ceremonia, el municipio dio la bienvenida a 226 nuevas diadas, lo que representa un aumento&hellip; Luis Cort\u00e9s Zepeda 0 Comments 16Abr\u201926 Municipal Mesa \u201cEducaci\u00f3n Segura\u201d articula acciones frente a la violencia en establecimientos de Ovalle Con una alta convocatoria y una positiva disposici\u00f3n de los distintos actores involucrados, la jornada destac\u00f3 la&hellip; Luis Cort\u00e9s Zepeda 0 Comments Servicios Online Soluciones para todos Permisos de Circulaci\u00f3n Realiza tu pago Aqu\u00ed Licencias de Conducir Reserva de Hora ONLINE DOM digital Ingresa Aqu\u00ed Pago Derechos de Aseo Realiza tu pago Aqu\u00ed Pago Patente Comercial Realiza tu pago Aqu\u00ed Juzgado de Polic\u00eda Local Ingresa Aqu\u00ed Sitios Municipales TURISMO MEDIOAMBIENTE CULTURA PATRIMONIO TRANSPARENCIA Servicios Municipales Todos los Servicios Direcci\u00f3n Seguridad P\u00fablica Ir al Servicio Tenencia Responsable Ir al Servicio Tr\u00e1nsito y Transporte P\u00fablico Ir al Servicio Direcci\u00f3n de Aseo y Ornato Ir al Servicio Migrantes Ir al Servicio Juzgado de Polic\u00eda Ir al Servicio Rentas y Patentes Ir al Servicio Tr\u00e1mites Online Ir al Servicio Ovalle Informa Miembros del Concejo V\u00edctor Lara Ram\u00edrez Concejal Fono: 9 71668394Oficina: (53) 2 661329Email:vlaraconcejal@imovalle.cl Email 971668394 Fanny Vega Araya ConcejalaFono: 983074037Oficina: (53) 2661106Email: fanny.vega.araya@gmail.com Email Fono: 983074037 Institucional: \u2013 Oficina: (53) 2661106 Armando Mondaca Concejal Fono: 9 96628472 Oficina: (53) 2 661121 Email: armandomondaca2015@gmail.com Email Fono: &#8211; Oficina: (53) 2 661121 Ricardo Rojas ConcejalFono: 9 93230702Oficina: (53) 2 661115Email: rrojas@imovalle.cl Email 993230702 David \u00c1lvarez Lara Concejal Fono: 9 81548976Oficina: (53) 2 661328 Email: drdavidalvarez@hotmail.com Email 981548976 Cristian Rojas Molina ConcejalFono: 995351602Oficina: (53) 2661118Email: cristianrojasmolina@gmail.com Email Fono: 995351602 Oficina: V\u00edctor Venegas Aracena Concejal Fono: 9 56721224Oficina: (53) 2 661120 Email: concejalvictorvenegas@gmail.com Email 956721224 Teodosio Guerrero ConcejalFono: 9 75800875 Oficina: (53) 2 661254Email: tguerrero@imovalle.cl Email 975800875<\/p>\n","protected":false},"author":1,"featured_media":0,"parent":0,"menu_order":0,"comment_status":"closed","ping_status":"closed","template":"elementor_header_footer","meta":{"_vp_format_video_url":"","_vp_image_focal_point":[],"footnotes":""},"class_list":["post-1300","page","type-page","status-publish","hentry"],"_links":{"self":[{"href":"https:\/\/muniovalle.cl\/sitio\/wp-json\/wp\/v2\/pages\/1300","targetHints":{"allow":["GET"]}}],"collection":[{"href":"https:\/\/muniovalle.cl\/sitio\/wp-json\/wp\/v2\/pages"}],"about":[{"href":"https:\/\/muniovalle.cl\/sitio\/wp-json\/wp\/v2\/types\/page"}],"author":[{"embeddable":true,"href":"https:\/\/muniovalle.cl\/sitio\/wp-json\/wp\/v2\/users\/1"}],"replies":[{"embeddable":true,"href":"https:\/\/muniovalle.cl\/sitio\/wp-json\/wp\/v2\/comments?post=1300"}],"version-history":[{"count":1995,"href":"https:\/\/muniovalle.cl\/sitio\/wp-json\/wp\/v2\/pages\/1300\/revisions"}],"predecessor-version":[{"id":11942,"href":"https:\/\/muniovalle.cl\/sitio\/wp-json\/wp\/v2\/pages\/1300\/revisions\/11942"}],"wp:attachment":[{"href":"https:\/\/muniovalle.cl\/sitio\/wp-json\/wp\/v2\/media?parent=1300"}],"curies":[{"name":"wp","href":"https:\/\/api.w.org\/{rel}","templated":true}]}}